{"id":16520,"date":"2025-03-24T08:20:07","date_gmt":"2025-03-24T07:20:07","guid":{"rendered":"https:\/\/delices.lu\/villeroy-boch\/tischkultur\/teller-2\/"},"modified":"2025-03-24T08:20:07","modified_gmt":"2025-03-24T07:20:07","slug":"teller-2","status":"publish","type":"page","link":"https:\/\/delices.lu\/de\/villeroy-boch\/kunst-am-tisch\/teller-2\/","title":{"rendered":"Teller"},"content":{"rendered":"<div class=\"woocommerce columns-4 \"><ul class=\"products columns-4\">\n<li class=\"product type-product post-14853 status-publish first instock product_cat-art-de-la-table-de product_cat-bol-de product_cat-teller-de product_cat-villeroy-boch-de product_tag-blau product_tag-denim-de product_tag-hohle-platte product_tag-jeans-de has-post-thumbnail shipping-taxable purchasable product-type-simple\">\n\t<div class=\"es-product-thumb-wrapper\"><a href=\"https:\/\/delices.lu\/de\/produit\/crafted-denim-schuessel-780-ml-blau\/\" class=\"woocommerce-LoopProduct-link woocommerce-loop-product__link\"><img loading=\"lazy\" decoding=\"async\" width=\"300\" height=\"300\" src=\"https:\/\/i0.wp.com\/delices.lu\/wp-content\/uploads\/2023\/07\/1951681900_on_fs-m-1.jpg?resize=300%2C300&amp;quality=89&amp;ssl=1\" class=\"attachment-woocommerce_thumbnail size-woocommerce_thumbnail\" alt=\"Crafted Denim Sch\u00fcssel, 780 ml, blau\" srcset=\"https:\/\/i0.wp.com\/delices.lu\/wp-content\/uploads\/2023\/07\/1951681900_on_fs-m-1.jpg?w=620&amp;quality=89&amp;ssl=1 620w, https:\/\/i0.wp.com\/delices.lu\/wp-content\/uploads\/2023\/07\/1951681900_on_fs-m-1.jpg?resize=300%2C300&amp;quality=89&amp;ssl=1 300w, https:\/\/i0.wp.com\/delices.lu\/wp-content\/uploads\/2023\/07\/1951681900_on_fs-m-1.jpg?resize=150%2C150&amp;quality=89&amp;ssl=1 150w, https:\/\/i0.wp.com\/delices.lu\/wp-content\/uploads\/2023\/07\/1951681900_on_fs-m-1.jpg?resize=600%2C600&amp;quality=89&amp;ssl=1 600w, https:\/\/i0.wp.com\/delices.lu\/wp-content\/uploads\/2023\/07\/1951681900_on_fs-m-1.jpg?resize=100%2C100&amp;quality=89&amp;ssl=1 100w\" sizes=\"auto, (max-width: 300px) 100vw, 300px\" \/><\/a><div class=\"es-product-buttons-wrap\"><a href=\"\/de\/wp-json\/wp\/v2\/pages\/16520?add-to-cart=14853\" data-quantity=\"1\" class=\"button product_type_simple add_to_cart_button ajax_add_to_cart\" data-product_id=\"14853\" data-product_sku=\"1951681900\" aria-label=\"In den Warenkorb legen: \u201eCrafted Denim Sch\u00fcssel, 780 ml, blau\u201c\" rel=\"nofollow\"><span class=\"es-cart-btn\">Zum Warenkorb hinzuf\u00fcgen<\/span><\/a><a href=\"#\" id=\"sp-wqv-view-button\" class=\"button sp-wqv-view-button after_add_to_cart\" data-id=\"14853\" data-effect=\"mfp-zoom-in\" data-wqv='{\"close_button\": 1, \"ajax_cart\": 1, \"image_title\" : false, \"lightbox\": 0,\"preloader\": 1,\"preloader_label\": \"Loading...\" } '>Quick View<\/a>\t<span id=\"woocommerce_loop_add_to_cart_link_describedby_14853\" class=\"screen-reader-text\">\n\t\t\t<\/span>\n\t\t<a href=\"\/de\/wp-json\/wp\/v2\/pages\/16520?add_to_wishlist=14853\" rel=\"nofollow\" data-product-id=\"14853\" data-product-type=\"simple\" class=\"add_to_wishlist\" >\r\n\t\t\t<span class=\"es-wish-btn\">Zum Wunschzettel hinzuf\u00fcgen<\/span>\t\t<\/a>\r\n\t<a href=\"#\" class=\"button yith-wcqv-button\" data-product_id=\"14853\">Vue Rapide<\/a><a href=\"https:\/\/delices.lu\/de\/produit\/crafted-denim-schuessel-780-ml-blau\/\" class=\"woocommerce-LoopProduct-link es-woo-product-link woocommerce-loop-product__link\"><span class=\"es-product-link\"><i class=\"fa fa-link\"><\/i><\/span> Details<\/a><\/div><!-- .es-product-buttons-wrap --><\/div><!-- .es-product-thumb-wrapper --><div class=\"es-product-title-wrap\"><a href=\"https:\/\/delices.lu\/de\/produit\/crafted-denim-schuessel-780-ml-blau\/\"><h2 class=\"woocommerce-loop-product__title\">Crafted Denim Sch\u00fcssel, 780 ml, blau<\/h2> <\/a>\n\t<span class=\"price\"><span class=\"woocommerce-Price-amount amount\"><bdi><span class=\"woocommerce-Price-currencySymbol\">&euro;<\/span>18.90<\/bdi><\/span><\/span>\n<\/div><!-- .es-product-title-wrap --><\/li>\n<li class=\"product type-product post-14877 status-publish instock product_cat-art-de-la-table-de product_cat-teller-de product_cat-villeroy-boch-de product_tag-crafted-breeze-de product_tag-grun-de product_tag-hohle-platte has-post-thumbnail shipping-taxable purchasable product-type-simple\">\n\t<div class=\"es-product-thumb-wrapper\"><a href=\"https:\/\/delices.lu\/de\/produit\/crafted-breeze-tiefe-schale-780-ml-gruen\/\" class=\"woocommerce-LoopProduct-link woocommerce-loop-product__link\"><img loading=\"lazy\" decoding=\"async\" width=\"300\" height=\"300\" src=\"https:\/\/i0.wp.com\/delices.lu\/wp-content\/uploads\/2023\/06\/1951671900_1951672610_on_use-1.jpg?resize=300%2C300&amp;quality=89&amp;ssl=1\" class=\"attachment-woocommerce_thumbnail size-woocommerce_thumbnail\" alt=\"Crafted Breeze - tiefe Schale, 780 ml, gr\u00fcn\" srcset=\"https:\/\/i0.wp.com\/delices.lu\/wp-content\/uploads\/2023\/06\/1951671900_1951672610_on_use-1.jpg?w=620&amp;quality=89&amp;ssl=1 620w, https:\/\/i0.wp.com\/delices.lu\/wp-content\/uploads\/2023\/06\/1951671900_1951672610_on_use-1.jpg?resize=300%2C300&amp;quality=89&amp;ssl=1 300w, https:\/\/i0.wp.com\/delices.lu\/wp-content\/uploads\/2023\/06\/1951671900_1951672610_on_use-1.jpg?resize=150%2C150&amp;quality=89&amp;ssl=1 150w, https:\/\/i0.wp.com\/delices.lu\/wp-content\/uploads\/2023\/06\/1951671900_1951672610_on_use-1.jpg?resize=600%2C600&amp;quality=89&amp;ssl=1 600w, https:\/\/i0.wp.com\/delices.lu\/wp-content\/uploads\/2023\/06\/1951671900_1951672610_on_use-1.jpg?resize=100%2C100&amp;quality=89&amp;ssl=1 100w\" sizes=\"auto, (max-width: 300px) 100vw, 300px\" \/><\/a><div class=\"es-product-buttons-wrap\"><a href=\"\/de\/wp-json\/wp\/v2\/pages\/16520?add-to-cart=14877\" data-quantity=\"1\" class=\"button product_type_simple add_to_cart_button ajax_add_to_cart\" data-product_id=\"14877\" data-product_sku=\"1951671900\" aria-label=\"In den Warenkorb legen: \u201eCrafted Breeze - tiefe Schale, 780 ml, gr\u00fcn\u201c\" rel=\"nofollow\"><span class=\"es-cart-btn\">Zum Warenkorb hinzuf\u00fcgen<\/span><\/a><a href=\"#\" id=\"sp-wqv-view-button\" class=\"button sp-wqv-view-button after_add_to_cart\" data-id=\"14877\" data-effect=\"mfp-zoom-in\" data-wqv='{\"close_button\": 1, \"ajax_cart\": 1, \"image_title\" : false, \"lightbox\": 0,\"preloader\": 1,\"preloader_label\": \"Loading...\" } '>Quick View<\/a>\t<span id=\"woocommerce_loop_add_to_cart_link_describedby_14877\" class=\"screen-reader-text\">\n\t\t\t<\/span>\n\t\t<a href=\"\/de\/wp-json\/wp\/v2\/pages\/16520?add_to_wishlist=14877\" rel=\"nofollow\" data-product-id=\"14877\" data-product-type=\"simple\" class=\"add_to_wishlist\" >\r\n\t\t\t<span class=\"es-wish-btn\">Zum Wunschzettel hinzuf\u00fcgen<\/span>\t\t<\/a>\r\n\t<a href=\"#\" class=\"button yith-wcqv-button\" data-product_id=\"14877\">Vue Rapide<\/a><a href=\"https:\/\/delices.lu\/de\/produit\/crafted-breeze-tiefe-schale-780-ml-gruen\/\" class=\"woocommerce-LoopProduct-link es-woo-product-link woocommerce-loop-product__link\"><span class=\"es-product-link\"><i class=\"fa fa-link\"><\/i><\/span> Details<\/a><\/div><!-- .es-product-buttons-wrap --><\/div><!-- .es-product-thumb-wrapper --><div class=\"es-product-title-wrap\"><a href=\"https:\/\/delices.lu\/de\/produit\/crafted-breeze-tiefe-schale-780-ml-gruen\/\"><h2 class=\"woocommerce-loop-product__title\">Crafted Breeze &#8211; tiefe Schale, 780 ml, gr\u00fcn<\/h2> <\/a>\n\t<span class=\"price\"><span class=\"woocommerce-Price-amount amount\"><bdi><span class=\"woocommerce-Price-currencySymbol\">&euro;<\/span>18.90<\/bdi><\/span><\/span>\n<\/div><!-- .es-product-title-wrap --><\/li>\n<li class=\"product type-product post-15931 status-publish instock product_cat-art-de-la-table-de product_cat-coupe-de product_cat-dekoration product_cat-teller product_cat-teller-de product_cat-villeroy-boch-de product_cat-weihnachten product_tag-coupe-de product_tag-rot product_tag-stiefel product_tag-teller-de product_tag-teller product_tag-weihnachtsdekorationen has-post-thumbnail shipping-taxable purchasable product-type-simple\">\n\t<div class=\"es-product-thumb-wrapper\"><a href=\"https:\/\/delices.lu\/de\/produit\/kleiner-stiefelschnitt\/\" class=\"woocommerce-LoopProduct-link woocommerce-loop-product__link\"><img loading=\"lazy\" decoding=\"async\" width=\"300\" height=\"300\" src=\"https:\/\/i0.wp.com\/delices.lu\/wp-content\/uploads\/2024\/06\/1483323685_A_on.jpg?resize=300%2C300&amp;quality=89&amp;ssl=1\" class=\"attachment-woocommerce_thumbnail size-woocommerce_thumbnail\" alt=\"Kleiner Stiefelschnitt\" srcset=\"https:\/\/i0.wp.com\/delices.lu\/wp-content\/uploads\/2024\/06\/1483323685_A_on.jpg?w=620&amp;quality=89&amp;ssl=1 620w, https:\/\/i0.wp.com\/delices.lu\/wp-content\/uploads\/2024\/06\/1483323685_A_on.jpg?resize=300%2C300&amp;quality=89&amp;ssl=1 300w, https:\/\/i0.wp.com\/delices.lu\/wp-content\/uploads\/2024\/06\/1483323685_A_on.jpg?resize=150%2C150&amp;quality=89&amp;ssl=1 150w, https:\/\/i0.wp.com\/delices.lu\/wp-content\/uploads\/2024\/06\/1483323685_A_on.jpg?resize=600%2C600&amp;quality=89&amp;ssl=1 600w, https:\/\/i0.wp.com\/delices.lu\/wp-content\/uploads\/2024\/06\/1483323685_A_on.jpg?resize=100%2C100&amp;quality=89&amp;ssl=1 100w\" sizes=\"auto, (max-width: 300px) 100vw, 300px\" \/><\/a><div class=\"es-product-buttons-wrap\"><a href=\"\/de\/wp-json\/wp\/v2\/pages\/16520?add-to-cart=15931\" data-quantity=\"1\" class=\"button product_type_simple add_to_cart_button ajax_add_to_cart\" data-product_id=\"15931\" data-product_sku=\"1483323685\" aria-label=\"In den Warenkorb legen: \u201eKleiner Stiefelschnitt\u201c\" rel=\"nofollow\"><span class=\"es-cart-btn\">Zum Warenkorb hinzuf\u00fcgen<\/span><\/a><a href=\"#\" id=\"sp-wqv-view-button\" class=\"button sp-wqv-view-button after_add_to_cart\" data-id=\"15931\" data-effect=\"mfp-zoom-in\" data-wqv='{\"close_button\": 1, \"ajax_cart\": 1, \"image_title\" : false, \"lightbox\": 0,\"preloader\": 1,\"preloader_label\": \"Loading...\" } '>Quick View<\/a>\t<span id=\"woocommerce_loop_add_to_cart_link_describedby_15931\" class=\"screen-reader-text\">\n\t\t\t<\/span>\n\t\t<a href=\"\/de\/wp-json\/wp\/v2\/pages\/16520?add_to_wishlist=15931\" rel=\"nofollow\" data-product-id=\"15931\" data-product-type=\"simple\" class=\"add_to_wishlist\" >\r\n\t\t\t<span class=\"es-wish-btn\">Zum Wunschzettel hinzuf\u00fcgen<\/span>\t\t<\/a>\r\n\t<a href=\"#\" class=\"button yith-wcqv-button\" data-product_id=\"15931\">Vue Rapide<\/a><a href=\"https:\/\/delices.lu\/de\/produit\/kleiner-stiefelschnitt\/\" class=\"woocommerce-LoopProduct-link es-woo-product-link woocommerce-loop-product__link\"><span class=\"es-product-link\"><i class=\"fa fa-link\"><\/i><\/span> Details<\/a><\/div><!-- .es-product-buttons-wrap --><\/div><!-- .es-product-thumb-wrapper --><div class=\"es-product-title-wrap\"><a href=\"https:\/\/delices.lu\/de\/produit\/kleiner-stiefelschnitt\/\"><h2 class=\"woocommerce-loop-product__title\">Kleiner Stiefelschnitt<\/h2> <\/a>\n\t<span class=\"price\"><span class=\"woocommerce-Price-amount amount\"><bdi><span class=\"woocommerce-Price-currencySymbol\">&euro;<\/span>24.90<\/bdi><\/span><\/span>\n<\/div><!-- .es-product-title-wrap --><\/li>\n<li class=\"product type-product post-15964 status-publish last instock product_cat-art-de-la-table-de product_cat-coupe-de product_cat-dekoration product_cat-teller product_cat-teller-de product_cat-villeroy-boch-de product_cat-weihnachten product_tag-coupe-de product_tag-teller product_tag-teller-de product_tag-weihnachtsdekorationen has-post-thumbnail shipping-taxable purchasable product-type-simple\">\n\t<div class=\"es-product-thumb-wrapper\"><a href=\"https:\/\/delices.lu\/de\/produit\/kleine-schale-mit-voegeln\/\" class=\"woocommerce-LoopProduct-link woocommerce-loop-product__link\"><img loading=\"lazy\" decoding=\"async\" width=\"300\" height=\"300\" src=\"https:\/\/i0.wp.com\/delices.lu\/wp-content\/uploads\/2024\/06\/1483323687_A_on.jpg?resize=300%2C300&amp;quality=89&amp;ssl=1\" class=\"attachment-woocommerce_thumbnail size-woocommerce_thumbnail\" alt=\"Kleine Schale mit V\u00f6geln\" srcset=\"https:\/\/i0.wp.com\/delices.lu\/wp-content\/uploads\/2024\/06\/1483323687_A_on.jpg?w=620&amp;quality=89&amp;ssl=1 620w, https:\/\/i0.wp.com\/delices.lu\/wp-content\/uploads\/2024\/06\/1483323687_A_on.jpg?resize=300%2C300&amp;quality=89&amp;ssl=1 300w, https:\/\/i0.wp.com\/delices.lu\/wp-content\/uploads\/2024\/06\/1483323687_A_on.jpg?resize=150%2C150&amp;quality=89&amp;ssl=1 150w, https:\/\/i0.wp.com\/delices.lu\/wp-content\/uploads\/2024\/06\/1483323687_A_on.jpg?resize=600%2C600&amp;quality=89&amp;ssl=1 600w, https:\/\/i0.wp.com\/delices.lu\/wp-content\/uploads\/2024\/06\/1483323687_A_on.jpg?resize=100%2C100&amp;quality=89&amp;ssl=1 100w\" sizes=\"auto, (max-width: 300px) 100vw, 300px\" \/><\/a><div class=\"es-product-buttons-wrap\"><a href=\"\/de\/wp-json\/wp\/v2\/pages\/16520?add-to-cart=15964\" data-quantity=\"1\" class=\"button product_type_simple add_to_cart_button ajax_add_to_cart\" data-product_id=\"15964\" data-product_sku=\"1483323687\" aria-label=\"In den Warenkorb legen: \u201eKleine Schale mit V\u00f6geln\u201c\" rel=\"nofollow\"><span class=\"es-cart-btn\">Zum Warenkorb hinzuf\u00fcgen<\/span><\/a><a href=\"#\" id=\"sp-wqv-view-button\" class=\"button sp-wqv-view-button after_add_to_cart\" data-id=\"15964\" data-effect=\"mfp-zoom-in\" data-wqv='{\"close_button\": 1, \"ajax_cart\": 1, \"image_title\" : false, \"lightbox\": 0,\"preloader\": 1,\"preloader_label\": \"Loading...\" } '>Quick View<\/a>\t<span id=\"woocommerce_loop_add_to_cart_link_describedby_15964\" class=\"screen-reader-text\">\n\t\t\t<\/span>\n\t\t<a href=\"\/de\/wp-json\/wp\/v2\/pages\/16520?add_to_wishlist=15964\" rel=\"nofollow\" data-product-id=\"15964\" data-product-type=\"simple\" class=\"add_to_wishlist\" >\r\n\t\t\t<span class=\"es-wish-btn\">Zum Wunschzettel hinzuf\u00fcgen<\/span>\t\t<\/a>\r\n\t<a href=\"#\" class=\"button yith-wcqv-button\" data-product_id=\"15964\">Vue Rapide<\/a><a href=\"https:\/\/delices.lu\/de\/produit\/kleine-schale-mit-voegeln\/\" class=\"woocommerce-LoopProduct-link es-woo-product-link woocommerce-loop-product__link\"><span class=\"es-product-link\"><i class=\"fa fa-link\"><\/i><\/span> Details<\/a><\/div><!-- .es-product-buttons-wrap --><\/div><!-- .es-product-thumb-wrapper --><div class=\"es-product-title-wrap\"><a href=\"https:\/\/delices.lu\/de\/produit\/kleine-schale-mit-voegeln\/\"><h2 class=\"woocommerce-loop-product__title\">Kleine Schale mit V\u00f6geln<\/h2> <\/a>\n\t<span class=\"price\"><span class=\"woocommerce-Price-amount amount\"><bdi><span class=\"woocommerce-Price-currencySymbol\">&euro;<\/span>24.90<\/bdi><\/span><\/span>\n<\/div><!-- .es-product-title-wrap --><\/li>\n<li class=\"product type-product post-16073 status-publish first instock product_cat-art-de-la-table-de product_cat-coupe-de product_cat-teller-de product_cat-villeroy-boch-de product_tag-afina-de product_tag-coupe-de product_tag-salatschussel product_tag-weis has-post-thumbnail shipping-taxable purchasable product-type-simple\">\n\t<div class=\"es-product-thumb-wrapper\"><a href=\"https:\/\/delices.lu\/de\/produit\/afina-salatschuessel-suppenschuessel-1-l\/\" class=\"woocommerce-LoopProduct-link woocommerce-loop-product__link\"><img loading=\"lazy\" decoding=\"async\" width=\"300\" height=\"300\" src=\"https:\/\/i0.wp.com\/delices.lu\/wp-content\/uploads\/2024\/04\/1042933180_1042932620_on_mil-1.jpg?resize=300%2C300&amp;quality=89&amp;ssl=1\" class=\"attachment-woocommerce_thumbnail size-woocommerce_thumbnail\" alt=\"Afina - Salatsch\u00fcssel \/ Suppensch\u00fcssel 1 l\" srcset=\"https:\/\/i0.wp.com\/delices.lu\/wp-content\/uploads\/2024\/04\/1042933180_1042932620_on_mil-1.jpg?w=620&amp;quality=89&amp;ssl=1 620w, https:\/\/i0.wp.com\/delices.lu\/wp-content\/uploads\/2024\/04\/1042933180_1042932620_on_mil-1.jpg?resize=300%2C300&amp;quality=89&amp;ssl=1 300w, https:\/\/i0.wp.com\/delices.lu\/wp-content\/uploads\/2024\/04\/1042933180_1042932620_on_mil-1.jpg?resize=150%2C150&amp;quality=89&amp;ssl=1 150w, https:\/\/i0.wp.com\/delices.lu\/wp-content\/uploads\/2024\/04\/1042933180_1042932620_on_mil-1.jpg?resize=600%2C600&amp;quality=89&amp;ssl=1 600w, https:\/\/i0.wp.com\/delices.lu\/wp-content\/uploads\/2024\/04\/1042933180_1042932620_on_mil-1.jpg?resize=100%2C100&amp;quality=89&amp;ssl=1 100w\" sizes=\"auto, (max-width: 300px) 100vw, 300px\" \/><\/a><div class=\"es-product-buttons-wrap\"><a href=\"\/de\/wp-json\/wp\/v2\/pages\/16520?add-to-cart=16073\" data-quantity=\"1\" class=\"button product_type_simple add_to_cart_button ajax_add_to_cart\" data-product_id=\"16073\" data-product_sku=\"1042933180\" aria-label=\"In den Warenkorb legen: \u201eAfina - Salatsch\u00fcssel \/ Suppensch\u00fcssel 1 l\u201c\" rel=\"nofollow\"><span class=\"es-cart-btn\">Zum Warenkorb hinzuf\u00fcgen<\/span><\/a><a href=\"#\" id=\"sp-wqv-view-button\" class=\"button sp-wqv-view-button after_add_to_cart\" data-id=\"16073\" data-effect=\"mfp-zoom-in\" data-wqv='{\"close_button\": 1, \"ajax_cart\": 1, \"image_title\" : false, \"lightbox\": 0,\"preloader\": 1,\"preloader_label\": \"Loading...\" } '>Quick View<\/a>\t<span id=\"woocommerce_loop_add_to_cart_link_describedby_16073\" class=\"screen-reader-text\">\n\t\t\t<\/span>\n\t\t<a href=\"\/de\/wp-json\/wp\/v2\/pages\/16520?add_to_wishlist=16073\" rel=\"nofollow\" data-product-id=\"16073\" data-product-type=\"simple\" class=\"add_to_wishlist\" >\r\n\t\t\t<span class=\"es-wish-btn\">Zum Wunschzettel hinzuf\u00fcgen<\/span>\t\t<\/a>\r\n\t<a href=\"#\" class=\"button yith-wcqv-button\" data-product_id=\"16073\">Vue Rapide<\/a><a href=\"https:\/\/delices.lu\/de\/produit\/afina-salatschuessel-suppenschuessel-1-l\/\" class=\"woocommerce-LoopProduct-link es-woo-product-link woocommerce-loop-product__link\"><span class=\"es-product-link\"><i class=\"fa fa-link\"><\/i><\/span> Details<\/a><\/div><!-- .es-product-buttons-wrap --><\/div><!-- .es-product-thumb-wrapper --><div class=\"es-product-title-wrap\"><a href=\"https:\/\/delices.lu\/de\/produit\/afina-salatschuessel-suppenschuessel-1-l\/\"><h2 class=\"woocommerce-loop-product__title\">Afina &#8211; Salatsch\u00fcssel \/ Suppensch\u00fcssel 1 l<\/h2> <\/a>\n\t<span class=\"price\"><span class=\"woocommerce-Price-amount amount\"><bdi><span class=\"woocommerce-Price-currencySymbol\">&euro;<\/span>24.90<\/bdi><\/span><\/span>\n<\/div><!-- .es-product-title-wrap --><\/li>\n<li class=\"product type-product post-16093 status-publish instock product_cat-art-de-la-table-de product_cat-coupe-de product_cat-schussel product_cat-teller-de product_cat-villeroy-boch-de product_tag-afina-de product_tag-coupe-de product_tag-schussel product_tag-teller-de product_tag-weis has-post-thumbnail shipping-taxable purchasable product-type-simple\">\n\t<div class=\"es-product-thumb-wrapper\"><a href=\"https:\/\/delices.lu\/de\/produit\/afina-schale-flache-schale-25-cm-o\/\" class=\"woocommerce-LoopProduct-link woocommerce-loop-product__link\"><img loading=\"lazy\" decoding=\"async\" width=\"300\" height=\"300\" src=\"https:\/\/i0.wp.com\/delices.lu\/wp-content\/uploads\/2024\/04\/1042932700_on_mil-1.jpg?resize=300%2C300&amp;quality=89&amp;ssl=1\" class=\"attachment-woocommerce_thumbnail size-woocommerce_thumbnail\" alt=\"Afina - Schale \/ flache Schale 25 cm \u00f8\" srcset=\"https:\/\/i0.wp.com\/delices.lu\/wp-content\/uploads\/2024\/04\/1042932700_on_mil-1.jpg?w=620&amp;quality=89&amp;ssl=1 620w, https:\/\/i0.wp.com\/delices.lu\/wp-content\/uploads\/2024\/04\/1042932700_on_mil-1.jpg?resize=300%2C300&amp;quality=89&amp;ssl=1 300w, https:\/\/i0.wp.com\/delices.lu\/wp-content\/uploads\/2024\/04\/1042932700_on_mil-1.jpg?resize=150%2C150&amp;quality=89&amp;ssl=1 150w, https:\/\/i0.wp.com\/delices.lu\/wp-content\/uploads\/2024\/04\/1042932700_on_mil-1.jpg?resize=600%2C600&amp;quality=89&amp;ssl=1 600w, https:\/\/i0.wp.com\/delices.lu\/wp-content\/uploads\/2024\/04\/1042932700_on_mil-1.jpg?resize=100%2C100&amp;quality=89&amp;ssl=1 100w\" sizes=\"auto, (max-width: 300px) 100vw, 300px\" \/><\/a><div class=\"es-product-buttons-wrap\"><a href=\"\/de\/wp-json\/wp\/v2\/pages\/16520?add-to-cart=16093\" data-quantity=\"1\" class=\"button product_type_simple add_to_cart_button ajax_add_to_cart\" data-product_id=\"16093\" data-product_sku=\"1042932700\" aria-label=\"In den Warenkorb legen: \u201eAfina - Schale \/ flache Schale 25 cm \u00f8\u201c\" rel=\"nofollow\"><span class=\"es-cart-btn\">Zum Warenkorb hinzuf\u00fcgen<\/span><\/a><a href=\"#\" id=\"sp-wqv-view-button\" class=\"button sp-wqv-view-button after_add_to_cart\" data-id=\"16093\" data-effect=\"mfp-zoom-in\" data-wqv='{\"close_button\": 1, \"ajax_cart\": 1, \"image_title\" : false, \"lightbox\": 0,\"preloader\": 1,\"preloader_label\": \"Loading...\" } '>Quick View<\/a>\t<span id=\"woocommerce_loop_add_to_cart_link_describedby_16093\" class=\"screen-reader-text\">\n\t\t\t<\/span>\n\t\t<a href=\"\/de\/wp-json\/wp\/v2\/pages\/16520?add_to_wishlist=16093\" rel=\"nofollow\" data-product-id=\"16093\" data-product-type=\"simple\" class=\"add_to_wishlist\" >\r\n\t\t\t<span class=\"es-wish-btn\">Zum Wunschzettel hinzuf\u00fcgen<\/span>\t\t<\/a>\r\n\t<a href=\"#\" class=\"button yith-wcqv-button\" data-product_id=\"16093\">Vue Rapide<\/a><a href=\"https:\/\/delices.lu\/de\/produit\/afina-schale-flache-schale-25-cm-o\/\" class=\"woocommerce-LoopProduct-link es-woo-product-link woocommerce-loop-product__link\"><span class=\"es-product-link\"><i class=\"fa fa-link\"><\/i><\/span> Details<\/a><\/div><!-- .es-product-buttons-wrap --><\/div><!-- .es-product-thumb-wrapper --><div class=\"es-product-title-wrap\"><a href=\"https:\/\/delices.lu\/de\/produit\/afina-schale-flache-schale-25-cm-o\/\"><h2 class=\"woocommerce-loop-product__title\">Afina &#8211; Schale \/ flache Schale 25 cm \u00f8<\/h2> <\/a>\n\t<span class=\"price\"><span class=\"woocommerce-Price-amount amount\"><bdi><span class=\"woocommerce-Price-currencySymbol\">&euro;<\/span>24.90<\/bdi><\/span><\/span>\n<\/div><!-- .es-product-title-wrap --><\/li>\n<li class=\"product type-product post-16228 status-publish instock product_cat-art-de-la-table-de product_cat-coupe-de product_cat-dekoration product_cat-teller-de product_cat-teller product_cat-villeroy-boch-de product_cat-weihnachten product_tag-decoration-de product_tag-hohle-platte product_tag-teller-de product_tag-teller product_tag-weihnachtsdekorationen has-post-thumbnail shipping-taxable purchasable product-type-simple\">\n\t<div class=\"es-product-thumb-wrapper\"><a href=\"https:\/\/delices.lu\/de\/produit\/grosser-pokal-schlittenfahrt\/\" class=\"woocommerce-LoopProduct-link woocommerce-loop-product__link\"><img loading=\"lazy\" decoding=\"async\" width=\"300\" height=\"300\" src=\"https:\/\/i0.wp.com\/delices.lu\/wp-content\/uploads\/2024\/06\/1483323636_on_mil-1.jpg?resize=300%2C300&amp;quality=89&amp;ssl=1\" class=\"attachment-woocommerce_thumbnail size-woocommerce_thumbnail\" alt=\"Gro\u00dfer Pokal, Schlittenfahrt\" srcset=\"https:\/\/i0.wp.com\/delices.lu\/wp-content\/uploads\/2024\/06\/1483323636_on_mil-1.jpg?w=620&amp;quality=89&amp;ssl=1 620w, https:\/\/i0.wp.com\/delices.lu\/wp-content\/uploads\/2024\/06\/1483323636_on_mil-1.jpg?resize=300%2C300&amp;quality=89&amp;ssl=1 300w, https:\/\/i0.wp.com\/delices.lu\/wp-content\/uploads\/2024\/06\/1483323636_on_mil-1.jpg?resize=150%2C150&amp;quality=89&amp;ssl=1 150w, https:\/\/i0.wp.com\/delices.lu\/wp-content\/uploads\/2024\/06\/1483323636_on_mil-1.jpg?resize=600%2C600&amp;quality=89&amp;ssl=1 600w, https:\/\/i0.wp.com\/delices.lu\/wp-content\/uploads\/2024\/06\/1483323636_on_mil-1.jpg?resize=100%2C100&amp;quality=89&amp;ssl=1 100w\" sizes=\"auto, (max-width: 300px) 100vw, 300px\" \/><\/a><div class=\"es-product-buttons-wrap\"><a href=\"\/de\/wp-json\/wp\/v2\/pages\/16520?add-to-cart=16228\" data-quantity=\"1\" class=\"button product_type_simple add_to_cart_button ajax_add_to_cart\" data-product_id=\"16228\" data-product_sku=\"1483323636\" aria-label=\"In den Warenkorb legen: \u201eGro\u00dfer Pokal, Schlittenfahrt\u201c\" rel=\"nofollow\"><span class=\"es-cart-btn\">Zum Warenkorb hinzuf\u00fcgen<\/span><\/a><a href=\"#\" id=\"sp-wqv-view-button\" class=\"button sp-wqv-view-button after_add_to_cart\" data-id=\"16228\" data-effect=\"mfp-zoom-in\" data-wqv='{\"close_button\": 1, \"ajax_cart\": 1, \"image_title\" : false, \"lightbox\": 0,\"preloader\": 1,\"preloader_label\": \"Loading...\" } '>Quick View<\/a>\t<span id=\"woocommerce_loop_add_to_cart_link_describedby_16228\" class=\"screen-reader-text\">\n\t\t\t<\/span>\n\t\t<a href=\"\/de\/wp-json\/wp\/v2\/pages\/16520?add_to_wishlist=16228\" rel=\"nofollow\" data-product-id=\"16228\" data-product-type=\"simple\" class=\"add_to_wishlist\" >\r\n\t\t\t<span class=\"es-wish-btn\">Zum Wunschzettel hinzuf\u00fcgen<\/span>\t\t<\/a>\r\n\t<a href=\"#\" class=\"button yith-wcqv-button\" data-product_id=\"16228\">Vue Rapide<\/a><a href=\"https:\/\/delices.lu\/de\/produit\/grosser-pokal-schlittenfahrt\/\" class=\"woocommerce-LoopProduct-link es-woo-product-link woocommerce-loop-product__link\"><span class=\"es-product-link\"><i class=\"fa fa-link\"><\/i><\/span> Details<\/a><\/div><!-- .es-product-buttons-wrap --><\/div><!-- .es-product-thumb-wrapper --><div class=\"es-product-title-wrap\"><a href=\"https:\/\/delices.lu\/de\/produit\/grosser-pokal-schlittenfahrt\/\"><h2 class=\"woocommerce-loop-product__title\">Gro\u00dfer Pokal, Schlittenfahrt<\/h2> <\/a>\n\t<span class=\"price\"><span class=\"woocommerce-Price-amount amount\"><bdi><span class=\"woocommerce-Price-currencySymbol\">&euro;<\/span>24.90<\/bdi><\/span><\/span>\n<\/div><!-- .es-product-title-wrap --><\/li>\n<li class=\"product type-product post-17089 status-publish last instock product_cat-coupe-de product_cat-dekoration product_cat-teller-de product_cat-villeroy-boch-de product_cat-weihnachten product_cat-winter product_tag-coupe-de product_tag-decoration-de product_tag-dekorativer-schnitt product_tag-stern product_tag-teller-de has-post-thumbnail shipping-taxable purchasable product-type-simple\">\n\t<div class=\"es-product-thumb-wrapper\"><a href=\"https:\/\/delices.lu\/de\/produit\/winter-bakery-delight-schale-tannenbaumform-s\/\" class=\"woocommerce-LoopProduct-link woocommerce-loop-product__link\"><img loading=\"lazy\" decoding=\"async\" width=\"300\" height=\"300\" src=\"https:\/\/i0.wp.com\/delices.lu\/wp-content\/uploads\/2024\/06\/1486123870_on_fs-m-2.jpg?resize=300%2C300&amp;quality=89&amp;ssl=1\" class=\"attachment-woocommerce_thumbnail size-woocommerce_thumbnail\" alt=\"Winter Bakery Delight - Schale, Tannenbaumform, S\" srcset=\"https:\/\/i0.wp.com\/delices.lu\/wp-content\/uploads\/2024\/06\/1486123870_on_fs-m-2.jpg?w=400&amp;quality=89&amp;ssl=1 400w, https:\/\/i0.wp.com\/delices.lu\/wp-content\/uploads\/2024\/06\/1486123870_on_fs-m-2.jpg?resize=300%2C300&amp;quality=89&amp;ssl=1 300w, https:\/\/i0.wp.com\/delices.lu\/wp-content\/uploads\/2024\/06\/1486123870_on_fs-m-2.jpg?resize=150%2C150&amp;quality=89&amp;ssl=1 150w, https:\/\/i0.wp.com\/delices.lu\/wp-content\/uploads\/2024\/06\/1486123870_on_fs-m-2.jpg?resize=100%2C100&amp;quality=89&amp;ssl=1 100w\" sizes=\"auto, (max-width: 300px) 100vw, 300px\" \/><\/a><div class=\"es-product-buttons-wrap\"><a href=\"\/de\/wp-json\/wp\/v2\/pages\/16520?add-to-cart=17089\" data-quantity=\"1\" class=\"button product_type_simple add_to_cart_button ajax_add_to_cart\" data-product_id=\"17089\" data-product_sku=\"1486123870\" aria-label=\"In den Warenkorb legen: \u201eWinter Bakery Delight - Schale, Tannenbaumform, S\u201c\" rel=\"nofollow\"><span class=\"es-cart-btn\">Zum Warenkorb hinzuf\u00fcgen<\/span><\/a><a href=\"#\" id=\"sp-wqv-view-button\" class=\"button sp-wqv-view-button after_add_to_cart\" data-id=\"17089\" data-effect=\"mfp-zoom-in\" data-wqv='{\"close_button\": 1, \"ajax_cart\": 1, \"image_title\" : false, \"lightbox\": 0,\"preloader\": 1,\"preloader_label\": \"Loading...\" } '>Quick View<\/a>\t<span id=\"woocommerce_loop_add_to_cart_link_describedby_17089\" class=\"screen-reader-text\">\n\t\t\t<\/span>\n\t\t<a href=\"\/de\/wp-json\/wp\/v2\/pages\/16520?add_to_wishlist=17089\" rel=\"nofollow\" data-product-id=\"17089\" data-product-type=\"simple\" class=\"add_to_wishlist\" >\r\n\t\t\t<span class=\"es-wish-btn\">Zum Wunschzettel hinzuf\u00fcgen<\/span>\t\t<\/a>\r\n\t<a href=\"#\" class=\"button yith-wcqv-button\" data-product_id=\"17089\">Vue Rapide<\/a><a href=\"https:\/\/delices.lu\/de\/produit\/winter-bakery-delight-schale-tannenbaumform-s\/\" class=\"woocommerce-LoopProduct-link es-woo-product-link woocommerce-loop-product__link\"><span class=\"es-product-link\"><i class=\"fa fa-link\"><\/i><\/span> Details<\/a><\/div><!-- .es-product-buttons-wrap --><\/div><!-- .es-product-thumb-wrapper --><div class=\"es-product-title-wrap\"><a href=\"https:\/\/delices.lu\/de\/produit\/winter-bakery-delight-schale-tannenbaumform-s\/\"><h2 class=\"woocommerce-loop-product__title\">Winter Bakery Delight &#8211; Schale, Tannenbaumform, S<\/h2> <\/a>\n\t<span class=\"price\"><span class=\"woocommerce-Price-amount amount\"><bdi><span class=\"woocommerce-Price-currencySymbol\">&euro;<\/span>24.90<\/bdi><\/span><\/span>\n<\/div><!-- .es-product-title-wrap --><\/li>\n<li class=\"product type-product post-14465 status-publish first instock product_cat-art-de-la-table-de product_cat-schussel product_cat-teller-de product_cat-teller product_cat-villeroy-boch-de product_tag-plarteau-de product_tag-prasentation product_tag-schalen product_tag-schwarz-matt product_tag-schwarzer-schiefer product_tag-teller has-post-thumbnail shipping-taxable purchasable product-type-simple\">\n\t<div class=\"es-product-thumb-wrapper\"><a href=\"https:\/\/delices.lu\/de\/produit\/manufacture-rock-rechteckiger-teller-schwarz\/\" class=\"woocommerce-LoopProduct-link woocommerce-loop-product__link\"><img loading=\"lazy\" decoding=\"async\" width=\"300\" height=\"300\" src=\"https:\/\/i0.wp.com\/delices.lu\/wp-content\/uploads\/2023\/08\/1042392772_on_fs-m-1.jpg?resize=300%2C300&amp;quality=89&amp;ssl=1\" class=\"attachment-woocommerce_thumbnail size-woocommerce_thumbnail\" alt=\"Manufacture Rock - Rechteckiger Teller, schwarz\" srcset=\"https:\/\/i0.wp.com\/delices.lu\/wp-content\/uploads\/2023\/08\/1042392772_on_fs-m-1.jpg?w=620&amp;quality=89&amp;ssl=1 620w, https:\/\/i0.wp.com\/delices.lu\/wp-content\/uploads\/2023\/08\/1042392772_on_fs-m-1.jpg?resize=300%2C300&amp;quality=89&amp;ssl=1 300w, https:\/\/i0.wp.com\/delices.lu\/wp-content\/uploads\/2023\/08\/1042392772_on_fs-m-1.jpg?resize=150%2C150&amp;quality=89&amp;ssl=1 150w, https:\/\/i0.wp.com\/delices.lu\/wp-content\/uploads\/2023\/08\/1042392772_on_fs-m-1.jpg?resize=600%2C600&amp;quality=89&amp;ssl=1 600w, https:\/\/i0.wp.com\/delices.lu\/wp-content\/uploads\/2023\/08\/1042392772_on_fs-m-1.jpg?resize=100%2C100&amp;quality=89&amp;ssl=1 100w\" sizes=\"auto, (max-width: 300px) 100vw, 300px\" \/><\/a><div class=\"es-product-buttons-wrap\"><a href=\"\/de\/wp-json\/wp\/v2\/pages\/16520?add-to-cart=14465\" data-quantity=\"1\" class=\"button product_type_simple add_to_cart_button ajax_add_to_cart\" data-product_id=\"14465\" data-product_sku=\"1042392772\" aria-label=\"In den Warenkorb legen: \u201eManufacture Rock - Rechteckiger Teller, schwarz\u201c\" rel=\"nofollow\"><span class=\"es-cart-btn\">Zum Warenkorb hinzuf\u00fcgen<\/span><\/a><a href=\"#\" id=\"sp-wqv-view-button\" class=\"button sp-wqv-view-button after_add_to_cart\" data-id=\"14465\" data-effect=\"mfp-zoom-in\" data-wqv='{\"close_button\": 1, \"ajax_cart\": 1, \"image_title\" : false, \"lightbox\": 0,\"preloader\": 1,\"preloader_label\": \"Loading...\" } '>Quick View<\/a>\t<span id=\"woocommerce_loop_add_to_cart_link_describedby_14465\" class=\"screen-reader-text\">\n\t\t\t<\/span>\n\t\t<a href=\"\/de\/wp-json\/wp\/v2\/pages\/16520?add_to_wishlist=14465\" rel=\"nofollow\" data-product-id=\"14465\" data-product-type=\"simple\" class=\"add_to_wishlist\" >\r\n\t\t\t<span class=\"es-wish-btn\">Zum Wunschzettel hinzuf\u00fcgen<\/span>\t\t<\/a>\r\n\t<a href=\"#\" class=\"button yith-wcqv-button\" data-product_id=\"14465\">Vue Rapide<\/a><a href=\"https:\/\/delices.lu\/de\/produit\/manufacture-rock-rechteckiger-teller-schwarz\/\" class=\"woocommerce-LoopProduct-link es-woo-product-link woocommerce-loop-product__link\"><span class=\"es-product-link\"><i class=\"fa fa-link\"><\/i><\/span> Details<\/a><\/div><!-- .es-product-buttons-wrap --><\/div><!-- .es-product-thumb-wrapper --><div class=\"es-product-title-wrap\"><a href=\"https:\/\/delices.lu\/de\/produit\/manufacture-rock-rechteckiger-teller-schwarz\/\"><h2 class=\"woocommerce-loop-product__title\">Manufacture Rock &#8211; Rechteckiger Teller, schwarz<\/h2> <\/a>\n\t<span class=\"price\"><span class=\"woocommerce-Price-amount amount\"><bdi><span class=\"woocommerce-Price-currencySymbol\">&euro;<\/span>27.90<\/bdi><\/span><\/span>\n<\/div><!-- .es-product-title-wrap --><\/li>\n<li class=\"product type-product post-14488 status-publish instock product_cat-art-de-la-table-de product_cat-bol-de product_cat-newmoon-de product_cat-teller-de product_cat-villeroy-boch-de product_tag-kleine product_tag-newmoon-de product_tag-salatschussel product_tag-weis has-post-thumbnail shipping-taxable purchasable product-type-simple\">\n\t<div class=\"es-product-thumb-wrapper\"><a href=\"https:\/\/delices.lu\/de\/produit\/newmoon-salatschuessel-s-weiss\/\" class=\"woocommerce-LoopProduct-link woocommerce-loop-product__link\"><img loading=\"lazy\" decoding=\"async\" width=\"300\" height=\"300\" src=\"https:\/\/i0.wp.com\/delices.lu\/wp-content\/uploads\/2023\/08\/1042643180_on_use-1.jpg?resize=300%2C300&amp;quality=89&amp;ssl=1\" class=\"attachment-woocommerce_thumbnail size-woocommerce_thumbnail\" alt=\"NewMoon - Salatsch\u00fcssel, S, wei\u00df\" srcset=\"https:\/\/i0.wp.com\/delices.lu\/wp-content\/uploads\/2023\/08\/1042643180_on_use-1.jpg?w=620&amp;quality=89&amp;ssl=1 620w, https:\/\/i0.wp.com\/delices.lu\/wp-content\/uploads\/2023\/08\/1042643180_on_use-1.jpg?resize=300%2C300&amp;quality=89&amp;ssl=1 300w, https:\/\/i0.wp.com\/delices.lu\/wp-content\/uploads\/2023\/08\/1042643180_on_use-1.jpg?resize=150%2C150&amp;quality=89&amp;ssl=1 150w, https:\/\/i0.wp.com\/delices.lu\/wp-content\/uploads\/2023\/08\/1042643180_on_use-1.jpg?resize=600%2C600&amp;quality=89&amp;ssl=1 600w, https:\/\/i0.wp.com\/delices.lu\/wp-content\/uploads\/2023\/08\/1042643180_on_use-1.jpg?resize=100%2C100&amp;quality=89&amp;ssl=1 100w\" sizes=\"auto, (max-width: 300px) 100vw, 300px\" \/><\/a><div class=\"es-product-buttons-wrap\"><a href=\"\/de\/wp-json\/wp\/v2\/pages\/16520?add-to-cart=14488\" data-quantity=\"1\" class=\"button product_type_simple add_to_cart_button ajax_add_to_cart\" data-product_id=\"14488\" data-product_sku=\"1042643180\" aria-label=\"In den Warenkorb legen: \u201eNewMoon - Salatsch\u00fcssel, S, wei\u00df\u201c\" rel=\"nofollow\"><span class=\"es-cart-btn\">Zum Warenkorb hinzuf\u00fcgen<\/span><\/a><a href=\"#\" id=\"sp-wqv-view-button\" class=\"button sp-wqv-view-button after_add_to_cart\" data-id=\"14488\" data-effect=\"mfp-zoom-in\" data-wqv='{\"close_button\": 1, \"ajax_cart\": 1, \"image_title\" : false, \"lightbox\": 0,\"preloader\": 1,\"preloader_label\": \"Loading...\" } '>Quick View<\/a>\t<span id=\"woocommerce_loop_add_to_cart_link_describedby_14488\" class=\"screen-reader-text\">\n\t\t\t<\/span>\n\t\t<a href=\"\/de\/wp-json\/wp\/v2\/pages\/16520?add_to_wishlist=14488\" rel=\"nofollow\" data-product-id=\"14488\" data-product-type=\"simple\" class=\"add_to_wishlist\" >\r\n\t\t\t<span class=\"es-wish-btn\">Zum Wunschzettel hinzuf\u00fcgen<\/span>\t\t<\/a>\r\n\t<a href=\"#\" class=\"button yith-wcqv-button\" data-product_id=\"14488\">Vue Rapide<\/a><a href=\"https:\/\/delices.lu\/de\/produit\/newmoon-salatschuessel-s-weiss\/\" class=\"woocommerce-LoopProduct-link es-woo-product-link woocommerce-loop-product__link\"><span class=\"es-product-link\"><i class=\"fa fa-link\"><\/i><\/span> Details<\/a><\/div><!-- .es-product-buttons-wrap --><\/div><!-- .es-product-thumb-wrapper --><div class=\"es-product-title-wrap\"><a href=\"https:\/\/delices.lu\/de\/produit\/newmoon-salatschuessel-s-weiss\/\"><h2 class=\"woocommerce-loop-product__title\">NewMoon &#8211; Salatsch\u00fcssel, S, wei\u00df<\/h2> <\/a>\n\t<span class=\"price\"><span class=\"woocommerce-Price-amount amount\"><bdi><span class=\"woocommerce-Price-currencySymbol\">&euro;<\/span>27.90<\/bdi><\/span><\/span>\n<\/div><!-- .es-product-title-wrap --><\/li>\n<li class=\"product type-product post-15829 status-publish instock product_cat-art-de-la-table-de product_cat-coupe-de product_cat-fruehling product_cat-ostern product_cat-teller-de product_cat-villeroy-boch-de product_tag-decoration-de product_tag-decors-de-paques-de product_tag-teller-de has-post-thumbnail shipping-taxable purchasable product-type-simple\">\n\t<div class=\"es-product-thumb-wrapper\"><a href=\"https:\/\/delices.lu\/de\/produit\/kleiner-teller\/\" class=\"woocommerce-LoopProduct-link woocommerce-loop-product__link\"><img loading=\"lazy\" decoding=\"async\" width=\"300\" height=\"300\" src=\"https:\/\/i0.wp.com\/delices.lu\/wp-content\/uploads\/2023\/03\/1486443874_on_mil-1.jpg?resize=300%2C300&amp;quality=89&amp;ssl=1\" class=\"attachment-woocommerce_thumbnail size-woocommerce_thumbnail\" alt=\"Kleiner Teller\" srcset=\"https:\/\/i0.wp.com\/delices.lu\/wp-content\/uploads\/2023\/03\/1486443874_on_mil-1.jpg?w=620&amp;quality=89&amp;ssl=1 620w, https:\/\/i0.wp.com\/delices.lu\/wp-content\/uploads\/2023\/03\/1486443874_on_mil-1.jpg?resize=300%2C300&amp;quality=89&amp;ssl=1 300w, https:\/\/i0.wp.com\/delices.lu\/wp-content\/uploads\/2023\/03\/1486443874_on_mil-1.jpg?resize=150%2C150&amp;quality=89&amp;ssl=1 150w, https:\/\/i0.wp.com\/delices.lu\/wp-content\/uploads\/2023\/03\/1486443874_on_mil-1.jpg?resize=600%2C600&amp;quality=89&amp;ssl=1 600w, https:\/\/i0.wp.com\/delices.lu\/wp-content\/uploads\/2023\/03\/1486443874_on_mil-1.jpg?resize=100%2C100&amp;quality=89&amp;ssl=1 100w\" sizes=\"auto, (max-width: 300px) 100vw, 300px\" \/><\/a><div class=\"es-product-buttons-wrap\"><a href=\"\/de\/wp-json\/wp\/v2\/pages\/16520?add-to-cart=15829\" data-quantity=\"1\" class=\"button product_type_simple add_to_cart_button ajax_add_to_cart\" data-product_id=\"15829\" data-product_sku=\"1486443874\" aria-label=\"In den Warenkorb legen: \u201eKleiner Teller\u201c\" rel=\"nofollow\"><span class=\"es-cart-btn\">Zum Warenkorb hinzuf\u00fcgen<\/span><\/a><a href=\"#\" id=\"sp-wqv-view-button\" class=\"button sp-wqv-view-button after_add_to_cart\" data-id=\"15829\" data-effect=\"mfp-zoom-in\" data-wqv='{\"close_button\": 1, \"ajax_cart\": 1, \"image_title\" : false, \"lightbox\": 0,\"preloader\": 1,\"preloader_label\": \"Loading...\" } '>Quick View<\/a>\t<span id=\"woocommerce_loop_add_to_cart_link_describedby_15829\" class=\"screen-reader-text\">\n\t\t\t<\/span>\n\t\t<a href=\"\/de\/wp-json\/wp\/v2\/pages\/16520?add_to_wishlist=15829\" rel=\"nofollow\" data-product-id=\"15829\" data-product-type=\"simple\" class=\"add_to_wishlist\" >\r\n\t\t\t<span class=\"es-wish-btn\">Zum Wunschzettel hinzuf\u00fcgen<\/span>\t\t<\/a>\r\n\t<a href=\"#\" class=\"button yith-wcqv-button\" data-product_id=\"15829\">Vue Rapide<\/a><a href=\"https:\/\/delices.lu\/de\/produit\/kleiner-teller\/\" class=\"woocommerce-LoopProduct-link es-woo-product-link woocommerce-loop-product__link\"><span class=\"es-product-link\"><i class=\"fa fa-link\"><\/i><\/span> Details<\/a><\/div><!-- .es-product-buttons-wrap --><\/div><!-- .es-product-thumb-wrapper --><div class=\"es-product-title-wrap\"><a href=\"https:\/\/delices.lu\/de\/produit\/kleiner-teller\/\"><h2 class=\"woocommerce-loop-product__title\">Kleiner Teller<\/h2> <\/a>\n\t<span class=\"price\"><span class=\"woocommerce-Price-amount amount\"><bdi><span class=\"woocommerce-Price-currencySymbol\">&euro;<\/span>27.90<\/bdi><\/span><\/span>\n<\/div><!-- .es-product-title-wrap --><\/li>\n<li class=\"product type-product post-14368 status-publish last instock product_cat-art-de-la-table-de product_cat-coupe-de product_cat-teller product_cat-teller-de product_cat-villeroy-boch-de product_tag-coupe-de product_tag-manufaktur-rock product_tag-rundschreiben product_tag-schwarz-matt product_tag-teller product_tag-tiefer-teller has-post-thumbnail shipping-taxable purchasable product-type-simple\">\n\t<div class=\"es-product-thumb-wrapper\"><a href=\"https:\/\/delices.lu\/de\/produit\/manufacture-rock-hohle-schale-schwarz\/\" class=\"woocommerce-LoopProduct-link woocommerce-loop-product__link\"><img loading=\"lazy\" decoding=\"async\" width=\"300\" height=\"300\" src=\"https:\/\/i0.wp.com\/delices.lu\/wp-content\/uploads\/2023\/08\/1042392701_on_use-1.jpg?resize=300%2C300&amp;quality=89&amp;ssl=1\" class=\"attachment-woocommerce_thumbnail size-woocommerce_thumbnail\" alt=\"Manufacture Rock - Hohle Schale, schwarz\" srcset=\"https:\/\/i0.wp.com\/delices.lu\/wp-content\/uploads\/2023\/08\/1042392701_on_use-1.jpg?w=620&amp;quality=89&amp;ssl=1 620w, https:\/\/i0.wp.com\/delices.lu\/wp-content\/uploads\/2023\/08\/1042392701_on_use-1.jpg?resize=300%2C300&amp;quality=89&amp;ssl=1 300w, https:\/\/i0.wp.com\/delices.lu\/wp-content\/uploads\/2023\/08\/1042392701_on_use-1.jpg?resize=150%2C150&amp;quality=89&amp;ssl=1 150w, https:\/\/i0.wp.com\/delices.lu\/wp-content\/uploads\/2023\/08\/1042392701_on_use-1.jpg?resize=600%2C600&amp;quality=89&amp;ssl=1 600w, https:\/\/i0.wp.com\/delices.lu\/wp-content\/uploads\/2023\/08\/1042392701_on_use-1.jpg?resize=100%2C100&amp;quality=89&amp;ssl=1 100w\" sizes=\"auto, (max-width: 300px) 100vw, 300px\" \/><\/a><div class=\"es-product-buttons-wrap\"><a href=\"\/de\/wp-json\/wp\/v2\/pages\/16520?add-to-cart=14368\" data-quantity=\"1\" class=\"button product_type_simple add_to_cart_button ajax_add_to_cart\" data-product_id=\"14368\" data-product_sku=\"1042392701\" aria-label=\"In den Warenkorb legen: \u201eManufacture Rock - Hohle Schale, schwarz\u201c\" rel=\"nofollow\"><span class=\"es-cart-btn\">Zum Warenkorb hinzuf\u00fcgen<\/span><\/a><a href=\"#\" id=\"sp-wqv-view-button\" class=\"button sp-wqv-view-button after_add_to_cart\" data-id=\"14368\" data-effect=\"mfp-zoom-in\" data-wqv='{\"close_button\": 1, \"ajax_cart\": 1, \"image_title\" : false, \"lightbox\": 0,\"preloader\": 1,\"preloader_label\": \"Loading...\" } '>Quick View<\/a>\t<span id=\"woocommerce_loop_add_to_cart_link_describedby_14368\" class=\"screen-reader-text\">\n\t\t\t<\/span>\n\t\t<a href=\"\/de\/wp-json\/wp\/v2\/pages\/16520?add_to_wishlist=14368\" rel=\"nofollow\" data-product-id=\"14368\" data-product-type=\"simple\" class=\"add_to_wishlist\" >\r\n\t\t\t<span class=\"es-wish-btn\">Zum Wunschzettel hinzuf\u00fcgen<\/span>\t\t<\/a>\r\n\t<a href=\"#\" class=\"button yith-wcqv-button\" data-product_id=\"14368\">Vue Rapide<\/a><a href=\"https:\/\/delices.lu\/de\/produit\/manufacture-rock-hohle-schale-schwarz\/\" class=\"woocommerce-LoopProduct-link es-woo-product-link woocommerce-loop-product__link\"><span class=\"es-product-link\"><i class=\"fa fa-link\"><\/i><\/span> Details<\/a><\/div><!-- .es-product-buttons-wrap --><\/div><!-- .es-product-thumb-wrapper --><div class=\"es-product-title-wrap\"><a href=\"https:\/\/delices.lu\/de\/produit\/manufacture-rock-hohle-schale-schwarz\/\"><h2 class=\"woocommerce-loop-product__title\">Manufacture Rock &#8211; Hohle Schale, schwarz<\/h2> <\/a>\n\t<span class=\"price\"><span class=\"woocommerce-Price-amount amount\"><bdi><span class=\"woocommerce-Price-currencySymbol\">&euro;<\/span>29.90<\/bdi><\/span><\/span>\n<\/div><!-- .es-product-title-wrap --><\/li>\n<li class=\"product type-product post-15594 status-publish first instock product_cat-coupe-de product_cat-dekoration product_cat-teller-de product_cat-villeroy-boch-de product_cat-weihnachten product_cat-winter product_tag-coupe-de product_tag-decoration-de product_tag-hohle-platte product_tag-teller product_tag-weihnachtsdekorationen has-post-thumbnail shipping-taxable purchasable product-type-simple\">\n\t<div class=\"es-product-thumb-wrapper\"><a href=\"https:\/\/delices.lu\/de\/produit\/toys-fantasy-grosse-schale\/\" class=\"woocommerce-LoopProduct-link woocommerce-loop-product__link\"><img loading=\"lazy\" decoding=\"async\" width=\"300\" height=\"300\" src=\"https:\/\/i0.wp.com\/delices.lu\/wp-content\/uploads\/2024\/06\/1483323633_on_mil-1.jpg?resize=300%2C300&amp;quality=89&amp;ssl=1\" class=\"attachment-woocommerce_thumbnail size-woocommerce_thumbnail\" alt=\"Toy&#039;s Fantasy - Gro\u00dfe Schale\" srcset=\"https:\/\/i0.wp.com\/delices.lu\/wp-content\/uploads\/2024\/06\/1483323633_on_mil-1.jpg?w=400&amp;quality=89&amp;ssl=1 400w, https:\/\/i0.wp.com\/delices.lu\/wp-content\/uploads\/2024\/06\/1483323633_on_mil-1.jpg?resize=300%2C300&amp;quality=89&amp;ssl=1 300w, https:\/\/i0.wp.com\/delices.lu\/wp-content\/uploads\/2024\/06\/1483323633_on_mil-1.jpg?resize=150%2C150&amp;quality=89&amp;ssl=1 150w, https:\/\/i0.wp.com\/delices.lu\/wp-content\/uploads\/2024\/06\/1483323633_on_mil-1.jpg?resize=100%2C100&amp;quality=89&amp;ssl=1 100w\" sizes=\"auto, (max-width: 300px) 100vw, 300px\" \/><\/a><div class=\"es-product-buttons-wrap\"><a href=\"\/de\/wp-json\/wp\/v2\/pages\/16520?add-to-cart=15594\" data-quantity=\"1\" class=\"button product_type_simple add_to_cart_button ajax_add_to_cart\" data-product_id=\"15594\" data-product_sku=\"1483323633\" aria-label=\"In den Warenkorb legen: \u201eToy&#039;s Fantasy - Gro\u00dfe Schale\u201c\" rel=\"nofollow\"><span class=\"es-cart-btn\">Zum Warenkorb hinzuf\u00fcgen<\/span><\/a><a href=\"#\" id=\"sp-wqv-view-button\" class=\"button sp-wqv-view-button after_add_to_cart\" data-id=\"15594\" data-effect=\"mfp-zoom-in\" data-wqv='{\"close_button\": 1, \"ajax_cart\": 1, \"image_title\" : false, \"lightbox\": 0,\"preloader\": 1,\"preloader_label\": \"Loading...\" } '>Quick View<\/a>\t<span id=\"woocommerce_loop_add_to_cart_link_describedby_15594\" class=\"screen-reader-text\">\n\t\t\t<\/span>\n\t\t<a href=\"\/de\/wp-json\/wp\/v2\/pages\/16520?add_to_wishlist=15594\" rel=\"nofollow\" data-product-id=\"15594\" data-product-type=\"simple\" class=\"add_to_wishlist\" >\r\n\t\t\t<span class=\"es-wish-btn\">Zum Wunschzettel hinzuf\u00fcgen<\/span>\t\t<\/a>\r\n\t<a href=\"#\" class=\"button yith-wcqv-button\" data-product_id=\"15594\">Vue Rapide<\/a><a href=\"https:\/\/delices.lu\/de\/produit\/toys-fantasy-grosse-schale\/\" class=\"woocommerce-LoopProduct-link es-woo-product-link woocommerce-loop-product__link\"><span class=\"es-product-link\"><i class=\"fa fa-link\"><\/i><\/span> Details<\/a><\/div><!-- .es-product-buttons-wrap --><\/div><!-- .es-product-thumb-wrapper --><div class=\"es-product-title-wrap\"><a href=\"https:\/\/delices.lu\/de\/produit\/toys-fantasy-grosse-schale\/\"><h2 class=\"woocommerce-loop-product__title\">Toy&#8217;s Fantasy &#8211; Gro\u00dfe Schale<\/h2> <\/a>\n\t<span class=\"price\"><span class=\"woocommerce-Price-amount amount\"><bdi><span class=\"woocommerce-Price-currencySymbol\">&euro;<\/span>29.90<\/bdi><\/span><\/span>\n<\/div><!-- .es-product-title-wrap --><\/li>\n<li class=\"product type-product post-15649 status-publish instock product_cat-coupe-de product_cat-dekoration product_cat-teller-de product_cat-teller product_cat-villeroy-boch-de product_cat-weihnachten product_cat-winter product_tag-decoration-de product_tag-hohle-platte product_tag-teller product_tag-weihnachtsdekorationen has-post-thumbnail shipping-taxable purchasable product-type-simple\">\n\t<div class=\"es-product-thumb-wrapper\"><a href=\"https:\/\/delices.lu\/de\/produit\/grosser-schnitt-verteilung-von-geschenken\/\" class=\"woocommerce-LoopProduct-link woocommerce-loop-product__link\"><img loading=\"lazy\" decoding=\"async\" width=\"300\" height=\"300\" src=\"https:\/\/i0.wp.com\/delices.lu\/wp-content\/uploads\/2024\/06\/1483323631_on_mil-1.jpg?resize=300%2C300&amp;quality=89&amp;ssl=1\" class=\"attachment-woocommerce_thumbnail size-woocommerce_thumbnail\" alt=\"Gro\u00dfer Schnitt, Verteilung von Geschenken\" srcset=\"https:\/\/i0.wp.com\/delices.lu\/wp-content\/uploads\/2024\/06\/1483323631_on_mil-1.jpg?w=400&amp;quality=89&amp;ssl=1 400w, https:\/\/i0.wp.com\/delices.lu\/wp-content\/uploads\/2024\/06\/1483323631_on_mil-1.jpg?resize=300%2C300&amp;quality=89&amp;ssl=1 300w, https:\/\/i0.wp.com\/delices.lu\/wp-content\/uploads\/2024\/06\/1483323631_on_mil-1.jpg?resize=150%2C150&amp;quality=89&amp;ssl=1 150w, https:\/\/i0.wp.com\/delices.lu\/wp-content\/uploads\/2024\/06\/1483323631_on_mil-1.jpg?resize=100%2C100&amp;quality=89&amp;ssl=1 100w\" sizes=\"auto, (max-width: 300px) 100vw, 300px\" \/><\/a><div class=\"es-product-buttons-wrap\"><a href=\"\/de\/wp-json\/wp\/v2\/pages\/16520?add-to-cart=15649\" data-quantity=\"1\" class=\"button product_type_simple add_to_cart_button ajax_add_to_cart\" data-product_id=\"15649\" data-product_sku=\"1483323631\" aria-label=\"In den Warenkorb legen: \u201eGro\u00dfer Schnitt, Verteilung von Geschenken\u201c\" rel=\"nofollow\"><span class=\"es-cart-btn\">Zum Warenkorb hinzuf\u00fcgen<\/span><\/a><a href=\"#\" id=\"sp-wqv-view-button\" class=\"button sp-wqv-view-button after_add_to_cart\" data-id=\"15649\" data-effect=\"mfp-zoom-in\" data-wqv='{\"close_button\": 1, \"ajax_cart\": 1, \"image_title\" : false, \"lightbox\": 0,\"preloader\": 1,\"preloader_label\": \"Loading...\" } '>Quick View<\/a>\t<span id=\"woocommerce_loop_add_to_cart_link_describedby_15649\" class=\"screen-reader-text\">\n\t\t\t<\/span>\n\t\t<a href=\"\/de\/wp-json\/wp\/v2\/pages\/16520?add_to_wishlist=15649\" rel=\"nofollow\" data-product-id=\"15649\" data-product-type=\"simple\" class=\"add_to_wishlist\" >\r\n\t\t\t<span class=\"es-wish-btn\">Zum Wunschzettel hinzuf\u00fcgen<\/span>\t\t<\/a>\r\n\t<a href=\"#\" class=\"button yith-wcqv-button\" data-product_id=\"15649\">Vue Rapide<\/a><a href=\"https:\/\/delices.lu\/de\/produit\/grosser-schnitt-verteilung-von-geschenken\/\" class=\"woocommerce-LoopProduct-link es-woo-product-link woocommerce-loop-product__link\"><span class=\"es-product-link\"><i class=\"fa fa-link\"><\/i><\/span> Details<\/a><\/div><!-- .es-product-buttons-wrap --><\/div><!-- .es-product-thumb-wrapper --><div class=\"es-product-title-wrap\"><a href=\"https:\/\/delices.lu\/de\/produit\/grosser-schnitt-verteilung-von-geschenken\/\"><h2 class=\"woocommerce-loop-product__title\">Gro\u00dfer Schnitt, Verteilung von Geschenken<\/h2> <\/a>\n\t<span class=\"price\"><span class=\"woocommerce-Price-amount amount\"><bdi><span class=\"woocommerce-Price-currencySymbol\">&euro;<\/span>29.90<\/bdi><\/span><\/span>\n<\/div><!-- .es-product-title-wrap --><\/li>\n<li class=\"product type-product post-15695 status-publish instock product_cat-coupe-de product_cat-dekoration product_cat-teller-de product_cat-villeroy-boch-de product_cat-weihnachten product_cat-winter product_tag-coupe-de product_tag-decoration-de product_tag-hohle-platte product_tag-teller-de product_tag-teller product_tag-weihnachtsdekorationen has-post-thumbnail shipping-taxable purchasable product-type-simple\">\n\t<div class=\"es-product-thumb-wrapper\"><a href=\"https:\/\/delices.lu\/de\/produit\/toys-fantasy-grosse-schale-2\/\" class=\"woocommerce-LoopProduct-link woocommerce-loop-product__link\"><img loading=\"lazy\" decoding=\"async\" width=\"300\" height=\"300\" src=\"https:\/\/i0.wp.com\/delices.lu\/wp-content\/uploads\/2024\/06\/1483323632_on_mil-1.jpg?resize=300%2C300&amp;quality=89&amp;ssl=1\" class=\"attachment-woocommerce_thumbnail size-woocommerce_thumbnail\" alt=\"Toy&#039;s Fantasy - Gro\u00dfe Schale\" srcset=\"https:\/\/i0.wp.com\/delices.lu\/wp-content\/uploads\/2024\/06\/1483323632_on_mil-1.jpg?w=620&amp;quality=89&amp;ssl=1 620w, https:\/\/i0.wp.com\/delices.lu\/wp-content\/uploads\/2024\/06\/1483323632_on_mil-1.jpg?resize=300%2C300&amp;quality=89&amp;ssl=1 300w, https:\/\/i0.wp.com\/delices.lu\/wp-content\/uploads\/2024\/06\/1483323632_on_mil-1.jpg?resize=150%2C150&amp;quality=89&amp;ssl=1 150w, https:\/\/i0.wp.com\/delices.lu\/wp-content\/uploads\/2024\/06\/1483323632_on_mil-1.jpg?resize=600%2C600&amp;quality=89&amp;ssl=1 600w, https:\/\/i0.wp.com\/delices.lu\/wp-content\/uploads\/2024\/06\/1483323632_on_mil-1.jpg?resize=100%2C100&amp;quality=89&amp;ssl=1 100w\" sizes=\"auto, (max-width: 300px) 100vw, 300px\" \/><\/a><div class=\"es-product-buttons-wrap\"><a href=\"\/de\/wp-json\/wp\/v2\/pages\/16520?add-to-cart=15695\" data-quantity=\"1\" class=\"button product_type_simple add_to_cart_button ajax_add_to_cart\" data-product_id=\"15695\" data-product_sku=\"1483323632\" aria-label=\"In den Warenkorb legen: \u201eToy&#039;s Fantasy - Gro\u00dfe Schale\u201c\" rel=\"nofollow\"><span class=\"es-cart-btn\">Zum Warenkorb hinzuf\u00fcgen<\/span><\/a><a href=\"#\" id=\"sp-wqv-view-button\" class=\"button sp-wqv-view-button after_add_to_cart\" data-id=\"15695\" data-effect=\"mfp-zoom-in\" data-wqv='{\"close_button\": 1, \"ajax_cart\": 1, \"image_title\" : false, \"lightbox\": 0,\"preloader\": 1,\"preloader_label\": \"Loading...\" } '>Quick View<\/a>\t<span id=\"woocommerce_loop_add_to_cart_link_describedby_15695\" class=\"screen-reader-text\">\n\t\t\t<\/span>\n\t\t<a href=\"\/de\/wp-json\/wp\/v2\/pages\/16520?add_to_wishlist=15695\" rel=\"nofollow\" data-product-id=\"15695\" data-product-type=\"simple\" class=\"add_to_wishlist\" >\r\n\t\t\t<span class=\"es-wish-btn\">Zum Wunschzettel hinzuf\u00fcgen<\/span>\t\t<\/a>\r\n\t<a href=\"#\" class=\"button yith-wcqv-button\" data-product_id=\"15695\">Vue Rapide<\/a><a href=\"https:\/\/delices.lu\/de\/produit\/toys-fantasy-grosse-schale-2\/\" class=\"woocommerce-LoopProduct-link es-woo-product-link woocommerce-loop-product__link\"><span class=\"es-product-link\"><i class=\"fa fa-link\"><\/i><\/span> Details<\/a><\/div><!-- .es-product-buttons-wrap --><\/div><!-- .es-product-thumb-wrapper --><div class=\"es-product-title-wrap\"><a href=\"https:\/\/delices.lu\/de\/produit\/toys-fantasy-grosse-schale-2\/\"><h2 class=\"woocommerce-loop-product__title\">Toy&#8217;s Fantasy &#8211; Gro\u00dfe Schale<\/h2> <\/a>\n\t<span class=\"price\"><span class=\"woocommerce-Price-amount amount\"><bdi><span class=\"woocommerce-Price-currencySymbol\">&euro;<\/span>29.90<\/bdi><\/span><\/span>\n<\/div><!-- .es-product-title-wrap --><\/li>\n<li class=\"product type-product post-15938 status-publish last instock product_cat-art-de-la-table-de product_cat-dekoration product_cat-teller-de product_cat-teller product_cat-villeroy-boch-de product_cat-weihnachten product_cat-winter product_tag-decoration-de product_tag-groser-teller product_tag-rundschreiben product_tag-teller-de product_tag-weihnachtsdekorationen has-post-thumbnail shipping-taxable purchasable product-type-simple\">\n\t<div class=\"es-product-thumb-wrapper\"><a href=\"https:\/\/delices.lu\/de\/produit\/toys-delight-flacher-teller-gruen\/\" class=\"woocommerce-LoopProduct-link woocommerce-loop-product__link\"><img loading=\"lazy\" decoding=\"async\" width=\"300\" height=\"300\" src=\"https:\/\/i0.wp.com\/delices.lu\/wp-content\/uploads\/2024\/06\/1485852621.jpg?resize=300%2C300&amp;quality=89&amp;ssl=1\" class=\"attachment-woocommerce_thumbnail size-woocommerce_thumbnail\" alt=\"Toy&#039;s Delight - Flacher Teller, gr\u00fcn\" srcset=\"https:\/\/i0.wp.com\/delices.lu\/wp-content\/uploads\/2024\/06\/1485852621.jpg?w=620&amp;quality=89&amp;ssl=1 620w, https:\/\/i0.wp.com\/delices.lu\/wp-content\/uploads\/2024\/06\/1485852621.jpg?resize=300%2C300&amp;quality=89&amp;ssl=1 300w, https:\/\/i0.wp.com\/delices.lu\/wp-content\/uploads\/2024\/06\/1485852621.jpg?resize=150%2C150&amp;quality=89&amp;ssl=1 150w, https:\/\/i0.wp.com\/delices.lu\/wp-content\/uploads\/2024\/06\/1485852621.jpg?resize=600%2C600&amp;quality=89&amp;ssl=1 600w, https:\/\/i0.wp.com\/delices.lu\/wp-content\/uploads\/2024\/06\/1485852621.jpg?resize=100%2C100&amp;quality=89&amp;ssl=1 100w\" sizes=\"auto, (max-width: 300px) 100vw, 300px\" \/><\/a><div class=\"es-product-buttons-wrap\"><a href=\"\/de\/wp-json\/wp\/v2\/pages\/16520?add-to-cart=15938\" data-quantity=\"1\" class=\"button product_type_simple add_to_cart_button ajax_add_to_cart\" data-product_id=\"15938\" data-product_sku=\"1485852621\" aria-label=\"In den Warenkorb legen: \u201eToy&#039;s Delight - Flacher Teller, gr\u00fcn\u201c\" rel=\"nofollow\"><span class=\"es-cart-btn\">Zum Warenkorb hinzuf\u00fcgen<\/span><\/a><a href=\"#\" id=\"sp-wqv-view-button\" class=\"button sp-wqv-view-button after_add_to_cart\" data-id=\"15938\" data-effect=\"mfp-zoom-in\" data-wqv='{\"close_button\": 1, \"ajax_cart\": 1, \"image_title\" : false, \"lightbox\": 0,\"preloader\": 1,\"preloader_label\": \"Loading...\" } '>Quick View<\/a>\t<span id=\"woocommerce_loop_add_to_cart_link_describedby_15938\" class=\"screen-reader-text\">\n\t\t\t<\/span>\n\t\t<a href=\"\/de\/wp-json\/wp\/v2\/pages\/16520?add_to_wishlist=15938\" rel=\"nofollow\" data-product-id=\"15938\" data-product-type=\"simple\" class=\"add_to_wishlist\" >\r\n\t\t\t<span class=\"es-wish-btn\">Zum Wunschzettel hinzuf\u00fcgen<\/span>\t\t<\/a>\r\n\t<a href=\"#\" class=\"button yith-wcqv-button\" data-product_id=\"15938\">Vue Rapide<\/a><a href=\"https:\/\/delices.lu\/de\/produit\/toys-delight-flacher-teller-gruen\/\" class=\"woocommerce-LoopProduct-link es-woo-product-link woocommerce-loop-product__link\"><span class=\"es-product-link\"><i class=\"fa fa-link\"><\/i><\/span> Details<\/a><\/div><!-- .es-product-buttons-wrap --><\/div><!-- .es-product-thumb-wrapper --><div class=\"es-product-title-wrap\"><a href=\"https:\/\/delices.lu\/de\/produit\/toys-delight-flacher-teller-gruen\/\"><h2 class=\"woocommerce-loop-product__title\">Toy&#8217;s Delight &#8211; Flacher Teller, gr\u00fcn<\/h2> <\/a>\n\t<span class=\"price\"><span class=\"woocommerce-Price-amount amount\"><bdi><span class=\"woocommerce-Price-currencySymbol\">&euro;<\/span>29.90<\/bdi><\/span><\/span>\n<\/div><!-- .es-product-title-wrap --><\/li>\n<li class=\"product type-product post-15996 status-publish first instock product_cat-art-de-la-table-de product_cat-coupe-de product_cat-salatschussel product_cat-teller-de product_cat-villeroy-boch-de product_tag-afina-de product_tag-salatschussel product_tag-tiefer-teller product_tag-weis has-post-thumbnail shipping-taxable purchasable product-type-simple\">\n\t<div class=\"es-product-thumb-wrapper\"><a href=\"https:\/\/delices.lu\/de\/produit\/afina-hohle-servierplatte\/\" class=\"woocommerce-LoopProduct-link woocommerce-loop-product__link\"><img loading=\"lazy\" decoding=\"async\" width=\"300\" height=\"300\" src=\"https:\/\/i0.wp.com\/delices.lu\/wp-content\/uploads\/2024\/05\/1042932701_on_mil-2.jpg?resize=300%2C300&amp;quality=89&amp;ssl=1\" class=\"attachment-woocommerce_thumbnail size-woocommerce_thumbnail\" alt=\"Afina - Hohle Servierplatte\" srcset=\"https:\/\/i0.wp.com\/delices.lu\/wp-content\/uploads\/2024\/05\/1042932701_on_mil-2.jpg?w=620&amp;quality=89&amp;ssl=1 620w, https:\/\/i0.wp.com\/delices.lu\/wp-content\/uploads\/2024\/05\/1042932701_on_mil-2.jpg?resize=300%2C300&amp;quality=89&amp;ssl=1 300w, https:\/\/i0.wp.com\/delices.lu\/wp-content\/uploads\/2024\/05\/1042932701_on_mil-2.jpg?resize=150%2C150&amp;quality=89&amp;ssl=1 150w, https:\/\/i0.wp.com\/delices.lu\/wp-content\/uploads\/2024\/05\/1042932701_on_mil-2.jpg?resize=600%2C600&amp;quality=89&amp;ssl=1 600w, https:\/\/i0.wp.com\/delices.lu\/wp-content\/uploads\/2024\/05\/1042932701_on_mil-2.jpg?resize=100%2C100&amp;quality=89&amp;ssl=1 100w\" sizes=\"auto, (max-width: 300px) 100vw, 300px\" \/><\/a><div class=\"es-product-buttons-wrap\"><a href=\"\/de\/wp-json\/wp\/v2\/pages\/16520?add-to-cart=15996\" data-quantity=\"1\" class=\"button product_type_simple add_to_cart_button ajax_add_to_cart\" data-product_id=\"15996\" data-product_sku=\"1042932701\" aria-label=\"In den Warenkorb legen: \u201eAfina - Hohle Servierplatte\u201c\" rel=\"nofollow\"><span class=\"es-cart-btn\">Zum Warenkorb hinzuf\u00fcgen<\/span><\/a><a href=\"#\" id=\"sp-wqv-view-button\" class=\"button sp-wqv-view-button after_add_to_cart\" data-id=\"15996\" data-effect=\"mfp-zoom-in\" data-wqv='{\"close_button\": 1, \"ajax_cart\": 1, \"image_title\" : false, \"lightbox\": 0,\"preloader\": 1,\"preloader_label\": \"Loading...\" } '>Quick View<\/a>\t<span id=\"woocommerce_loop_add_to_cart_link_describedby_15996\" class=\"screen-reader-text\">\n\t\t\t<\/span>\n\t\t<a href=\"\/de\/wp-json\/wp\/v2\/pages\/16520?add_to_wishlist=15996\" rel=\"nofollow\" data-product-id=\"15996\" data-product-type=\"simple\" class=\"add_to_wishlist\" >\r\n\t\t\t<span class=\"es-wish-btn\">Zum Wunschzettel hinzuf\u00fcgen<\/span>\t\t<\/a>\r\n\t<a href=\"#\" class=\"button yith-wcqv-button\" data-product_id=\"15996\">Vue Rapide<\/a><a href=\"https:\/\/delices.lu\/de\/produit\/afina-hohle-servierplatte\/\" class=\"woocommerce-LoopProduct-link es-woo-product-link woocommerce-loop-product__link\"><span class=\"es-product-link\"><i class=\"fa fa-link\"><\/i><\/span> Details<\/a><\/div><!-- .es-product-buttons-wrap --><\/div><!-- .es-product-thumb-wrapper --><div class=\"es-product-title-wrap\"><a href=\"https:\/\/delices.lu\/de\/produit\/afina-hohle-servierplatte\/\"><h2 class=\"woocommerce-loop-product__title\">Afina &#8211; Hohle Servierplatte<\/h2> <\/a>\n\t<span class=\"price\"><span class=\"woocommerce-Price-amount amount\"><bdi><span class=\"woocommerce-Price-currencySymbol\">&euro;<\/span>29.90<\/bdi><\/span><\/span>\n<\/div><!-- .es-product-title-wrap --><\/li>\n<li class=\"product type-product post-16996 status-publish instock product_cat-coupe-de product_cat-dekoration product_cat-teller-de product_cat-villeroy-boch-de product_cat-weihnachten product_cat-winter product_tag-coupe-de product_tag-decoration-de product_tag-dekorativer-schnitt product_tag-stern has-post-thumbnail shipping-taxable purchasable product-type-simple\">\n\t<div class=\"es-product-thumb-wrapper\"><a href=\"https:\/\/delices.lu\/de\/produit\/winter-bakery-delight-sternfoermige-schale-m-tanne\/\" class=\"woocommerce-LoopProduct-link woocommerce-loop-product__link\"><img loading=\"lazy\" decoding=\"async\" width=\"300\" height=\"300\" src=\"https:\/\/i0.wp.com\/delices.lu\/wp-content\/uploads\/2024\/06\/1486123776_on_mil-1-1660638604.jpg?resize=300%2C300&amp;quality=89&amp;ssl=1\" class=\"attachment-woocommerce_thumbnail size-woocommerce_thumbnail\" alt=\"Winter Bakery Delight - Sternf\u00f6rmige Schale, M, Tanne\" srcset=\"https:\/\/i0.wp.com\/delices.lu\/wp-content\/uploads\/2024\/06\/1486123776_on_mil-1-1660638604.jpg?w=620&amp;quality=89&amp;ssl=1 620w, https:\/\/i0.wp.com\/delices.lu\/wp-content\/uploads\/2024\/06\/1486123776_on_mil-1-1660638604.jpg?resize=300%2C300&amp;quality=89&amp;ssl=1 300w, https:\/\/i0.wp.com\/delices.lu\/wp-content\/uploads\/2024\/06\/1486123776_on_mil-1-1660638604.jpg?resize=150%2C150&amp;quality=89&amp;ssl=1 150w, https:\/\/i0.wp.com\/delices.lu\/wp-content\/uploads\/2024\/06\/1486123776_on_mil-1-1660638604.jpg?resize=600%2C600&amp;quality=89&amp;ssl=1 600w, https:\/\/i0.wp.com\/delices.lu\/wp-content\/uploads\/2024\/06\/1486123776_on_mil-1-1660638604.jpg?resize=100%2C100&amp;quality=89&amp;ssl=1 100w\" sizes=\"auto, (max-width: 300px) 100vw, 300px\" \/><\/a><div class=\"es-product-buttons-wrap\"><a href=\"\/de\/wp-json\/wp\/v2\/pages\/16520?add-to-cart=16996\" data-quantity=\"1\" class=\"button product_type_simple add_to_cart_button ajax_add_to_cart\" data-product_id=\"16996\" data-product_sku=\"1486123776\" aria-label=\"In den Warenkorb legen: \u201eWinter Bakery Delight - Sternf\u00f6rmige Schale, M, Tanne\u201c\" rel=\"nofollow\"><span class=\"es-cart-btn\">Zum Warenkorb hinzuf\u00fcgen<\/span><\/a><a href=\"#\" id=\"sp-wqv-view-button\" class=\"button sp-wqv-view-button after_add_to_cart\" data-id=\"16996\" data-effect=\"mfp-zoom-in\" data-wqv='{\"close_button\": 1, \"ajax_cart\": 1, \"image_title\" : false, \"lightbox\": 0,\"preloader\": 1,\"preloader_label\": \"Loading...\" } '>Quick View<\/a>\t<span id=\"woocommerce_loop_add_to_cart_link_describedby_16996\" class=\"screen-reader-text\">\n\t\t\t<\/span>\n\t\t<a href=\"\/de\/wp-json\/wp\/v2\/pages\/16520?add_to_wishlist=16996\" rel=\"nofollow\" data-product-id=\"16996\" data-product-type=\"simple\" class=\"add_to_wishlist\" >\r\n\t\t\t<span class=\"es-wish-btn\">Zum Wunschzettel hinzuf\u00fcgen<\/span>\t\t<\/a>\r\n\t<a href=\"#\" class=\"button yith-wcqv-button\" data-product_id=\"16996\">Vue Rapide<\/a><a href=\"https:\/\/delices.lu\/de\/produit\/winter-bakery-delight-sternfoermige-schale-m-tanne\/\" class=\"woocommerce-LoopProduct-link es-woo-product-link woocommerce-loop-product__link\"><span class=\"es-product-link\"><i class=\"fa fa-link\"><\/i><\/span> Details<\/a><\/div><!-- .es-product-buttons-wrap --><\/div><!-- .es-product-thumb-wrapper --><div class=\"es-product-title-wrap\"><a href=\"https:\/\/delices.lu\/de\/produit\/winter-bakery-delight-sternfoermige-schale-m-tanne\/\"><h2 class=\"woocommerce-loop-product__title\">Winter Bakery Delight &#8211; Sternf\u00f6rmige Schale, M, Tanne<\/h2> <\/a>\n\t<span class=\"price\"><span class=\"woocommerce-Price-amount amount\"><bdi><span class=\"woocommerce-Price-currencySymbol\">&euro;<\/span>29.90<\/bdi><\/span><\/span>\n<\/div><!-- .es-product-title-wrap --><\/li>\n<li class=\"product type-product post-17019 status-publish instock product_cat-coupe-de product_cat-dekoration product_cat-teller-de product_cat-villeroy-boch-de product_cat-weihnachten product_cat-winter product_tag-coupe-de product_tag-decoration-de product_tag-hohle-platte product_tag-teller product_tag-weihnachtsdekorationen has-post-thumbnail shipping-taxable purchasable product-type-simple\">\n\t<div class=\"es-product-thumb-wrapper\"><a href=\"https:\/\/delices.lu\/de\/produit\/toys-fantasy-grosse-schale-3\/\" class=\"woocommerce-LoopProduct-link woocommerce-loop-product__link\"><img loading=\"lazy\" decoding=\"async\" width=\"300\" height=\"300\" src=\"https:\/\/i0.wp.com\/delices.lu\/wp-content\/uploads\/2024\/06\/1483323635_on_mil-1.jpg?resize=300%2C300&amp;quality=89&amp;ssl=1\" class=\"attachment-woocommerce_thumbnail size-woocommerce_thumbnail\" alt=\"Toy&#039;s Fantasy - Gro\u00dfe Schale\" srcset=\"https:\/\/i0.wp.com\/delices.lu\/wp-content\/uploads\/2024\/06\/1483323635_on_mil-1.jpg?w=400&amp;quality=89&amp;ssl=1 400w, https:\/\/i0.wp.com\/delices.lu\/wp-content\/uploads\/2024\/06\/1483323635_on_mil-1.jpg?resize=300%2C300&amp;quality=89&amp;ssl=1 300w, https:\/\/i0.wp.com\/delices.lu\/wp-content\/uploads\/2024\/06\/1483323635_on_mil-1.jpg?resize=150%2C150&amp;quality=89&amp;ssl=1 150w, https:\/\/i0.wp.com\/delices.lu\/wp-content\/uploads\/2024\/06\/1483323635_on_mil-1.jpg?resize=100%2C100&amp;quality=89&amp;ssl=1 100w\" sizes=\"auto, (max-width: 300px) 100vw, 300px\" \/><\/a><div class=\"es-product-buttons-wrap\"><a href=\"\/de\/wp-json\/wp\/v2\/pages\/16520?add-to-cart=17019\" data-quantity=\"1\" class=\"button product_type_simple add_to_cart_button ajax_add_to_cart\" data-product_id=\"17019\" data-product_sku=\"1483323635\" aria-label=\"In den Warenkorb legen: \u201eToy&#039;s Fantasy - Gro\u00dfe Schale\u201c\" rel=\"nofollow\"><span class=\"es-cart-btn\">Zum Warenkorb hinzuf\u00fcgen<\/span><\/a><a href=\"#\" id=\"sp-wqv-view-button\" class=\"button sp-wqv-view-button after_add_to_cart\" data-id=\"17019\" data-effect=\"mfp-zoom-in\" data-wqv='{\"close_button\": 1, \"ajax_cart\": 1, \"image_title\" : false, \"lightbox\": 0,\"preloader\": 1,\"preloader_label\": \"Loading...\" } '>Quick View<\/a>\t<span id=\"woocommerce_loop_add_to_cart_link_describedby_17019\" class=\"screen-reader-text\">\n\t\t\t<\/span>\n\t\t<a href=\"\/de\/wp-json\/wp\/v2\/pages\/16520?add_to_wishlist=17019\" rel=\"nofollow\" data-product-id=\"17019\" data-product-type=\"simple\" class=\"add_to_wishlist\" >\r\n\t\t\t<span class=\"es-wish-btn\">Zum Wunschzettel hinzuf\u00fcgen<\/span>\t\t<\/a>\r\n\t<a href=\"#\" class=\"button yith-wcqv-button\" data-product_id=\"17019\">Vue Rapide<\/a><a href=\"https:\/\/delices.lu\/de\/produit\/toys-fantasy-grosse-schale-3\/\" class=\"woocommerce-LoopProduct-link es-woo-product-link woocommerce-loop-product__link\"><span class=\"es-product-link\"><i class=\"fa fa-link\"><\/i><\/span> Details<\/a><\/div><!-- .es-product-buttons-wrap --><\/div><!-- .es-product-thumb-wrapper --><div class=\"es-product-title-wrap\"><a href=\"https:\/\/delices.lu\/de\/produit\/toys-fantasy-grosse-schale-3\/\"><h2 class=\"woocommerce-loop-product__title\">Toy&#8217;s Fantasy &#8211; Gro\u00dfe Schale<\/h2> <\/a>\n\t<span class=\"price\"><span class=\"woocommerce-Price-amount amount\"><bdi><span class=\"woocommerce-Price-currencySymbol\">&euro;<\/span>29.90<\/bdi><\/span><\/span>\n<\/div><!-- .es-product-title-wrap --><\/li>\n<li class=\"product type-product post-17042 status-publish last instock product_cat-art-de-la-table-de product_cat-coupe-de product_cat-teller-de product_cat-teller product_cat-villeroy-boch-de product_cat-weihnachten product_cat-winter product_tag-coupe-de product_tag-decoration-de product_tag-teller-de product_tag-teller product_tag-weihnachtsdekorationen has-post-thumbnail shipping-taxable purchasable product-type-simple\">\n\t<div class=\"es-product-thumb-wrapper\"><a href=\"https:\/\/delices.lu\/de\/produit\/toys-fantasy-suppenteller-schneemann\/\" class=\"woocommerce-LoopProduct-link woocommerce-loop-product__link\"><img loading=\"lazy\" decoding=\"async\" width=\"300\" height=\"300\" src=\"https:\/\/i0.wp.com\/delices.lu\/wp-content\/uploads\/2024\/06\/1483323660_on_mil-1.jpg?resize=300%2C300&amp;quality=89&amp;ssl=1\" class=\"attachment-woocommerce_thumbnail size-woocommerce_thumbnail\" alt=\"Toy&#039;s Fantasy - Suppenteller - Schneemann\" srcset=\"https:\/\/i0.wp.com\/delices.lu\/wp-content\/uploads\/2024\/06\/1483323660_on_mil-1.jpg?w=620&amp;quality=89&amp;ssl=1 620w, https:\/\/i0.wp.com\/delices.lu\/wp-content\/uploads\/2024\/06\/1483323660_on_mil-1.jpg?resize=300%2C300&amp;quality=89&amp;ssl=1 300w, https:\/\/i0.wp.com\/delices.lu\/wp-content\/uploads\/2024\/06\/1483323660_on_mil-1.jpg?resize=150%2C150&amp;quality=89&amp;ssl=1 150w, https:\/\/i0.wp.com\/delices.lu\/wp-content\/uploads\/2024\/06\/1483323660_on_mil-1.jpg?resize=600%2C600&amp;quality=89&amp;ssl=1 600w, https:\/\/i0.wp.com\/delices.lu\/wp-content\/uploads\/2024\/06\/1483323660_on_mil-1.jpg?resize=100%2C100&amp;quality=89&amp;ssl=1 100w\" sizes=\"auto, (max-width: 300px) 100vw, 300px\" \/><\/a><div class=\"es-product-buttons-wrap\"><a href=\"\/de\/wp-json\/wp\/v2\/pages\/16520?add-to-cart=17042\" data-quantity=\"1\" class=\"button product_type_simple add_to_cart_button ajax_add_to_cart\" data-product_id=\"17042\" data-product_sku=\"1483323660\" aria-label=\"In den Warenkorb legen: \u201eToy&#039;s Fantasy - Suppenteller - Schneemann\u201c\" rel=\"nofollow\"><span class=\"es-cart-btn\">Zum Warenkorb hinzuf\u00fcgen<\/span><\/a><a href=\"#\" id=\"sp-wqv-view-button\" class=\"button sp-wqv-view-button after_add_to_cart\" data-id=\"17042\" data-effect=\"mfp-zoom-in\" data-wqv='{\"close_button\": 1, \"ajax_cart\": 1, \"image_title\" : false, \"lightbox\": 0,\"preloader\": 1,\"preloader_label\": \"Loading...\" } '>Quick View<\/a>\t<span id=\"woocommerce_loop_add_to_cart_link_describedby_17042\" class=\"screen-reader-text\">\n\t\t\t<\/span>\n\t\t<a href=\"\/de\/wp-json\/wp\/v2\/pages\/16520?add_to_wishlist=17042\" rel=\"nofollow\" data-product-id=\"17042\" data-product-type=\"simple\" class=\"add_to_wishlist\" >\r\n\t\t\t<span class=\"es-wish-btn\">Zum Wunschzettel hinzuf\u00fcgen<\/span>\t\t<\/a>\r\n\t<a href=\"#\" class=\"button yith-wcqv-button\" data-product_id=\"17042\">Vue Rapide<\/a><a href=\"https:\/\/delices.lu\/de\/produit\/toys-fantasy-suppenteller-schneemann\/\" class=\"woocommerce-LoopProduct-link es-woo-product-link woocommerce-loop-product__link\"><span class=\"es-product-link\"><i class=\"fa fa-link\"><\/i><\/span> Details<\/a><\/div><!-- .es-product-buttons-wrap --><\/div><!-- .es-product-thumb-wrapper --><div class=\"es-product-title-wrap\"><a href=\"https:\/\/delices.lu\/de\/produit\/toys-fantasy-suppenteller-schneemann\/\"><h2 class=\"woocommerce-loop-product__title\">Toy&#8217;s Fantasy &#8211; Suppenteller &#8211; Schneemann<\/h2> <\/a>\n\t<span class=\"price\"><span class=\"woocommerce-Price-amount amount\"><bdi><span class=\"woocommerce-Price-currencySymbol\">&euro;<\/span>29.90<\/bdi><\/span><\/span>\n<\/div><!-- .es-product-title-wrap --><\/li>\n<li class=\"product type-product post-17059 status-publish first instock product_cat-dekoration product_cat-teller-de product_cat-teller product_cat-villeroy-boch-de product_cat-weihnachten product_cat-winter product_tag-decoration-de product_tag-groser-teller product_tag-rundschreiben product_tag-teller-de product_tag-weihnachtsdekorationen has-post-thumbnail shipping-taxable purchasable product-type-simple\">\n\t<div class=\"es-product-thumb-wrapper\"><a href=\"https:\/\/delices.lu\/de\/produit\/flacher-teller-rot\/\" class=\"woocommerce-LoopProduct-link woocommerce-loop-product__link\"><img loading=\"lazy\" decoding=\"async\" width=\"300\" height=\"300\" src=\"https:\/\/i0.wp.com\/delices.lu\/wp-content\/uploads\/2024\/06\/1485852620.jpg?resize=300%2C300&amp;quality=89&amp;ssl=1\" class=\"attachment-woocommerce_thumbnail size-woocommerce_thumbnail\" alt=\"Flacher Teller rot\" srcset=\"https:\/\/i0.wp.com\/delices.lu\/wp-content\/uploads\/2024\/06\/1485852620.jpg?w=350&amp;quality=89&amp;ssl=1 350w, https:\/\/i0.wp.com\/delices.lu\/wp-content\/uploads\/2024\/06\/1485852620.jpg?resize=300%2C300&amp;quality=89&amp;ssl=1 300w, https:\/\/i0.wp.com\/delices.lu\/wp-content\/uploads\/2024\/06\/1485852620.jpg?resize=150%2C150&amp;quality=89&amp;ssl=1 150w, https:\/\/i0.wp.com\/delices.lu\/wp-content\/uploads\/2024\/06\/1485852620.jpg?resize=100%2C100&amp;quality=89&amp;ssl=1 100w\" sizes=\"auto, (max-width: 300px) 100vw, 300px\" \/><\/a><div class=\"es-product-buttons-wrap\"><a href=\"\/de\/wp-json\/wp\/v2\/pages\/16520?add-to-cart=17059\" data-quantity=\"1\" class=\"button product_type_simple add_to_cart_button ajax_add_to_cart\" data-product_id=\"17059\" data-product_sku=\"1485852620\" aria-label=\"In den Warenkorb legen: \u201eFlacher Teller rot\u201c\" rel=\"nofollow\"><span class=\"es-cart-btn\">Zum Warenkorb hinzuf\u00fcgen<\/span><\/a><a href=\"#\" id=\"sp-wqv-view-button\" class=\"button sp-wqv-view-button after_add_to_cart\" data-id=\"17059\" data-effect=\"mfp-zoom-in\" data-wqv='{\"close_button\": 1, \"ajax_cart\": 1, \"image_title\" : false, \"lightbox\": 0,\"preloader\": 1,\"preloader_label\": \"Loading...\" } '>Quick View<\/a>\t<span id=\"woocommerce_loop_add_to_cart_link_describedby_17059\" class=\"screen-reader-text\">\n\t\t\t<\/span>\n\t\t<a href=\"\/de\/wp-json\/wp\/v2\/pages\/16520?add_to_wishlist=17059\" rel=\"nofollow\" data-product-id=\"17059\" data-product-type=\"simple\" class=\"add_to_wishlist\" >\r\n\t\t\t<span class=\"es-wish-btn\">Zum Wunschzettel hinzuf\u00fcgen<\/span>\t\t<\/a>\r\n\t<a href=\"#\" class=\"button yith-wcqv-button\" data-product_id=\"17059\">Vue Rapide<\/a><a href=\"https:\/\/delices.lu\/de\/produit\/flacher-teller-rot\/\" class=\"woocommerce-LoopProduct-link es-woo-product-link woocommerce-loop-product__link\"><span class=\"es-product-link\"><i class=\"fa fa-link\"><\/i><\/span> Details<\/a><\/div><!-- .es-product-buttons-wrap --><\/div><!-- .es-product-thumb-wrapper --><div class=\"es-product-title-wrap\"><a href=\"https:\/\/delices.lu\/de\/produit\/flacher-teller-rot\/\"><h2 class=\"woocommerce-loop-product__title\">Flacher Teller rot<\/h2> <\/a>\n\t<span class=\"price\"><span class=\"woocommerce-Price-amount amount\"><bdi><span class=\"woocommerce-Price-currencySymbol\">&euro;<\/span>29.90<\/bdi><\/span><\/span>\n<\/div><!-- .es-product-title-wrap --><\/li>\n<li class=\"product type-product post-17278 status-publish instock product_cat-art-de-la-table-de product_cat-coupe-de product_cat-teller-de product_cat-teller product_cat-villeroy-boch-de product_cat-weihnachten product_cat-winter product_tag-coupe-de product_tag-decoration-de product_tag-teller product_tag-teller-de product_tag-weihnachtsdekorationen has-post-thumbnail shipping-taxable purchasable product-type-simple\">\n\t<div class=\"es-product-thumb-wrapper\"><a href=\"https:\/\/delices.lu\/de\/produit\/toys-fantasy-suppenteller-spielzeugladen\/\" class=\"woocommerce-LoopProduct-link woocommerce-loop-product__link\"><img loading=\"lazy\" decoding=\"async\" width=\"300\" height=\"300\" src=\"https:\/\/i0.wp.com\/delices.lu\/wp-content\/uploads\/2024\/08\/1483323661_on_mil-1.jpg?resize=300%2C300&amp;quality=89&amp;ssl=1\" class=\"attachment-woocommerce_thumbnail size-woocommerce_thumbnail\" alt=\"Toy&#039;s Fantasy - Suppenteller - Spielzeugladen\" srcset=\"https:\/\/i0.wp.com\/delices.lu\/wp-content\/uploads\/2024\/08\/1483323661_on_mil-1.jpg?w=620&amp;quality=89&amp;ssl=1 620w, https:\/\/i0.wp.com\/delices.lu\/wp-content\/uploads\/2024\/08\/1483323661_on_mil-1.jpg?resize=300%2C300&amp;quality=89&amp;ssl=1 300w, https:\/\/i0.wp.com\/delices.lu\/wp-content\/uploads\/2024\/08\/1483323661_on_mil-1.jpg?resize=150%2C150&amp;quality=89&amp;ssl=1 150w, https:\/\/i0.wp.com\/delices.lu\/wp-content\/uploads\/2024\/08\/1483323661_on_mil-1.jpg?resize=600%2C600&amp;quality=89&amp;ssl=1 600w, https:\/\/i0.wp.com\/delices.lu\/wp-content\/uploads\/2024\/08\/1483323661_on_mil-1.jpg?resize=100%2C100&amp;quality=89&amp;ssl=1 100w\" sizes=\"auto, (max-width: 300px) 100vw, 300px\" \/><\/a><div class=\"es-product-buttons-wrap\"><a href=\"\/de\/wp-json\/wp\/v2\/pages\/16520?add-to-cart=17278\" data-quantity=\"1\" class=\"button product_type_simple add_to_cart_button ajax_add_to_cart\" data-product_id=\"17278\" data-product_sku=\"1483323661\" aria-label=\"In den Warenkorb legen: \u201eToy&#039;s Fantasy - Suppenteller - Spielzeugladen\u201c\" rel=\"nofollow\"><span class=\"es-cart-btn\">Zum Warenkorb hinzuf\u00fcgen<\/span><\/a><a href=\"#\" id=\"sp-wqv-view-button\" class=\"button sp-wqv-view-button after_add_to_cart\" data-id=\"17278\" data-effect=\"mfp-zoom-in\" data-wqv='{\"close_button\": 1, \"ajax_cart\": 1, \"image_title\" : false, \"lightbox\": 0,\"preloader\": 1,\"preloader_label\": \"Loading...\" } '>Quick View<\/a>\t<span id=\"woocommerce_loop_add_to_cart_link_describedby_17278\" class=\"screen-reader-text\">\n\t\t\t<\/span>\n\t\t<a href=\"\/de\/wp-json\/wp\/v2\/pages\/16520?add_to_wishlist=17278\" rel=\"nofollow\" data-product-id=\"17278\" data-product-type=\"simple\" class=\"add_to_wishlist\" >\r\n\t\t\t<span class=\"es-wish-btn\">Zum Wunschzettel hinzuf\u00fcgen<\/span>\t\t<\/a>\r\n\t<a href=\"#\" class=\"button yith-wcqv-button\" data-product_id=\"17278\">Vue Rapide<\/a><a href=\"https:\/\/delices.lu\/de\/produit\/toys-fantasy-suppenteller-spielzeugladen\/\" class=\"woocommerce-LoopProduct-link es-woo-product-link woocommerce-loop-product__link\"><span class=\"es-product-link\"><i class=\"fa fa-link\"><\/i><\/span> Details<\/a><\/div><!-- .es-product-buttons-wrap --><\/div><!-- .es-product-thumb-wrapper --><div class=\"es-product-title-wrap\"><a href=\"https:\/\/delices.lu\/de\/produit\/toys-fantasy-suppenteller-spielzeugladen\/\"><h2 class=\"woocommerce-loop-product__title\">Toy&#8217;s Fantasy &#8211; Suppenteller &#8211; Spielzeugladen<\/h2> <\/a>\n\t<span class=\"price\"><span class=\"woocommerce-Price-amount amount\"><bdi><span class=\"woocommerce-Price-currencySymbol\">&euro;<\/span>29.90<\/bdi><\/span><\/span>\n<\/div><!-- .es-product-title-wrap --><\/li>\n<li class=\"product type-product post-17171 status-publish instock product_cat-art-de-la-table-de product_cat-dekoration product_cat-teller-de product_cat-villeroy-boch-de product_cat-weihnachten product_cat-winter product_tag-coupe-de product_tag-decoration-de product_tag-teller-de product_tag-weihnachtsdekorationen has-post-thumbnail shipping-taxable purchasable product-type-simple\">\n\t<div class=\"es-product-thumb-wrapper\"><a href=\"https:\/\/delices.lu\/de\/produit\/toys-delight-servierschale-quadratisch-16-cm\/\" class=\"woocommerce-LoopProduct-link woocommerce-loop-product__link\"><img loading=\"lazy\" decoding=\"async\" width=\"300\" height=\"300\" src=\"https:\/\/i0.wp.com\/delices.lu\/wp-content\/uploads\/2024\/06\/1485853877_on_fs-1.jpg?resize=300%2C300&amp;quality=89&amp;ssl=1\" class=\"attachment-woocommerce_thumbnail size-woocommerce_thumbnail\" alt=\"Toy&#039;s Delight - Servierschale, quadratisch, 16 cm\" srcset=\"https:\/\/i0.wp.com\/delices.lu\/wp-content\/uploads\/2024\/06\/1485853877_on_fs-1.jpg?w=400&amp;quality=89&amp;ssl=1 400w, https:\/\/i0.wp.com\/delices.lu\/wp-content\/uploads\/2024\/06\/1485853877_on_fs-1.jpg?resize=300%2C300&amp;quality=89&amp;ssl=1 300w, https:\/\/i0.wp.com\/delices.lu\/wp-content\/uploads\/2024\/06\/1485853877_on_fs-1.jpg?resize=150%2C150&amp;quality=89&amp;ssl=1 150w, https:\/\/i0.wp.com\/delices.lu\/wp-content\/uploads\/2024\/06\/1485853877_on_fs-1.jpg?resize=100%2C100&amp;quality=89&amp;ssl=1 100w\" sizes=\"auto, (max-width: 300px) 100vw, 300px\" \/><\/a><div class=\"es-product-buttons-wrap\"><a href=\"\/de\/wp-json\/wp\/v2\/pages\/16520?add-to-cart=17171\" data-quantity=\"1\" class=\"button product_type_simple add_to_cart_button ajax_add_to_cart\" data-product_id=\"17171\" data-product_sku=\"1485853877\" aria-label=\"In den Warenkorb legen: \u201eToy&#039;s Delight - Servierschale, quadratisch, 16 cm\u201c\" rel=\"nofollow\"><span class=\"es-cart-btn\">Zum Warenkorb hinzuf\u00fcgen<\/span><\/a><a href=\"#\" id=\"sp-wqv-view-button\" class=\"button sp-wqv-view-button after_add_to_cart\" data-id=\"17171\" data-effect=\"mfp-zoom-in\" data-wqv='{\"close_button\": 1, \"ajax_cart\": 1, \"image_title\" : false, \"lightbox\": 0,\"preloader\": 1,\"preloader_label\": \"Loading...\" } '>Quick View<\/a>\t<span id=\"woocommerce_loop_add_to_cart_link_describedby_17171\" class=\"screen-reader-text\">\n\t\t\t<\/span>\n\t\t<a href=\"\/de\/wp-json\/wp\/v2\/pages\/16520?add_to_wishlist=17171\" rel=\"nofollow\" data-product-id=\"17171\" data-product-type=\"simple\" class=\"add_to_wishlist\" >\r\n\t\t\t<span class=\"es-wish-btn\">Zum Wunschzettel hinzuf\u00fcgen<\/span>\t\t<\/a>\r\n\t<a href=\"#\" class=\"button yith-wcqv-button\" data-product_id=\"17171\">Vue Rapide<\/a><a href=\"https:\/\/delices.lu\/de\/produit\/toys-delight-servierschale-quadratisch-16-cm\/\" class=\"woocommerce-LoopProduct-link es-woo-product-link woocommerce-loop-product__link\"><span class=\"es-product-link\"><i class=\"fa fa-link\"><\/i><\/span> Details<\/a><\/div><!-- .es-product-buttons-wrap --><\/div><!-- .es-product-thumb-wrapper --><div class=\"es-product-title-wrap\"><a href=\"https:\/\/delices.lu\/de\/produit\/toys-delight-servierschale-quadratisch-16-cm\/\"><h2 class=\"woocommerce-loop-product__title\">Toy&#8217;s Delight &#8211; Servierschale, quadratisch, 16 cm<\/h2> <\/a>\n\t<span class=\"price\"><span class=\"woocommerce-Price-amount amount\"><bdi><span class=\"woocommerce-Price-currencySymbol\">&euro;<\/span>32.90<\/bdi><\/span><\/span>\n<\/div><!-- .es-product-title-wrap --><\/li>\n<li class=\"product type-product post-15547 status-publish last instock product_cat-art-de-la-table-de product_cat-coupe-de product_cat-teller-de product_cat-teller product_cat-villeroy-boch-de product_cat-weihnachten product_cat-winter product_tag-coupe-de product_tag-decoration-de product_tag-teller product_tag-teller-de product_tag-weihnachtsdekorationen has-post-thumbnail shipping-taxable purchasable product-type-simple\">\n\t<div class=\"es-product-thumb-wrapper\"><a href=\"https:\/\/delices.lu\/de\/produit\/toys-fantasy-schale-mit-gepraegtem-weihnachtsmann\/\" class=\"woocommerce-LoopProduct-link woocommerce-loop-product__link\"><img loading=\"lazy\" decoding=\"async\" width=\"300\" height=\"300\" src=\"https:\/\/i0.wp.com\/delices.lu\/wp-content\/uploads\/2024\/06\/1483323614_on_mil-1.jpg?resize=300%2C300&amp;quality=89&amp;ssl=1\" class=\"attachment-woocommerce_thumbnail size-woocommerce_thumbnail\" alt=\"Toy&#039;s Fantasy - Schale mit gepr\u00e4gtem Weihnachtsmann\" srcset=\"https:\/\/i0.wp.com\/delices.lu\/wp-content\/uploads\/2024\/06\/1483323614_on_mil-1.jpg?w=400&amp;quality=89&amp;ssl=1 400w, https:\/\/i0.wp.com\/delices.lu\/wp-content\/uploads\/2024\/06\/1483323614_on_mil-1.jpg?resize=300%2C300&amp;quality=89&amp;ssl=1 300w, https:\/\/i0.wp.com\/delices.lu\/wp-content\/uploads\/2024\/06\/1483323614_on_mil-1.jpg?resize=150%2C150&amp;quality=89&amp;ssl=1 150w, https:\/\/i0.wp.com\/delices.lu\/wp-content\/uploads\/2024\/06\/1483323614_on_mil-1.jpg?resize=100%2C100&amp;quality=89&amp;ssl=1 100w\" sizes=\"auto, (max-width: 300px) 100vw, 300px\" \/><\/a><div class=\"es-product-buttons-wrap\"><a href=\"\/de\/wp-json\/wp\/v2\/pages\/16520?add-to-cart=15547\" data-quantity=\"1\" class=\"button product_type_simple add_to_cart_button ajax_add_to_cart\" data-product_id=\"15547\" data-product_sku=\"1483323614\" aria-label=\"In den Warenkorb legen: \u201eToy&#039;s Fantasy - Schale mit gepr\u00e4gtem Weihnachtsmann\u201c\" rel=\"nofollow\"><span class=\"es-cart-btn\">Zum Warenkorb hinzuf\u00fcgen<\/span><\/a><a href=\"#\" id=\"sp-wqv-view-button\" class=\"button sp-wqv-view-button after_add_to_cart\" data-id=\"15547\" data-effect=\"mfp-zoom-in\" data-wqv='{\"close_button\": 1, \"ajax_cart\": 1, \"image_title\" : false, \"lightbox\": 0,\"preloader\": 1,\"preloader_label\": \"Loading...\" } '>Quick View<\/a>\t<span id=\"woocommerce_loop_add_to_cart_link_describedby_15547\" class=\"screen-reader-text\">\n\t\t\t<\/span>\n\t\t<a href=\"\/de\/wp-json\/wp\/v2\/pages\/16520?add_to_wishlist=15547\" rel=\"nofollow\" data-product-id=\"15547\" data-product-type=\"simple\" class=\"add_to_wishlist\" >\r\n\t\t\t<span class=\"es-wish-btn\">Zum Wunschzettel hinzuf\u00fcgen<\/span>\t\t<\/a>\r\n\t<a href=\"#\" class=\"button yith-wcqv-button\" data-product_id=\"15547\">Vue Rapide<\/a><a href=\"https:\/\/delices.lu\/de\/produit\/toys-fantasy-schale-mit-gepraegtem-weihnachtsmann\/\" class=\"woocommerce-LoopProduct-link es-woo-product-link woocommerce-loop-product__link\"><span class=\"es-product-link\"><i class=\"fa fa-link\"><\/i><\/span> Details<\/a><\/div><!-- .es-product-buttons-wrap --><\/div><!-- .es-product-thumb-wrapper --><div class=\"es-product-title-wrap\"><a href=\"https:\/\/delices.lu\/de\/produit\/toys-fantasy-schale-mit-gepraegtem-weihnachtsmann\/\"><h2 class=\"woocommerce-loop-product__title\">Toy&#8217;s Fantasy &#8211; Schale mit gepr\u00e4gtem Weihnachtsmann<\/h2> <\/a>\n\t<span class=\"price\"><span class=\"woocommerce-Price-amount amount\"><bdi><span class=\"woocommerce-Price-currencySymbol\">&euro;<\/span>34.90<\/bdi><\/span><\/span>\n<\/div><!-- .es-product-title-wrap --><\/li>\n<li class=\"product type-product post-16930 status-publish first instock product_cat-coupe-de product_cat-dekoration product_cat-teller-de product_cat-villeroy-boch-de product_cat-weihnachten product_cat-winter product_tag-coupe-de product_tag-decoration-de product_tag-dekorativer-schnitt product_tag-stern product_tag-teller-de has-post-thumbnail shipping-taxable purchasable product-type-simple\">\n\t<div class=\"es-product-thumb-wrapper\"><a href=\"https:\/\/delices.lu\/de\/produit\/winter-bakery-delight-sternfoermige-schale-m-village\/\" class=\"woocommerce-LoopProduct-link woocommerce-loop-product__link\"><img loading=\"lazy\" decoding=\"async\" width=\"300\" height=\"300\" src=\"https:\/\/i0.wp.com\/delices.lu\/wp-content\/uploads\/2024\/06\/1486123770_on_use-1.jpg?resize=300%2C300&amp;quality=89&amp;ssl=1\" class=\"attachment-woocommerce_thumbnail size-woocommerce_thumbnail\" alt=\"Winter Bakery Delight - Sternf\u00f6rmige Schale, M, Village\" srcset=\"https:\/\/i0.wp.com\/delices.lu\/wp-content\/uploads\/2024\/06\/1486123770_on_use-1.jpg?w=400&amp;quality=89&amp;ssl=1 400w, https:\/\/i0.wp.com\/delices.lu\/wp-content\/uploads\/2024\/06\/1486123770_on_use-1.jpg?resize=300%2C300&amp;quality=89&amp;ssl=1 300w, https:\/\/i0.wp.com\/delices.lu\/wp-content\/uploads\/2024\/06\/1486123770_on_use-1.jpg?resize=150%2C150&amp;quality=89&amp;ssl=1 150w, https:\/\/i0.wp.com\/delices.lu\/wp-content\/uploads\/2024\/06\/1486123770_on_use-1.jpg?resize=100%2C100&amp;quality=89&amp;ssl=1 100w\" sizes=\"auto, (max-width: 300px) 100vw, 300px\" \/><\/a><div class=\"es-product-buttons-wrap\"><a href=\"\/de\/wp-json\/wp\/v2\/pages\/16520?add-to-cart=16930\" data-quantity=\"1\" class=\"button product_type_simple add_to_cart_button ajax_add_to_cart\" data-product_id=\"16930\" data-product_sku=\"1486123770\" aria-label=\"In den Warenkorb legen: \u201eWinter Bakery Delight - Sternf\u00f6rmige Schale, M, Village\u201c\" rel=\"nofollow\"><span class=\"es-cart-btn\">Zum Warenkorb hinzuf\u00fcgen<\/span><\/a><a href=\"#\" id=\"sp-wqv-view-button\" class=\"button sp-wqv-view-button after_add_to_cart\" data-id=\"16930\" data-effect=\"mfp-zoom-in\" data-wqv='{\"close_button\": 1, \"ajax_cart\": 1, \"image_title\" : false, \"lightbox\": 0,\"preloader\": 1,\"preloader_label\": \"Loading...\" } '>Quick View<\/a>\t<span id=\"woocommerce_loop_add_to_cart_link_describedby_16930\" class=\"screen-reader-text\">\n\t\t\t<\/span>\n\t\t<a href=\"\/de\/wp-json\/wp\/v2\/pages\/16520?add_to_wishlist=16930\" rel=\"nofollow\" data-product-id=\"16930\" data-product-type=\"simple\" class=\"add_to_wishlist\" >\r\n\t\t\t<span class=\"es-wish-btn\">Zum Wunschzettel hinzuf\u00fcgen<\/span>\t\t<\/a>\r\n\t<a href=\"#\" class=\"button yith-wcqv-button\" data-product_id=\"16930\">Vue Rapide<\/a><a href=\"https:\/\/delices.lu\/de\/produit\/winter-bakery-delight-sternfoermige-schale-m-village\/\" class=\"woocommerce-LoopProduct-link es-woo-product-link woocommerce-loop-product__link\"><span class=\"es-product-link\"><i class=\"fa fa-link\"><\/i><\/span> Details<\/a><\/div><!-- .es-product-buttons-wrap --><\/div><!-- .es-product-thumb-wrapper --><div class=\"es-product-title-wrap\"><a href=\"https:\/\/delices.lu\/de\/produit\/winter-bakery-delight-sternfoermige-schale-m-village\/\"><h2 class=\"woocommerce-loop-product__title\">Winter Bakery Delight &#8211; Sternf\u00f6rmige Schale, M, Village<\/h2> <\/a>\n\t<span class=\"price\"><span class=\"woocommerce-Price-amount amount\"><bdi><span class=\"woocommerce-Price-currencySymbol\">&euro;<\/span>34.90<\/bdi><\/span><\/span>\n<\/div><!-- .es-product-title-wrap --><\/li>\n<li class=\"product type-product post-16981 status-publish instock product_cat-art-de-la-table-de product_cat-coupe-de product_cat-teller-de product_cat-teller product_cat-villeroy-boch-de product_cat-weihnachten product_cat-winter product_tag-hohle-platte product_tag-oval product_tag-servierplatte product_tag-weihnachtsdekorationen has-post-thumbnail shipping-taxable purchasable product-type-simple\">\n\t<div class=\"es-product-thumb-wrapper\"><a href=\"https:\/\/delices.lu\/de\/produit\/toys-fantasy-ovale-schale-gross-29x19cmx55cm\/\" class=\"woocommerce-LoopProduct-link woocommerce-loop-product__link\"><img loading=\"lazy\" decoding=\"async\" width=\"300\" height=\"300\" src=\"https:\/\/i0.wp.com\/delices.lu\/wp-content\/uploads\/2024\/06\/1483322556_on_mil-1.jpg?resize=300%2C300&amp;quality=89&amp;ssl=1\" class=\"attachment-woocommerce_thumbnail size-woocommerce_thumbnail\" alt=\"Toy&#039;s Fantasy Ovale Schale gro\u00df, 29x19cmx5,5cm\" srcset=\"https:\/\/i0.wp.com\/delices.lu\/wp-content\/uploads\/2024\/06\/1483322556_on_mil-1.jpg?w=400&amp;quality=89&amp;ssl=1 400w, https:\/\/i0.wp.com\/delices.lu\/wp-content\/uploads\/2024\/06\/1483322556_on_mil-1.jpg?resize=300%2C300&amp;quality=89&amp;ssl=1 300w, https:\/\/i0.wp.com\/delices.lu\/wp-content\/uploads\/2024\/06\/1483322556_on_mil-1.jpg?resize=150%2C150&amp;quality=89&amp;ssl=1 150w, https:\/\/i0.wp.com\/delices.lu\/wp-content\/uploads\/2024\/06\/1483322556_on_mil-1.jpg?resize=100%2C100&amp;quality=89&amp;ssl=1 100w\" sizes=\"auto, (max-width: 300px) 100vw, 300px\" \/><\/a><div class=\"es-product-buttons-wrap\"><a href=\"\/de\/wp-json\/wp\/v2\/pages\/16520?add-to-cart=16981\" data-quantity=\"1\" class=\"button product_type_simple add_to_cart_button ajax_add_to_cart\" data-product_id=\"16981\" data-product_sku=\"1483322556\" aria-label=\"In den Warenkorb legen: \u201eToy&#039;s Fantasy Ovale Schale gro\u00df, 29x19cmx5,5cm\u201c\" rel=\"nofollow\"><span class=\"es-cart-btn\">Zum Warenkorb hinzuf\u00fcgen<\/span><\/a><a href=\"#\" id=\"sp-wqv-view-button\" class=\"button sp-wqv-view-button after_add_to_cart\" data-id=\"16981\" data-effect=\"mfp-zoom-in\" data-wqv='{\"close_button\": 1, \"ajax_cart\": 1, \"image_title\" : false, \"lightbox\": 0,\"preloader\": 1,\"preloader_label\": \"Loading...\" } '>Quick View<\/a>\t<span id=\"woocommerce_loop_add_to_cart_link_describedby_16981\" class=\"screen-reader-text\">\n\t\t\t<\/span>\n\t\t<a href=\"\/de\/wp-json\/wp\/v2\/pages\/16520?add_to_wishlist=16981\" rel=\"nofollow\" data-product-id=\"16981\" data-product-type=\"simple\" class=\"add_to_wishlist\" >\r\n\t\t\t<span class=\"es-wish-btn\">Zum Wunschzettel hinzuf\u00fcgen<\/span>\t\t<\/a>\r\n\t<a href=\"#\" class=\"button yith-wcqv-button\" data-product_id=\"16981\">Vue Rapide<\/a><a href=\"https:\/\/delices.lu\/de\/produit\/toys-fantasy-ovale-schale-gross-29x19cmx55cm\/\" class=\"woocommerce-LoopProduct-link es-woo-product-link woocommerce-loop-product__link\"><span class=\"es-product-link\"><i class=\"fa fa-link\"><\/i><\/span> Details<\/a><\/div><!-- .es-product-buttons-wrap --><\/div><!-- .es-product-thumb-wrapper --><div class=\"es-product-title-wrap\"><a href=\"https:\/\/delices.lu\/de\/produit\/toys-fantasy-ovale-schale-gross-29x19cmx55cm\/\"><h2 class=\"woocommerce-loop-product__title\">Toy&#8217;s Fantasy Ovale Schale gro\u00df, 29x19cmx5,5cm<\/h2> <\/a>\n\t<span class=\"price\"><span class=\"woocommerce-Price-amount amount\"><bdi><span class=\"woocommerce-Price-currencySymbol\">&euro;<\/span>34.90<\/bdi><\/span><\/span>\n<\/div><!-- .es-product-title-wrap --><\/li>\n<li class=\"product type-product post-17114 status-publish instock product_cat-art-de-la-table-de product_cat-dekoration product_cat-teller product_cat-teller-de product_cat-villeroy-boch-de product_cat-weihnachten product_tag-decoration-de product_tag-teller-de product_tag-teller product_tag-weihnachtsdekorationen product_tag-weis has-post-thumbnail shipping-taxable purchasable product-type-simple\">\n\t<div class=\"es-product-thumb-wrapper\"><a href=\"https:\/\/delices.lu\/de\/produit\/weihnachtsmann-reliefbecher\/\" class=\"woocommerce-LoopProduct-link woocommerce-loop-product__link\"><img loading=\"lazy\" decoding=\"async\" width=\"300\" height=\"300\" src=\"https:\/\/i0.wp.com\/delices.lu\/wp-content\/uploads\/2024\/06\/1483323612_A_on.jpg?resize=300%2C300&amp;quality=89&amp;ssl=1\" class=\"attachment-woocommerce_thumbnail size-woocommerce_thumbnail\" alt=\"Weihnachtsmann-Reliefbecher\" srcset=\"https:\/\/i0.wp.com\/delices.lu\/wp-content\/uploads\/2024\/06\/1483323612_A_on.jpg?w=620&amp;quality=89&amp;ssl=1 620w, https:\/\/i0.wp.com\/delices.lu\/wp-content\/uploads\/2024\/06\/1483323612_A_on.jpg?resize=300%2C300&amp;quality=89&amp;ssl=1 300w, https:\/\/i0.wp.com\/delices.lu\/wp-content\/uploads\/2024\/06\/1483323612_A_on.jpg?resize=150%2C150&amp;quality=89&amp;ssl=1 150w, https:\/\/i0.wp.com\/delices.lu\/wp-content\/uploads\/2024\/06\/1483323612_A_on.jpg?resize=600%2C600&amp;quality=89&amp;ssl=1 600w, https:\/\/i0.wp.com\/delices.lu\/wp-content\/uploads\/2024\/06\/1483323612_A_on.jpg?resize=100%2C100&amp;quality=89&amp;ssl=1 100w\" sizes=\"auto, (max-width: 300px) 100vw, 300px\" \/><\/a><div class=\"es-product-buttons-wrap\"><a href=\"\/de\/wp-json\/wp\/v2\/pages\/16520?add-to-cart=17114\" data-quantity=\"1\" class=\"button product_type_simple add_to_cart_button ajax_add_to_cart\" data-product_id=\"17114\" data-product_sku=\"1483323612\" aria-label=\"In den Warenkorb legen: \u201eWeihnachtsmann-Reliefbecher\u201c\" rel=\"nofollow\"><span class=\"es-cart-btn\">Zum Warenkorb hinzuf\u00fcgen<\/span><\/a><a href=\"#\" id=\"sp-wqv-view-button\" class=\"button sp-wqv-view-button after_add_to_cart\" data-id=\"17114\" data-effect=\"mfp-zoom-in\" data-wqv='{\"close_button\": 1, \"ajax_cart\": 1, \"image_title\" : false, \"lightbox\": 0,\"preloader\": 1,\"preloader_label\": \"Loading...\" } '>Quick View<\/a>\t<span id=\"woocommerce_loop_add_to_cart_link_describedby_17114\" class=\"screen-reader-text\">\n\t\t\t<\/span>\n\t\t<a href=\"\/de\/wp-json\/wp\/v2\/pages\/16520?add_to_wishlist=17114\" rel=\"nofollow\" data-product-id=\"17114\" data-product-type=\"simple\" class=\"add_to_wishlist\" >\r\n\t\t\t<span class=\"es-wish-btn\">Zum Wunschzettel hinzuf\u00fcgen<\/span>\t\t<\/a>\r\n\t<a href=\"#\" class=\"button yith-wcqv-button\" data-product_id=\"17114\">Vue Rapide<\/a><a href=\"https:\/\/delices.lu\/de\/produit\/weihnachtsmann-reliefbecher\/\" class=\"woocommerce-LoopProduct-link es-woo-product-link woocommerce-loop-product__link\"><span class=\"es-product-link\"><i class=\"fa fa-link\"><\/i><\/span> Details<\/a><\/div><!-- .es-product-buttons-wrap --><\/div><!-- .es-product-thumb-wrapper --><div class=\"es-product-title-wrap\"><a href=\"https:\/\/delices.lu\/de\/produit\/weihnachtsmann-reliefbecher\/\"><h2 class=\"woocommerce-loop-product__title\">Weihnachtsmann-Reliefbecher<\/h2> <\/a>\n\t<span class=\"price\"><span class=\"woocommerce-Price-amount amount\"><bdi><span class=\"woocommerce-Price-currencySymbol\">&euro;<\/span>34.90<\/bdi><\/span><\/span>\n<\/div><!-- .es-product-title-wrap --><\/li>\n<li class=\"product type-product post-17150 status-publish last instock product_cat-art-de-la-table-de product_cat-coupe-de product_cat-dekoration product_cat-teller-de product_cat-teller product_cat-villeroy-boch-de product_cat-weihnachten product_tag-coupe-de product_tag-decoration-de product_tag-relief-tanne product_tag-teller product_tag-teller-de product_tag-weihnachtsdekorationen has-post-thumbnail shipping-taxable purchasable product-type-simple\">\n\t<div class=\"es-product-thumb-wrapper\"><a href=\"https:\/\/delices.lu\/de\/produit\/toys-fantasy-schale-mit-schneemann-relief\/\" class=\"woocommerce-LoopProduct-link woocommerce-loop-product__link\"><img loading=\"lazy\" decoding=\"async\" width=\"300\" height=\"300\" src=\"https:\/\/i0.wp.com\/delices.lu\/wp-content\/uploads\/2023\/08\/1483323615_on_mil-1.jpg?resize=300%2C300&amp;quality=89&amp;ssl=1\" class=\"attachment-woocommerce_thumbnail size-woocommerce_thumbnail\" alt=\"Toy&#039;s Fantasy - Schale mit Schneemann-Relief\" srcset=\"https:\/\/i0.wp.com\/delices.lu\/wp-content\/uploads\/2023\/08\/1483323615_on_mil-1.jpg?w=620&amp;quality=89&amp;ssl=1 620w, https:\/\/i0.wp.com\/delices.lu\/wp-content\/uploads\/2023\/08\/1483323615_on_mil-1.jpg?resize=300%2C300&amp;quality=89&amp;ssl=1 300w, https:\/\/i0.wp.com\/delices.lu\/wp-content\/uploads\/2023\/08\/1483323615_on_mil-1.jpg?resize=150%2C150&amp;quality=89&amp;ssl=1 150w, https:\/\/i0.wp.com\/delices.lu\/wp-content\/uploads\/2023\/08\/1483323615_on_mil-1.jpg?resize=600%2C600&amp;quality=89&amp;ssl=1 600w, https:\/\/i0.wp.com\/delices.lu\/wp-content\/uploads\/2023\/08\/1483323615_on_mil-1.jpg?resize=100%2C100&amp;quality=89&amp;ssl=1 100w\" sizes=\"auto, (max-width: 300px) 100vw, 300px\" \/><\/a><div class=\"es-product-buttons-wrap\"><a href=\"\/de\/wp-json\/wp\/v2\/pages\/16520?add-to-cart=17150\" data-quantity=\"1\" class=\"button product_type_simple add_to_cart_button ajax_add_to_cart\" data-product_id=\"17150\" data-product_sku=\"1483323615\" aria-label=\"In den Warenkorb legen: \u201eToy&#039;s Fantasy - Schale mit Schneemann-Relief\u201c\" rel=\"nofollow\"><span class=\"es-cart-btn\">Zum Warenkorb hinzuf\u00fcgen<\/span><\/a><a href=\"#\" id=\"sp-wqv-view-button\" class=\"button sp-wqv-view-button after_add_to_cart\" data-id=\"17150\" data-effect=\"mfp-zoom-in\" data-wqv='{\"close_button\": 1, \"ajax_cart\": 1, \"image_title\" : false, \"lightbox\": 0,\"preloader\": 1,\"preloader_label\": \"Loading...\" } '>Quick View<\/a>\t<span id=\"woocommerce_loop_add_to_cart_link_describedby_17150\" class=\"screen-reader-text\">\n\t\t\t<\/span>\n\t\t<a href=\"\/de\/wp-json\/wp\/v2\/pages\/16520?add_to_wishlist=17150\" rel=\"nofollow\" data-product-id=\"17150\" data-product-type=\"simple\" class=\"add_to_wishlist\" >\r\n\t\t\t<span class=\"es-wish-btn\">Zum Wunschzettel hinzuf\u00fcgen<\/span>\t\t<\/a>\r\n\t<a href=\"#\" class=\"button yith-wcqv-button\" data-product_id=\"17150\">Vue Rapide<\/a><a href=\"https:\/\/delices.lu\/de\/produit\/toys-fantasy-schale-mit-schneemann-relief\/\" class=\"woocommerce-LoopProduct-link es-woo-product-link woocommerce-loop-product__link\"><span class=\"es-product-link\"><i class=\"fa fa-link\"><\/i><\/span> Details<\/a><\/div><!-- .es-product-buttons-wrap --><\/div><!-- .es-product-thumb-wrapper --><div class=\"es-product-title-wrap\"><a href=\"https:\/\/delices.lu\/de\/produit\/toys-fantasy-schale-mit-schneemann-relief\/\"><h2 class=\"woocommerce-loop-product__title\">Toy&#8217;s Fantasy &#8211; Schale mit Schneemann-Relief<\/h2> <\/a>\n\t<span class=\"price\"><span class=\"woocommerce-Price-amount amount\"><bdi><span class=\"woocommerce-Price-currencySymbol\">&euro;<\/span>34.90<\/bdi><\/span><\/span>\n<\/div><!-- .es-product-title-wrap --><\/li>\n<li class=\"product type-product post-14499 status-publish first instock product_cat-art-de-la-table-de product_cat-newmoon-de product_cat-teller-de product_cat-villeroy-boch-de product_tag-mittel product_tag-newmoon-de product_tag-salatschussel product_tag-weis has-post-thumbnail shipping-taxable purchasable product-type-simple\">\n\t<div class=\"es-product-thumb-wrapper\"><a href=\"https:\/\/delices.lu\/de\/produit\/newmoon-salatschuessel-m-weiss\/\" class=\"woocommerce-LoopProduct-link woocommerce-loop-product__link\"><img loading=\"lazy\" decoding=\"async\" width=\"300\" height=\"300\" src=\"https:\/\/i0.wp.com\/delices.lu\/wp-content\/uploads\/2023\/08\/1042643170_on_use-1.jpg?resize=300%2C300&amp;quality=89&amp;ssl=1\" class=\"attachment-woocommerce_thumbnail size-woocommerce_thumbnail\" alt=\"NewMoon - Salatsch\u00fcssel, M, wei\u00df\" srcset=\"https:\/\/i0.wp.com\/delices.lu\/wp-content\/uploads\/2023\/08\/1042643170_on_use-1.jpg?w=620&amp;quality=89&amp;ssl=1 620w, https:\/\/i0.wp.com\/delices.lu\/wp-content\/uploads\/2023\/08\/1042643170_on_use-1.jpg?resize=300%2C300&amp;quality=89&amp;ssl=1 300w, https:\/\/i0.wp.com\/delices.lu\/wp-content\/uploads\/2023\/08\/1042643170_on_use-1.jpg?resize=150%2C150&amp;quality=89&amp;ssl=1 150w, https:\/\/i0.wp.com\/delices.lu\/wp-content\/uploads\/2023\/08\/1042643170_on_use-1.jpg?resize=600%2C600&amp;quality=89&amp;ssl=1 600w, https:\/\/i0.wp.com\/delices.lu\/wp-content\/uploads\/2023\/08\/1042643170_on_use-1.jpg?resize=100%2C100&amp;quality=89&amp;ssl=1 100w\" sizes=\"auto, (max-width: 300px) 100vw, 300px\" \/><\/a><div class=\"es-product-buttons-wrap\"><a href=\"\/de\/wp-json\/wp\/v2\/pages\/16520?add-to-cart=14499\" data-quantity=\"1\" class=\"button product_type_simple add_to_cart_button ajax_add_to_cart\" data-product_id=\"14499\" data-product_sku=\"1042643170\" aria-label=\"In den Warenkorb legen: \u201eNewMoon - Salatsch\u00fcssel, M, wei\u00df\u201c\" rel=\"nofollow\"><span class=\"es-cart-btn\">Zum Warenkorb hinzuf\u00fcgen<\/span><\/a><a href=\"#\" id=\"sp-wqv-view-button\" class=\"button sp-wqv-view-button after_add_to_cart\" data-id=\"14499\" data-effect=\"mfp-zoom-in\" data-wqv='{\"close_button\": 1, \"ajax_cart\": 1, \"image_title\" : false, \"lightbox\": 0,\"preloader\": 1,\"preloader_label\": \"Loading...\" } '>Quick View<\/a>\t<span id=\"woocommerce_loop_add_to_cart_link_describedby_14499\" class=\"screen-reader-text\">\n\t\t\t<\/span>\n\t\t<a href=\"\/de\/wp-json\/wp\/v2\/pages\/16520?add_to_wishlist=14499\" rel=\"nofollow\" data-product-id=\"14499\" data-product-type=\"simple\" class=\"add_to_wishlist\" >\r\n\t\t\t<span class=\"es-wish-btn\">Zum Wunschzettel hinzuf\u00fcgen<\/span>\t\t<\/a>\r\n\t<a href=\"#\" class=\"button yith-wcqv-button\" data-product_id=\"14499\">Vue Rapide<\/a><a href=\"https:\/\/delices.lu\/de\/produit\/newmoon-salatschuessel-m-weiss\/\" class=\"woocommerce-LoopProduct-link es-woo-product-link woocommerce-loop-product__link\"><span class=\"es-product-link\"><i class=\"fa fa-link\"><\/i><\/span> Details<\/a><\/div><!-- .es-product-buttons-wrap --><\/div><!-- .es-product-thumb-wrapper --><div class=\"es-product-title-wrap\"><a href=\"https:\/\/delices.lu\/de\/produit\/newmoon-salatschuessel-m-weiss\/\"><h2 class=\"woocommerce-loop-product__title\">NewMoon &#8211; Salatsch\u00fcssel, M, wei\u00df<\/h2> <\/a>\n\t<span class=\"price\"><span class=\"woocommerce-Price-amount amount\"><bdi><span class=\"woocommerce-Price-currencySymbol\">&euro;<\/span>36.90<\/bdi><\/span><\/span>\n<\/div><!-- .es-product-title-wrap --><\/li>\n<li class=\"product type-product post-16078 status-publish instock product_cat-art-de-la-table-de product_cat-coupe-de product_cat-teller-de product_cat-villeroy-boch-de product_tag-afina-de product_tag-coupe-de product_tag-salatschussel product_tag-weis has-post-thumbnail shipping-taxable purchasable product-type-simple\">\n\t<div class=\"es-product-thumb-wrapper\"><a href=\"https:\/\/delices.lu\/de\/produit\/afina-salatschuessel-suppenschuessel-2-l\/\" class=\"woocommerce-LoopProduct-link woocommerce-loop-product__link\"><img loading=\"lazy\" decoding=\"async\" width=\"300\" height=\"300\" src=\"https:\/\/i0.wp.com\/delices.lu\/wp-content\/uploads\/2024\/04\/1042933170_on_fs-1.jpg?resize=300%2C300&amp;quality=89&amp;ssl=1\" class=\"attachment-woocommerce_thumbnail size-woocommerce_thumbnail\" alt=\"Afina - Salatsch\u00fcssel \/ Suppensch\u00fcssel 2 l\" srcset=\"https:\/\/i0.wp.com\/delices.lu\/wp-content\/uploads\/2024\/04\/1042933170_on_fs-1.jpg?w=620&amp;quality=89&amp;ssl=1 620w, https:\/\/i0.wp.com\/delices.lu\/wp-content\/uploads\/2024\/04\/1042933170_on_fs-1.jpg?resize=300%2C300&amp;quality=89&amp;ssl=1 300w, https:\/\/i0.wp.com\/delices.lu\/wp-content\/uploads\/2024\/04\/1042933170_on_fs-1.jpg?resize=150%2C150&amp;quality=89&amp;ssl=1 150w, https:\/\/i0.wp.com\/delices.lu\/wp-content\/uploads\/2024\/04\/1042933170_on_fs-1.jpg?resize=600%2C600&amp;quality=89&amp;ssl=1 600w, https:\/\/i0.wp.com\/delices.lu\/wp-content\/uploads\/2024\/04\/1042933170_on_fs-1.jpg?resize=100%2C100&amp;quality=89&amp;ssl=1 100w\" sizes=\"auto, (max-width: 300px) 100vw, 300px\" \/><\/a><div class=\"es-product-buttons-wrap\"><a href=\"\/de\/wp-json\/wp\/v2\/pages\/16520?add-to-cart=16078\" data-quantity=\"1\" class=\"button product_type_simple add_to_cart_button ajax_add_to_cart\" data-product_id=\"16078\" data-product_sku=\"1042933170\" aria-label=\"In den Warenkorb legen: \u201eAfina - Salatsch\u00fcssel \/ Suppensch\u00fcssel 2 l\u201c\" rel=\"nofollow\"><span class=\"es-cart-btn\">Zum Warenkorb hinzuf\u00fcgen<\/span><\/a><a href=\"#\" id=\"sp-wqv-view-button\" class=\"button sp-wqv-view-button after_add_to_cart\" data-id=\"16078\" data-effect=\"mfp-zoom-in\" data-wqv='{\"close_button\": 1, \"ajax_cart\": 1, \"image_title\" : false, \"lightbox\": 0,\"preloader\": 1,\"preloader_label\": \"Loading...\" } '>Quick View<\/a>\t<span id=\"woocommerce_loop_add_to_cart_link_describedby_16078\" class=\"screen-reader-text\">\n\t\t\t<\/span>\n\t\t<a href=\"\/de\/wp-json\/wp\/v2\/pages\/16520?add_to_wishlist=16078\" rel=\"nofollow\" data-product-id=\"16078\" data-product-type=\"simple\" class=\"add_to_wishlist\" >\r\n\t\t\t<span class=\"es-wish-btn\">Zum Wunschzettel hinzuf\u00fcgen<\/span>\t\t<\/a>\r\n\t<a href=\"#\" class=\"button yith-wcqv-button\" data-product_id=\"16078\">Vue Rapide<\/a><a href=\"https:\/\/delices.lu\/de\/produit\/afina-salatschuessel-suppenschuessel-2-l\/\" class=\"woocommerce-LoopProduct-link es-woo-product-link woocommerce-loop-product__link\"><span class=\"es-product-link\"><i class=\"fa fa-link\"><\/i><\/span> Details<\/a><\/div><!-- .es-product-buttons-wrap --><\/div><!-- .es-product-thumb-wrapper --><div class=\"es-product-title-wrap\"><a href=\"https:\/\/delices.lu\/de\/produit\/afina-salatschuessel-suppenschuessel-2-l\/\"><h2 class=\"woocommerce-loop-product__title\">Afina &#8211; Salatsch\u00fcssel \/ Suppensch\u00fcssel 2 l<\/h2> <\/a>\n\t<span class=\"price\"><span class=\"woocommerce-Price-amount amount\"><bdi><span class=\"woocommerce-Price-currencySymbol\">&euro;<\/span>36.90<\/bdi><\/span><\/span>\n<\/div><!-- .es-product-title-wrap --><\/li>\n<li class=\"product type-product post-15801 status-publish instock product_cat-art-de-la-table-de product_cat-fruehling product_cat-ostern product_cat-teller-de product_cat-villeroy-boch-de product_tag-decoration-de product_tag-hohle-platte product_tag-teller-de has-post-thumbnail shipping-taxable purchasable product-type-simple\">\n\t<div class=\"es-product-thumb-wrapper\"><a href=\"https:\/\/delices.lu\/de\/produit\/flacher-hohlkoerper-mittlere-groesse\/\" class=\"woocommerce-LoopProduct-link woocommerce-loop-product__link\"><img loading=\"lazy\" decoding=\"async\" width=\"300\" height=\"300\" src=\"https:\/\/i0.wp.com\/delices.lu\/wp-content\/uploads\/2023\/03\/1486443827_on_mil-1.jpg?resize=300%2C300&amp;quality=89&amp;ssl=1\" class=\"attachment-woocommerce_thumbnail size-woocommerce_thumbnail\" alt=\"Flacher Hohlk\u00f6rper mittlere Gr\u00f6\u00dfe\" srcset=\"https:\/\/i0.wp.com\/delices.lu\/wp-content\/uploads\/2023\/03\/1486443827_on_mil-1.jpg?w=620&amp;quality=89&amp;ssl=1 620w, https:\/\/i0.wp.com\/delices.lu\/wp-content\/uploads\/2023\/03\/1486443827_on_mil-1.jpg?resize=300%2C300&amp;quality=89&amp;ssl=1 300w, https:\/\/i0.wp.com\/delices.lu\/wp-content\/uploads\/2023\/03\/1486443827_on_mil-1.jpg?resize=150%2C150&amp;quality=89&amp;ssl=1 150w, https:\/\/i0.wp.com\/delices.lu\/wp-content\/uploads\/2023\/03\/1486443827_on_mil-1.jpg?resize=600%2C600&amp;quality=89&amp;ssl=1 600w, https:\/\/i0.wp.com\/delices.lu\/wp-content\/uploads\/2023\/03\/1486443827_on_mil-1.jpg?resize=100%2C100&amp;quality=89&amp;ssl=1 100w\" sizes=\"auto, (max-width: 300px) 100vw, 300px\" \/><\/a><div class=\"es-product-buttons-wrap\"><a href=\"\/de\/wp-json\/wp\/v2\/pages\/16520?add-to-cart=15801\" data-quantity=\"1\" class=\"button product_type_simple add_to_cart_button ajax_add_to_cart\" data-product_id=\"15801\" data-product_sku=\"1486443827\" aria-label=\"In den Warenkorb legen: \u201eFlacher Hohlk\u00f6rper mittlere Gr\u00f6\u00dfe\u201c\" rel=\"nofollow\"><span class=\"es-cart-btn\">Zum Warenkorb hinzuf\u00fcgen<\/span><\/a><a href=\"#\" id=\"sp-wqv-view-button\" class=\"button sp-wqv-view-button after_add_to_cart\" data-id=\"15801\" data-effect=\"mfp-zoom-in\" data-wqv='{\"close_button\": 1, \"ajax_cart\": 1, \"image_title\" : false, \"lightbox\": 0,\"preloader\": 1,\"preloader_label\": \"Loading...\" } '>Quick View<\/a>\t<span id=\"woocommerce_loop_add_to_cart_link_describedby_15801\" class=\"screen-reader-text\">\n\t\t\t<\/span>\n\t\t<a href=\"\/de\/wp-json\/wp\/v2\/pages\/16520?add_to_wishlist=15801\" rel=\"nofollow\" data-product-id=\"15801\" data-product-type=\"simple\" class=\"add_to_wishlist\" >\r\n\t\t\t<span class=\"es-wish-btn\">Zum Wunschzettel hinzuf\u00fcgen<\/span>\t\t<\/a>\r\n\t<a href=\"#\" class=\"button yith-wcqv-button\" data-product_id=\"15801\">Vue Rapide<\/a><a href=\"https:\/\/delices.lu\/de\/produit\/flacher-hohlkoerper-mittlere-groesse\/\" class=\"woocommerce-LoopProduct-link es-woo-product-link woocommerce-loop-product__link\"><span class=\"es-product-link\"><i class=\"fa fa-link\"><\/i><\/span> Details<\/a><\/div><!-- .es-product-buttons-wrap --><\/div><!-- .es-product-thumb-wrapper --><div class=\"es-product-title-wrap\"><a href=\"https:\/\/delices.lu\/de\/produit\/flacher-hohlkoerper-mittlere-groesse\/\"><h2 class=\"woocommerce-loop-product__title\">Flacher Hohlk\u00f6rper mittlere Gr\u00f6\u00dfe<\/h2> <\/a>\n\t<span class=\"price\"><span class=\"woocommerce-Price-amount amount\"><bdi><span class=\"woocommerce-Price-currencySymbol\">&euro;<\/span>37.90<\/bdi><\/span><\/span>\n<\/div><!-- .es-product-title-wrap --><\/li>\n<li class=\"product type-product post-14503 status-publish last instock product_cat-art-de-la-table-de product_cat-newmoon-de product_cat-teller-de product_cat-villeroy-boch-de product_tag-grose product_tag-newmoon-de product_tag-salatschussel product_tag-weis has-post-thumbnail shipping-taxable purchasable product-type-simple\">\n\t<div class=\"es-product-thumb-wrapper\"><a href=\"https:\/\/delices.lu\/de\/produit\/newmoon-grosse-salatschuessel-l-weiss\/\" class=\"woocommerce-LoopProduct-link woocommerce-loop-product__link\"><img loading=\"lazy\" decoding=\"async\" width=\"300\" height=\"300\" src=\"https:\/\/i0.wp.com\/delices.lu\/wp-content\/uploads\/2023\/08\/1042643160_on_use-1.jpg?resize=300%2C300&amp;quality=89&amp;ssl=1\" class=\"attachment-woocommerce_thumbnail size-woocommerce_thumbnail\" alt=\"NewMoon - Gro\u00dfe Salatsch\u00fcssel, L, wei\u00df\" srcset=\"https:\/\/i0.wp.com\/delices.lu\/wp-content\/uploads\/2023\/08\/1042643160_on_use-1.jpg?w=620&amp;quality=89&amp;ssl=1 620w, https:\/\/i0.wp.com\/delices.lu\/wp-content\/uploads\/2023\/08\/1042643160_on_use-1.jpg?resize=300%2C300&amp;quality=89&amp;ssl=1 300w, https:\/\/i0.wp.com\/delices.lu\/wp-content\/uploads\/2023\/08\/1042643160_on_use-1.jpg?resize=150%2C150&amp;quality=89&amp;ssl=1 150w, https:\/\/i0.wp.com\/delices.lu\/wp-content\/uploads\/2023\/08\/1042643160_on_use-1.jpg?resize=600%2C600&amp;quality=89&amp;ssl=1 600w, https:\/\/i0.wp.com\/delices.lu\/wp-content\/uploads\/2023\/08\/1042643160_on_use-1.jpg?resize=100%2C100&amp;quality=89&amp;ssl=1 100w\" sizes=\"auto, (max-width: 300px) 100vw, 300px\" \/><\/a><div class=\"es-product-buttons-wrap\"><a href=\"\/de\/wp-json\/wp\/v2\/pages\/16520?add-to-cart=14503\" data-quantity=\"1\" class=\"button product_type_simple add_to_cart_button ajax_add_to_cart\" data-product_id=\"14503\" data-product_sku=\"1042643160\" aria-label=\"In den Warenkorb legen: \u201eNewMoon - Gro\u00dfe Salatsch\u00fcssel, L, wei\u00df\u201c\" rel=\"nofollow\"><span class=\"es-cart-btn\">Zum Warenkorb hinzuf\u00fcgen<\/span><\/a><a href=\"#\" id=\"sp-wqv-view-button\" class=\"button sp-wqv-view-button after_add_to_cart\" data-id=\"14503\" data-effect=\"mfp-zoom-in\" data-wqv='{\"close_button\": 1, \"ajax_cart\": 1, \"image_title\" : false, \"lightbox\": 0,\"preloader\": 1,\"preloader_label\": \"Loading...\" } '>Quick View<\/a>\t<span id=\"woocommerce_loop_add_to_cart_link_describedby_14503\" class=\"screen-reader-text\">\n\t\t\t<\/span>\n\t\t<a href=\"\/de\/wp-json\/wp\/v2\/pages\/16520?add_to_wishlist=14503\" rel=\"nofollow\" data-product-id=\"14503\" data-product-type=\"simple\" class=\"add_to_wishlist\" >\r\n\t\t\t<span class=\"es-wish-btn\">Zum Wunschzettel hinzuf\u00fcgen<\/span>\t\t<\/a>\r\n\t<a href=\"#\" class=\"button yith-wcqv-button\" data-product_id=\"14503\">Vue Rapide<\/a><a href=\"https:\/\/delices.lu\/de\/produit\/newmoon-grosse-salatschuessel-l-weiss\/\" class=\"woocommerce-LoopProduct-link es-woo-product-link woocommerce-loop-product__link\"><span class=\"es-product-link\"><i class=\"fa fa-link\"><\/i><\/span> Details<\/a><\/div><!-- .es-product-buttons-wrap --><\/div><!-- .es-product-thumb-wrapper --><div class=\"es-product-title-wrap\"><a href=\"https:\/\/delices.lu\/de\/produit\/newmoon-grosse-salatschuessel-l-weiss\/\"><h2 class=\"woocommerce-loop-product__title\">NewMoon &#8211; Gro\u00dfe Salatsch\u00fcssel, L, wei\u00df<\/h2> <\/a>\n\t<span class=\"price\"><span class=\"woocommerce-Price-amount amount\"><bdi><span class=\"woocommerce-Price-currencySymbol\">&euro;<\/span>47.90<\/bdi><\/span><\/span>\n<\/div><!-- .es-product-title-wrap --><\/li>\n<li class=\"product type-product post-16086 status-publish first instock product_cat-art-de-la-table-de product_cat-coupe-de product_cat-schussel product_cat-teller-de product_cat-villeroy-boch-de product_tag-afina-de product_tag-coupe-de product_tag-salatschussel product_tag-weis has-post-thumbnail shipping-taxable purchasable product-type-simple\">\n\t<div class=\"es-product-thumb-wrapper\"><a href=\"https:\/\/delices.lu\/de\/produit\/afina-salatschuessel-suppenschuessel-25-l\/\" class=\"woocommerce-LoopProduct-link woocommerce-loop-product__link\"><img loading=\"lazy\" decoding=\"async\" width=\"300\" height=\"300\" src=\"https:\/\/i0.wp.com\/delices.lu\/wp-content\/uploads\/2024\/04\/1042933180_1042932620_on_mil-1.jpg?resize=300%2C300&amp;quality=89&amp;ssl=1\" class=\"attachment-woocommerce_thumbnail size-woocommerce_thumbnail\" alt=\"Afina - Salatsch\u00fcssel \/ Suppensch\u00fcssel 2,5 l\" srcset=\"https:\/\/i0.wp.com\/delices.lu\/wp-content\/uploads\/2024\/04\/1042933180_1042932620_on_mil-1.jpg?w=620&amp;quality=89&amp;ssl=1 620w, https:\/\/i0.wp.com\/delices.lu\/wp-content\/uploads\/2024\/04\/1042933180_1042932620_on_mil-1.jpg?resize=300%2C300&amp;quality=89&amp;ssl=1 300w, https:\/\/i0.wp.com\/delices.lu\/wp-content\/uploads\/2024\/04\/1042933180_1042932620_on_mil-1.jpg?resize=150%2C150&amp;quality=89&amp;ssl=1 150w, https:\/\/i0.wp.com\/delices.lu\/wp-content\/uploads\/2024\/04\/1042933180_1042932620_on_mil-1.jpg?resize=600%2C600&amp;quality=89&amp;ssl=1 600w, https:\/\/i0.wp.com\/delices.lu\/wp-content\/uploads\/2024\/04\/1042933180_1042932620_on_mil-1.jpg?resize=100%2C100&amp;quality=89&amp;ssl=1 100w\" sizes=\"auto, (max-width: 300px) 100vw, 300px\" \/><\/a><div class=\"es-product-buttons-wrap\"><a href=\"\/de\/wp-json\/wp\/v2\/pages\/16520?add-to-cart=16086\" data-quantity=\"1\" class=\"button product_type_simple add_to_cart_button ajax_add_to_cart\" data-product_id=\"16086\" data-product_sku=\"1042933160\" aria-label=\"In den Warenkorb legen: \u201eAfina - Salatsch\u00fcssel \/ Suppensch\u00fcssel 2,5 l\u201c\" rel=\"nofollow\"><span class=\"es-cart-btn\">Zum Warenkorb hinzuf\u00fcgen<\/span><\/a><a href=\"#\" id=\"sp-wqv-view-button\" class=\"button sp-wqv-view-button after_add_to_cart\" data-id=\"16086\" data-effect=\"mfp-zoom-in\" data-wqv='{\"close_button\": 1, \"ajax_cart\": 1, \"image_title\" : false, \"lightbox\": 0,\"preloader\": 1,\"preloader_label\": \"Loading...\" } '>Quick View<\/a>\t<span id=\"woocommerce_loop_add_to_cart_link_describedby_16086\" class=\"screen-reader-text\">\n\t\t\t<\/span>\n\t\t<a href=\"\/de\/wp-json\/wp\/v2\/pages\/16520?add_to_wishlist=16086\" rel=\"nofollow\" data-product-id=\"16086\" data-product-type=\"simple\" class=\"add_to_wishlist\" >\r\n\t\t\t<span class=\"es-wish-btn\">Zum Wunschzettel hinzuf\u00fcgen<\/span>\t\t<\/a>\r\n\t<a href=\"#\" class=\"button yith-wcqv-button\" data-product_id=\"16086\">Vue Rapide<\/a><a href=\"https:\/\/delices.lu\/de\/produit\/afina-salatschuessel-suppenschuessel-25-l\/\" class=\"woocommerce-LoopProduct-link es-woo-product-link woocommerce-loop-product__link\"><span class=\"es-product-link\"><i class=\"fa fa-link\"><\/i><\/span> Details<\/a><\/div><!-- .es-product-buttons-wrap --><\/div><!-- .es-product-thumb-wrapper --><div class=\"es-product-title-wrap\"><a href=\"https:\/\/delices.lu\/de\/produit\/afina-salatschuessel-suppenschuessel-25-l\/\"><h2 class=\"woocommerce-loop-product__title\">Afina &#8211; Salatsch\u00fcssel \/ Suppensch\u00fcssel 2,5 l<\/h2> <\/a>\n\t<span class=\"price\"><span class=\"woocommerce-Price-amount amount\"><bdi><span class=\"woocommerce-Price-currencySymbol\">&euro;<\/span>47.90<\/bdi><\/span><\/span>\n<\/div><!-- .es-product-title-wrap --><\/li>\n<li class=\"product type-product post-15316 status-publish instock product_cat-art-de-la-table-de product_cat-teller-de product_cat-villeroy-boch-de product_tag-beige-de product_tag-perlemor-sand-de product_tag-salatschussel has-post-thumbnail shipping-taxable purchasable product-type-simple\">\n\t<div class=\"es-product-thumb-wrapper\"><a href=\"https:\/\/delices.lu\/de\/produit\/perlemor-sand-grosse-salatschuessel-beige\/\" class=\"woocommerce-LoopProduct-link woocommerce-loop-product__link\"><img loading=\"lazy\" decoding=\"async\" width=\"300\" height=\"300\" src=\"https:\/\/i0.wp.com\/delices.lu\/wp-content\/uploads\/2023\/05\/1951723170_on_use-2.jpg?resize=300%2C300&amp;quality=89&amp;ssl=1\" class=\"attachment-woocommerce_thumbnail size-woocommerce_thumbnail\" alt=\"Perlemor Sand - Gro\u00dfe Salatsch\u00fcssel, beige\" srcset=\"https:\/\/i0.wp.com\/delices.lu\/wp-content\/uploads\/2023\/05\/1951723170_on_use-2.jpg?w=620&amp;quality=89&amp;ssl=1 620w, https:\/\/i0.wp.com\/delices.lu\/wp-content\/uploads\/2023\/05\/1951723170_on_use-2.jpg?resize=300%2C300&amp;quality=89&amp;ssl=1 300w, https:\/\/i0.wp.com\/delices.lu\/wp-content\/uploads\/2023\/05\/1951723170_on_use-2.jpg?resize=150%2C150&amp;quality=89&amp;ssl=1 150w, https:\/\/i0.wp.com\/delices.lu\/wp-content\/uploads\/2023\/05\/1951723170_on_use-2.jpg?resize=600%2C600&amp;quality=89&amp;ssl=1 600w, https:\/\/i0.wp.com\/delices.lu\/wp-content\/uploads\/2023\/05\/1951723170_on_use-2.jpg?resize=100%2C100&amp;quality=89&amp;ssl=1 100w\" sizes=\"auto, (max-width: 300px) 100vw, 300px\" \/><\/a><div class=\"es-product-buttons-wrap\"><a href=\"\/de\/wp-json\/wp\/v2\/pages\/16520?add-to-cart=15316\" data-quantity=\"1\" class=\"button product_type_simple add_to_cart_button ajax_add_to_cart\" data-product_id=\"15316\" data-product_sku=\"1951723170\" aria-label=\"In den Warenkorb legen: \u201ePerlemor Sand - Gro\u00dfe Salatsch\u00fcssel, beige\u201c\" rel=\"nofollow\"><span class=\"es-cart-btn\">Zum Warenkorb hinzuf\u00fcgen<\/span><\/a><a href=\"#\" id=\"sp-wqv-view-button\" class=\"button sp-wqv-view-button after_add_to_cart\" data-id=\"15316\" data-effect=\"mfp-zoom-in\" data-wqv='{\"close_button\": 1, \"ajax_cart\": 1, \"image_title\" : false, \"lightbox\": 0,\"preloader\": 1,\"preloader_label\": \"Loading...\" } '>Quick View<\/a>\t<span id=\"woocommerce_loop_add_to_cart_link_describedby_15316\" class=\"screen-reader-text\">\n\t\t\t<\/span>\n\t\t<a href=\"\/de\/wp-json\/wp\/v2\/pages\/16520?add_to_wishlist=15316\" rel=\"nofollow\" data-product-id=\"15316\" data-product-type=\"simple\" class=\"add_to_wishlist\" >\r\n\t\t\t<span class=\"es-wish-btn\">Zum Wunschzettel hinzuf\u00fcgen<\/span>\t\t<\/a>\r\n\t<a href=\"#\" class=\"button yith-wcqv-button\" data-product_id=\"15316\">Vue Rapide<\/a><a href=\"https:\/\/delices.lu\/de\/produit\/perlemor-sand-grosse-salatschuessel-beige\/\" class=\"woocommerce-LoopProduct-link es-woo-product-link woocommerce-loop-product__link\"><span class=\"es-product-link\"><i class=\"fa fa-link\"><\/i><\/span> Details<\/a><\/div><!-- .es-product-buttons-wrap --><\/div><!-- .es-product-thumb-wrapper --><div class=\"es-product-title-wrap\"><a href=\"https:\/\/delices.lu\/de\/produit\/perlemor-sand-grosse-salatschuessel-beige\/\"><h2 class=\"woocommerce-loop-product__title\">Perlemor Sand &#8211; Gro\u00dfe Salatsch\u00fcssel, beige<\/h2> <\/a>\n\t<span class=\"price\"><span class=\"woocommerce-Price-amount amount\"><bdi><span class=\"woocommerce-Price-currencySymbol\">&euro;<\/span>49.90<\/bdi><\/span><\/span>\n<\/div><!-- .es-product-title-wrap --><\/li>\n<li class=\"product type-product post-16025 status-publish instock product_cat-art-de-la-table-de product_cat-salatschussel product_cat-teller-de product_cat-villeroy-boch-de product_tag-grun-de product_tag-hohle-platte product_tag-perlemor-alga-de product_tag-salatschussel has-post-thumbnail shipping-taxable purchasable product-type-simple\">\n\t<div class=\"es-product-thumb-wrapper\"><a href=\"https:\/\/delices.lu\/de\/produit\/perlemor-alga-salatschuessel-3-l\/\" class=\"woocommerce-LoopProduct-link woocommerce-loop-product__link\"><img loading=\"lazy\" decoding=\"async\" width=\"300\" height=\"300\" src=\"https:\/\/i0.wp.com\/delices.lu\/wp-content\/uploads\/2024\/05\/1951743170_on_fs-1.jpg?resize=300%2C300&amp;quality=89&amp;ssl=1\" class=\"attachment-woocommerce_thumbnail size-woocommerce_thumbnail\" alt=\"Perlemor Alga - Salatsch\u00fcssel - 3 L\" srcset=\"https:\/\/i0.wp.com\/delices.lu\/wp-content\/uploads\/2024\/05\/1951743170_on_fs-1.jpg?w=620&amp;quality=89&amp;ssl=1 620w, https:\/\/i0.wp.com\/delices.lu\/wp-content\/uploads\/2024\/05\/1951743170_on_fs-1.jpg?resize=300%2C300&amp;quality=89&amp;ssl=1 300w, https:\/\/i0.wp.com\/delices.lu\/wp-content\/uploads\/2024\/05\/1951743170_on_fs-1.jpg?resize=150%2C150&amp;quality=89&amp;ssl=1 150w, https:\/\/i0.wp.com\/delices.lu\/wp-content\/uploads\/2024\/05\/1951743170_on_fs-1.jpg?resize=600%2C600&amp;quality=89&amp;ssl=1 600w, https:\/\/i0.wp.com\/delices.lu\/wp-content\/uploads\/2024\/05\/1951743170_on_fs-1.jpg?resize=100%2C100&amp;quality=89&amp;ssl=1 100w\" sizes=\"auto, (max-width: 300px) 100vw, 300px\" \/><\/a><div class=\"es-product-buttons-wrap\"><a href=\"\/de\/wp-json\/wp\/v2\/pages\/16520?add-to-cart=16025\" data-quantity=\"1\" class=\"button product_type_simple add_to_cart_button ajax_add_to_cart\" data-product_id=\"16025\" data-product_sku=\"1951743170\" aria-label=\"In den Warenkorb legen: \u201ePerlemor Alga - Salatsch\u00fcssel - 3 L\u201c\" rel=\"nofollow\"><span class=\"es-cart-btn\">Zum Warenkorb hinzuf\u00fcgen<\/span><\/a><a href=\"#\" id=\"sp-wqv-view-button\" class=\"button sp-wqv-view-button after_add_to_cart\" data-id=\"16025\" data-effect=\"mfp-zoom-in\" data-wqv='{\"close_button\": 1, \"ajax_cart\": 1, \"image_title\" : false, \"lightbox\": 0,\"preloader\": 1,\"preloader_label\": \"Loading...\" } '>Quick View<\/a>\t<span id=\"woocommerce_loop_add_to_cart_link_describedby_16025\" class=\"screen-reader-text\">\n\t\t\t<\/span>\n\t\t<a href=\"\/de\/wp-json\/wp\/v2\/pages\/16520?add_to_wishlist=16025\" rel=\"nofollow\" data-product-id=\"16025\" data-product-type=\"simple\" class=\"add_to_wishlist\" >\r\n\t\t\t<span class=\"es-wish-btn\">Zum Wunschzettel hinzuf\u00fcgen<\/span>\t\t<\/a>\r\n\t<a href=\"#\" class=\"button yith-wcqv-button\" data-product_id=\"16025\">Vue Rapide<\/a><a href=\"https:\/\/delices.lu\/de\/produit\/perlemor-alga-salatschuessel-3-l\/\" class=\"woocommerce-LoopProduct-link es-woo-product-link woocommerce-loop-product__link\"><span class=\"es-product-link\"><i class=\"fa fa-link\"><\/i><\/span> Details<\/a><\/div><!-- .es-product-buttons-wrap --><\/div><!-- .es-product-thumb-wrapper --><div class=\"es-product-title-wrap\"><a href=\"https:\/\/delices.lu\/de\/produit\/perlemor-alga-salatschuessel-3-l\/\"><h2 class=\"woocommerce-loop-product__title\">Perlemor Alga &#8211; Salatsch\u00fcssel &#8211; 3 L<\/h2> <\/a>\n\t<span class=\"price\"><span class=\"woocommerce-Price-amount amount\"><bdi><span class=\"woocommerce-Price-currencySymbol\">&euro;<\/span>49.90<\/bdi><\/span><\/span>\n<\/div><!-- .es-product-title-wrap --><\/li>\n<li class=\"product type-product post-16062 status-publish last instock product_cat-art-de-la-table-de product_cat-teller-de product_cat-villeroy-boch-de product_tag-grose-salatschussel product_tag-koralle product_tag-perlemor-coral-de product_tag-rosa has-post-thumbnail shipping-taxable purchasable product-type-simple\">\n\t<div class=\"es-product-thumb-wrapper\"><a href=\"https:\/\/delices.lu\/de\/produit\/perlemor-coral-grosse-salatschuessel\/\" class=\"woocommerce-LoopProduct-link woocommerce-loop-product__link\"><img loading=\"lazy\" decoding=\"async\" width=\"300\" height=\"300\" src=\"https:\/\/i0.wp.com\/delices.lu\/wp-content\/uploads\/2024\/05\/1951733170_on_fs-m-1.jpg?resize=300%2C300&amp;quality=89&amp;ssl=1\" class=\"attachment-woocommerce_thumbnail size-woocommerce_thumbnail\" alt=\"Perlemor Coral - Gro\u00dfe Salatsch\u00fcssel\" srcset=\"https:\/\/i0.wp.com\/delices.lu\/wp-content\/uploads\/2024\/05\/1951733170_on_fs-m-1.jpg?w=620&amp;quality=89&amp;ssl=1 620w, https:\/\/i0.wp.com\/delices.lu\/wp-content\/uploads\/2024\/05\/1951733170_on_fs-m-1.jpg?resize=300%2C300&amp;quality=89&amp;ssl=1 300w, https:\/\/i0.wp.com\/delices.lu\/wp-content\/uploads\/2024\/05\/1951733170_on_fs-m-1.jpg?resize=150%2C150&amp;quality=89&amp;ssl=1 150w, https:\/\/i0.wp.com\/delices.lu\/wp-content\/uploads\/2024\/05\/1951733170_on_fs-m-1.jpg?resize=600%2C600&amp;quality=89&amp;ssl=1 600w, https:\/\/i0.wp.com\/delices.lu\/wp-content\/uploads\/2024\/05\/1951733170_on_fs-m-1.jpg?resize=100%2C100&amp;quality=89&amp;ssl=1 100w\" sizes=\"auto, (max-width: 300px) 100vw, 300px\" \/><\/a><div class=\"es-product-buttons-wrap\"><a href=\"\/de\/wp-json\/wp\/v2\/pages\/16520?add-to-cart=16062\" data-quantity=\"1\" class=\"button product_type_simple add_to_cart_button ajax_add_to_cart\" data-product_id=\"16062\" data-product_sku=\"1951733170\" aria-label=\"In den Warenkorb legen: \u201ePerlemor Coral - Gro\u00dfe Salatsch\u00fcssel\u201c\" rel=\"nofollow\"><span class=\"es-cart-btn\">Zum Warenkorb hinzuf\u00fcgen<\/span><\/a><a href=\"#\" id=\"sp-wqv-view-button\" class=\"button sp-wqv-view-button after_add_to_cart\" data-id=\"16062\" data-effect=\"mfp-zoom-in\" data-wqv='{\"close_button\": 1, \"ajax_cart\": 1, \"image_title\" : false, \"lightbox\": 0,\"preloader\": 1,\"preloader_label\": \"Loading...\" } '>Quick View<\/a>\t<span id=\"woocommerce_loop_add_to_cart_link_describedby_16062\" class=\"screen-reader-text\">\n\t\t\t<\/span>\n\t\t<a href=\"\/de\/wp-json\/wp\/v2\/pages\/16520?add_to_wishlist=16062\" rel=\"nofollow\" data-product-id=\"16062\" data-product-type=\"simple\" class=\"add_to_wishlist\" >\r\n\t\t\t<span class=\"es-wish-btn\">Zum Wunschzettel hinzuf\u00fcgen<\/span>\t\t<\/a>\r\n\t<a href=\"#\" class=\"button yith-wcqv-button\" data-product_id=\"16062\">Vue Rapide<\/a><a href=\"https:\/\/delices.lu\/de\/produit\/perlemor-coral-grosse-salatschuessel\/\" class=\"woocommerce-LoopProduct-link es-woo-product-link woocommerce-loop-product__link\"><span class=\"es-product-link\"><i class=\"fa fa-link\"><\/i><\/span> Details<\/a><\/div><!-- .es-product-buttons-wrap --><\/div><!-- .es-product-thumb-wrapper --><div class=\"es-product-title-wrap\"><a href=\"https:\/\/delices.lu\/de\/produit\/perlemor-coral-grosse-salatschuessel\/\"><h2 class=\"woocommerce-loop-product__title\">Perlemor Coral &#8211; Gro\u00dfe Salatsch\u00fcssel<\/h2> <\/a>\n\t<span class=\"price\"><span class=\"woocommerce-Price-amount amount\"><bdi><span class=\"woocommerce-Price-currencySymbol\">&euro;<\/span>49.90<\/bdi><\/span><\/span>\n<\/div><!-- .es-product-title-wrap --><\/li>\n<li class=\"product type-product post-16268 status-publish first instock product_cat-art-de-la-table-de product_cat-fruehling product_cat-ostern product_cat-spring-fantasy-de product_cat-teller-de product_cat-villeroy-boch-de product_tag-decoration-de product_tag-hohle-platte product_tag-teller-de has-post-thumbnail shipping-taxable purchasable product-type-simple\">\n\t<div class=\"es-product-thumb-wrapper\"><a href=\"https:\/\/delices.lu\/de\/produit\/spring-fantasy-grosse-flache-schale-30-cm\/\" class=\"woocommerce-LoopProduct-link woocommerce-loop-product__link\"><img loading=\"lazy\" decoding=\"async\" width=\"300\" height=\"300\" src=\"https:\/\/i0.wp.com\/delices.lu\/wp-content\/uploads\/2023\/03\/1486443777_on_mil-1.jpg?resize=300%2C300&amp;quality=89&amp;ssl=1\" class=\"attachment-woocommerce_thumbnail size-woocommerce_thumbnail\" alt=\"Spring Fantasy - Gro\u00dfe flache Schale - 30 cm\" srcset=\"https:\/\/i0.wp.com\/delices.lu\/wp-content\/uploads\/2023\/03\/1486443777_on_mil-1.jpg?w=620&amp;quality=89&amp;ssl=1 620w, https:\/\/i0.wp.com\/delices.lu\/wp-content\/uploads\/2023\/03\/1486443777_on_mil-1.jpg?resize=300%2C300&amp;quality=89&amp;ssl=1 300w, https:\/\/i0.wp.com\/delices.lu\/wp-content\/uploads\/2023\/03\/1486443777_on_mil-1.jpg?resize=150%2C150&amp;quality=89&amp;ssl=1 150w, https:\/\/i0.wp.com\/delices.lu\/wp-content\/uploads\/2023\/03\/1486443777_on_mil-1.jpg?resize=600%2C600&amp;quality=89&amp;ssl=1 600w, https:\/\/i0.wp.com\/delices.lu\/wp-content\/uploads\/2023\/03\/1486443777_on_mil-1.jpg?resize=100%2C100&amp;quality=89&amp;ssl=1 100w\" sizes=\"auto, (max-width: 300px) 100vw, 300px\" \/><\/a><div class=\"es-product-buttons-wrap\"><a href=\"\/de\/wp-json\/wp\/v2\/pages\/16520?add-to-cart=16268\" data-quantity=\"1\" class=\"button product_type_simple add_to_cart_button ajax_add_to_cart\" data-product_id=\"16268\" data-product_sku=\"1486443777\" aria-label=\"In den Warenkorb legen: \u201eSpring Fantasy - Gro\u00dfe flache Schale - 30 cm\u201c\" rel=\"nofollow\"><span class=\"es-cart-btn\">Zum Warenkorb hinzuf\u00fcgen<\/span><\/a><a href=\"#\" id=\"sp-wqv-view-button\" class=\"button sp-wqv-view-button after_add_to_cart\" data-id=\"16268\" data-effect=\"mfp-zoom-in\" data-wqv='{\"close_button\": 1, \"ajax_cart\": 1, \"image_title\" : false, \"lightbox\": 0,\"preloader\": 1,\"preloader_label\": \"Loading...\" } '>Quick View<\/a>\t<span id=\"woocommerce_loop_add_to_cart_link_describedby_16268\" class=\"screen-reader-text\">\n\t\t\t<\/span>\n\t\t<a href=\"\/de\/wp-json\/wp\/v2\/pages\/16520?add_to_wishlist=16268\" rel=\"nofollow\" data-product-id=\"16268\" data-product-type=\"simple\" class=\"add_to_wishlist\" >\r\n\t\t\t<span class=\"es-wish-btn\">Zum Wunschzettel hinzuf\u00fcgen<\/span>\t\t<\/a>\r\n\t<a href=\"#\" class=\"button yith-wcqv-button\" data-product_id=\"16268\">Vue Rapide<\/a><a href=\"https:\/\/delices.lu\/de\/produit\/spring-fantasy-grosse-flache-schale-30-cm\/\" class=\"woocommerce-LoopProduct-link es-woo-product-link woocommerce-loop-product__link\"><span class=\"es-product-link\"><i class=\"fa fa-link\"><\/i><\/span> Details<\/a><\/div><!-- .es-product-buttons-wrap --><\/div><!-- .es-product-thumb-wrapper --><div class=\"es-product-title-wrap\"><a href=\"https:\/\/delices.lu\/de\/produit\/spring-fantasy-grosse-flache-schale-30-cm\/\"><h2 class=\"woocommerce-loop-product__title\">Spring Fantasy &#8211; Gro\u00dfe flache Schale &#8211; 30 cm<\/h2> <\/a>\n\t<span class=\"price\"><span class=\"woocommerce-Price-amount amount\"><bdi><span class=\"woocommerce-Price-currencySymbol\">&euro;<\/span>49.90<\/bdi><\/span><\/span>\n<\/div><!-- .es-product-title-wrap --><\/li>\n<li class=\"product type-product post-16970 status-publish instock product_cat-art-de-la-table-de product_cat-teller product_cat-teller-de product_cat-villeroy-boch-de product_cat-weihnachten product_tag-groser-teller product_tag-plate-de product_tag-prasentation product_tag-rundschreiben product_tag-weihnachtsdekorationen has-post-thumbnail shipping-taxable purchasable product-type-simple\">\n\t<div class=\"es-product-thumb-wrapper\"><a href=\"https:\/\/delices.lu\/de\/produit\/platzteller\/\" class=\"woocommerce-LoopProduct-link woocommerce-loop-product__link\"><img loading=\"lazy\" decoding=\"async\" width=\"300\" height=\"300\" src=\"https:\/\/i0.wp.com\/delices.lu\/wp-content\/uploads\/2024\/06\/1485852680.jpg?resize=300%2C300&amp;quality=89&amp;ssl=1\" class=\"attachment-woocommerce_thumbnail size-woocommerce_thumbnail\" alt=\"Platzteller\" srcset=\"https:\/\/i0.wp.com\/delices.lu\/wp-content\/uploads\/2024\/06\/1485852680.jpg?w=620&amp;quality=89&amp;ssl=1 620w, https:\/\/i0.wp.com\/delices.lu\/wp-content\/uploads\/2024\/06\/1485852680.jpg?resize=300%2C300&amp;quality=89&amp;ssl=1 300w, https:\/\/i0.wp.com\/delices.lu\/wp-content\/uploads\/2024\/06\/1485852680.jpg?resize=150%2C150&amp;quality=89&amp;ssl=1 150w, https:\/\/i0.wp.com\/delices.lu\/wp-content\/uploads\/2024\/06\/1485852680.jpg?resize=600%2C600&amp;quality=89&amp;ssl=1 600w, https:\/\/i0.wp.com\/delices.lu\/wp-content\/uploads\/2024\/06\/1485852680.jpg?resize=100%2C100&amp;quality=89&amp;ssl=1 100w\" sizes=\"auto, (max-width: 300px) 100vw, 300px\" \/><\/a><div class=\"es-product-buttons-wrap\"><a href=\"\/de\/wp-json\/wp\/v2\/pages\/16520?add-to-cart=16970\" data-quantity=\"1\" class=\"button product_type_simple add_to_cart_button ajax_add_to_cart\" data-product_id=\"16970\" data-product_sku=\"1485852680\" aria-label=\"In den Warenkorb legen: \u201ePlatzteller\u201c\" rel=\"nofollow\"><span class=\"es-cart-btn\">Zum Warenkorb hinzuf\u00fcgen<\/span><\/a><a href=\"#\" id=\"sp-wqv-view-button\" class=\"button sp-wqv-view-button after_add_to_cart\" data-id=\"16970\" data-effect=\"mfp-zoom-in\" data-wqv='{\"close_button\": 1, \"ajax_cart\": 1, \"image_title\" : false, \"lightbox\": 0,\"preloader\": 1,\"preloader_label\": \"Loading...\" } '>Quick View<\/a>\t<span id=\"woocommerce_loop_add_to_cart_link_describedby_16970\" class=\"screen-reader-text\">\n\t\t\t<\/span>\n\t\t<a href=\"\/de\/wp-json\/wp\/v2\/pages\/16520?add_to_wishlist=16970\" rel=\"nofollow\" data-product-id=\"16970\" data-product-type=\"simple\" class=\"add_to_wishlist\" >\r\n\t\t\t<span class=\"es-wish-btn\">Zum Wunschzettel hinzuf\u00fcgen<\/span>\t\t<\/a>\r\n\t<a href=\"#\" class=\"button yith-wcqv-button\" data-product_id=\"16970\">Vue Rapide<\/a><a href=\"https:\/\/delices.lu\/de\/produit\/platzteller\/\" class=\"woocommerce-LoopProduct-link es-woo-product-link woocommerce-loop-product__link\"><span class=\"es-product-link\"><i class=\"fa fa-link\"><\/i><\/span> Details<\/a><\/div><!-- .es-product-buttons-wrap --><\/div><!-- .es-product-thumb-wrapper --><div class=\"es-product-title-wrap\"><a href=\"https:\/\/delices.lu\/de\/produit\/platzteller\/\"><h2 class=\"woocommerce-loop-product__title\">Platzteller<\/h2> <\/a>\n\t<span class=\"price\"><span class=\"woocommerce-Price-amount amount\"><bdi><span class=\"woocommerce-Price-currencySymbol\">&euro;<\/span>49.90<\/bdi><\/span><\/span>\n<\/div><!-- .es-product-title-wrap --><\/li>\n<li class=\"product type-product post-14824 status-publish instock product_cat-art-de-la-table-de product_cat-schussel product_cat-teller-de product_cat-villeroy-boch-de product_tag-gewurze product_tag-manufaktur-rock product_tag-schalen product_tag-schwarz-matt product_tag-set-mit-4-stuck has-post-thumbnail shipping-taxable purchasable product-type-variable\">\n\t<div class=\"es-product-thumb-wrapper\"><a href=\"https:\/\/delices.lu\/de\/produit\/manufacture-rock-3er-set-kleine-schwarze-schalen-auf-platte\/\" class=\"woocommerce-LoopProduct-link woocommerce-loop-product__link\"><img loading=\"lazy\" decoding=\"async\" width=\"300\" height=\"300\" src=\"https:\/\/i0.wp.com\/delices.lu\/wp-content\/uploads\/2023\/07\/1042399023_on_mil-1.jpg?resize=300%2C300&amp;quality=89&amp;ssl=1\" class=\"attachment-woocommerce_thumbnail size-woocommerce_thumbnail\" alt=\"Manufacture Rock - 3er-Set, kleine schwarze Schalen auf Platte\" srcset=\"https:\/\/i0.wp.com\/delices.lu\/wp-content\/uploads\/2023\/07\/1042399023_on_mil-1.jpg?w=620&amp;quality=89&amp;ssl=1 620w, https:\/\/i0.wp.com\/delices.lu\/wp-content\/uploads\/2023\/07\/1042399023_on_mil-1.jpg?resize=300%2C300&amp;quality=89&amp;ssl=1 300w, https:\/\/i0.wp.com\/delices.lu\/wp-content\/uploads\/2023\/07\/1042399023_on_mil-1.jpg?resize=150%2C150&amp;quality=89&amp;ssl=1 150w, https:\/\/i0.wp.com\/delices.lu\/wp-content\/uploads\/2023\/07\/1042399023_on_mil-1.jpg?resize=600%2C600&amp;quality=89&amp;ssl=1 600w, https:\/\/i0.wp.com\/delices.lu\/wp-content\/uploads\/2023\/07\/1042399023_on_mil-1.jpg?resize=100%2C100&amp;quality=89&amp;ssl=1 100w\" sizes=\"auto, (max-width: 300px) 100vw, 300px\" \/><\/a><div class=\"es-product-buttons-wrap\"><a href=\"https:\/\/delices.lu\/de\/produit\/manufacture-rock-3er-set-kleine-schwarze-schalen-auf-platte\/\" data-quantity=\"1\" class=\"button product_type_variable\" data-product_id=\"14824\" data-product_sku=\"1042399023\" aria-label=\"W\u00e4hle Optionen f\u00fcr \u201eManufacture Rock - 3er-Set, kleine schwarze Schalen auf Platte\u201c\" rel=\"nofollow\"><span class=\"es-cart-btn\">Zum Warenkorb hinzuf\u00fcgen<\/span><\/a><a href=\"#\" id=\"sp-wqv-view-button\" class=\"button sp-wqv-view-button after_add_to_cart\" data-id=\"14824\" data-effect=\"mfp-zoom-in\" data-wqv='{\"close_button\": 1, \"ajax_cart\": 1, \"image_title\" : false, \"lightbox\": 0,\"preloader\": 1,\"preloader_label\": \"Loading...\" } '>Quick View<\/a>\t<span id=\"woocommerce_loop_add_to_cart_link_describedby_14824\" class=\"screen-reader-text\">\n\t\tDieses Produkt weist mehrere Varianten auf. Die Optionen k\u00f6nnen auf der Produktseite gew\u00e4hlt werden\t<\/span>\n\t\t<a href=\"\/de\/wp-json\/wp\/v2\/pages\/16520?add_to_wishlist=14824\" rel=\"nofollow\" data-product-id=\"14824\" data-product-type=\"variable\" class=\"add_to_wishlist\" >\r\n\t\t\t<span class=\"es-wish-btn\">Zum Wunschzettel hinzuf\u00fcgen<\/span>\t\t<\/a>\r\n\t<a href=\"#\" class=\"button yith-wcqv-button\" data-product_id=\"14824\">Vue Rapide<\/a><a href=\"https:\/\/delices.lu\/de\/produit\/manufacture-rock-3er-set-kleine-schwarze-schalen-auf-platte\/\" class=\"woocommerce-LoopProduct-link es-woo-product-link woocommerce-loop-product__link\"><span class=\"es-product-link\"><i class=\"fa fa-link\"><\/i><\/span> Details<\/a><\/div><!-- .es-product-buttons-wrap --><\/div><!-- .es-product-thumb-wrapper --><div class=\"es-product-title-wrap\"><a href=\"https:\/\/delices.lu\/de\/produit\/manufacture-rock-3er-set-kleine-schwarze-schalen-auf-platte\/\"><h2 class=\"woocommerce-loop-product__title\">Manufacture Rock &#8211; 3er-Set, kleine schwarze Schalen auf Platte<\/h2> <\/a>\n<\/div><!-- .es-product-title-wrap --><\/li>\n<li class=\"product type-product post-14514 status-publish last instock product_cat-art-de-la-table-de product_cat-newmoon-de product_cat-teller-de product_cat-villeroy-boch-de product_tag-newmoon-de product_tag-prasentation product_tag-servierplatte product_tag-teller-de product_tag-weis has-post-thumbnail shipping-taxable purchasable product-type-simple\">\n\t<div class=\"es-product-thumb-wrapper\"><a href=\"https:\/\/delices.lu\/de\/produit\/newmoon-servierplatte-weiss\/\" class=\"woocommerce-LoopProduct-link woocommerce-loop-product__link\"><img loading=\"lazy\" decoding=\"async\" width=\"300\" height=\"300\" src=\"https:\/\/i0.wp.com\/delices.lu\/wp-content\/uploads\/2023\/08\/1042642990_on_use-1.jpg?resize=300%2C300&amp;quality=89&amp;ssl=1\" class=\"attachment-woocommerce_thumbnail size-woocommerce_thumbnail\" alt=\"NewMoon - Servierplatte, wei\u00df\" srcset=\"https:\/\/i0.wp.com\/delices.lu\/wp-content\/uploads\/2023\/08\/1042642990_on_use-1.jpg?w=620&amp;quality=89&amp;ssl=1 620w, https:\/\/i0.wp.com\/delices.lu\/wp-content\/uploads\/2023\/08\/1042642990_on_use-1.jpg?resize=300%2C300&amp;quality=89&amp;ssl=1 300w, https:\/\/i0.wp.com\/delices.lu\/wp-content\/uploads\/2023\/08\/1042642990_on_use-1.jpg?resize=150%2C150&amp;quality=89&amp;ssl=1 150w, https:\/\/i0.wp.com\/delices.lu\/wp-content\/uploads\/2023\/08\/1042642990_on_use-1.jpg?resize=600%2C600&amp;quality=89&amp;ssl=1 600w, https:\/\/i0.wp.com\/delices.lu\/wp-content\/uploads\/2023\/08\/1042642990_on_use-1.jpg?resize=100%2C100&amp;quality=89&amp;ssl=1 100w\" sizes=\"auto, (max-width: 300px) 100vw, 300px\" \/><\/a><div class=\"es-product-buttons-wrap\"><a href=\"\/de\/wp-json\/wp\/v2\/pages\/16520?add-to-cart=14514\" data-quantity=\"1\" class=\"button product_type_simple add_to_cart_button ajax_add_to_cart\" data-product_id=\"14514\" data-product_sku=\"1042642990\" aria-label=\"In den Warenkorb legen: \u201eNewMoon - Servierplatte, wei\u00df\u201c\" rel=\"nofollow\"><span class=\"es-cart-btn\">Zum Warenkorb hinzuf\u00fcgen<\/span><\/a><a href=\"#\" id=\"sp-wqv-view-button\" class=\"button sp-wqv-view-button after_add_to_cart\" data-id=\"14514\" data-effect=\"mfp-zoom-in\" data-wqv='{\"close_button\": 1, \"ajax_cart\": 1, \"image_title\" : false, \"lightbox\": 0,\"preloader\": 1,\"preloader_label\": \"Loading...\" } '>Quick View<\/a>\t<span id=\"woocommerce_loop_add_to_cart_link_describedby_14514\" class=\"screen-reader-text\">\n\t\t\t<\/span>\n\t\t<a href=\"\/de\/wp-json\/wp\/v2\/pages\/16520?add_to_wishlist=14514\" rel=\"nofollow\" data-product-id=\"14514\" data-product-type=\"simple\" class=\"add_to_wishlist\" >\r\n\t\t\t<span class=\"es-wish-btn\">Zum Wunschzettel hinzuf\u00fcgen<\/span>\t\t<\/a>\r\n\t<a href=\"#\" class=\"button yith-wcqv-button\" data-product_id=\"14514\">Vue Rapide<\/a><a href=\"https:\/\/delices.lu\/de\/produit\/newmoon-servierplatte-weiss\/\" class=\"woocommerce-LoopProduct-link es-woo-product-link woocommerce-loop-product__link\"><span class=\"es-product-link\"><i class=\"fa fa-link\"><\/i><\/span> Details<\/a><\/div><!-- .es-product-buttons-wrap --><\/div><!-- .es-product-thumb-wrapper --><div class=\"es-product-title-wrap\"><a href=\"https:\/\/delices.lu\/de\/produit\/newmoon-servierplatte-weiss\/\"><h2 class=\"woocommerce-loop-product__title\">NewMoon &#8211; Servierplatte, wei\u00df<\/h2> <\/a>\n\t<span class=\"price\"><span class=\"woocommerce-Price-amount amount\"><bdi><span class=\"woocommerce-Price-currencySymbol\">&euro;<\/span>59.90<\/bdi><\/span><\/span>\n<\/div><!-- .es-product-title-wrap --><\/li>\n<li class=\"product type-product post-16790 status-publish first instock product_cat-art-de-la-table-de product_cat-teller-de product_cat-teller product_cat-villeroy-boch-de product_cat-weihnachten product_tag-groser-teller product_tag-oval product_tag-rot product_tag-servierplatte product_tag-weihnachtsdekorationen product_tag-weis has-post-thumbnail shipping-taxable purchasable product-type-simple\">\n\t<div class=\"es-product-thumb-wrapper\"><a href=\"https:\/\/delices.lu\/de\/produit\/ovale-servierplatte\/\" class=\"woocommerce-LoopProduct-link woocommerce-loop-product__link\"><img loading=\"lazy\" decoding=\"async\" width=\"300\" height=\"300\" src=\"https:\/\/i0.wp.com\/delices.lu\/wp-content\/uploads\/2024\/06\/1485852920_on_use-1.jpg?resize=300%2C300&amp;quality=89&amp;ssl=1\" class=\"attachment-woocommerce_thumbnail size-woocommerce_thumbnail\" alt=\"Ovale Servierplatte\" srcset=\"https:\/\/i0.wp.com\/delices.lu\/wp-content\/uploads\/2024\/06\/1485852920_on_use-1.jpg?w=620&amp;quality=89&amp;ssl=1 620w, https:\/\/i0.wp.com\/delices.lu\/wp-content\/uploads\/2024\/06\/1485852920_on_use-1.jpg?resize=300%2C300&amp;quality=89&amp;ssl=1 300w, https:\/\/i0.wp.com\/delices.lu\/wp-content\/uploads\/2024\/06\/1485852920_on_use-1.jpg?resize=150%2C150&amp;quality=89&amp;ssl=1 150w, https:\/\/i0.wp.com\/delices.lu\/wp-content\/uploads\/2024\/06\/1485852920_on_use-1.jpg?resize=600%2C600&amp;quality=89&amp;ssl=1 600w, https:\/\/i0.wp.com\/delices.lu\/wp-content\/uploads\/2024\/06\/1485852920_on_use-1.jpg?resize=100%2C100&amp;quality=89&amp;ssl=1 100w\" sizes=\"auto, (max-width: 300px) 100vw, 300px\" \/><\/a><div class=\"es-product-buttons-wrap\"><a href=\"\/de\/wp-json\/wp\/v2\/pages\/16520?add-to-cart=16790\" data-quantity=\"1\" class=\"button product_type_simple add_to_cart_button ajax_add_to_cart\" data-product_id=\"16790\" data-product_sku=\"1485852920\" aria-label=\"In den Warenkorb legen: \u201eOvale Servierplatte\u201c\" rel=\"nofollow\"><span class=\"es-cart-btn\">Zum Warenkorb hinzuf\u00fcgen<\/span><\/a><a href=\"#\" id=\"sp-wqv-view-button\" class=\"button sp-wqv-view-button after_add_to_cart\" data-id=\"16790\" data-effect=\"mfp-zoom-in\" data-wqv='{\"close_button\": 1, \"ajax_cart\": 1, \"image_title\" : false, \"lightbox\": 0,\"preloader\": 1,\"preloader_label\": \"Loading...\" } '>Quick View<\/a>\t<span id=\"woocommerce_loop_add_to_cart_link_describedby_16790\" class=\"screen-reader-text\">\n\t\t\t<\/span>\n\t\t<a href=\"\/de\/wp-json\/wp\/v2\/pages\/16520?add_to_wishlist=16790\" rel=\"nofollow\" data-product-id=\"16790\" data-product-type=\"simple\" class=\"add_to_wishlist\" >\r\n\t\t\t<span class=\"es-wish-btn\">Zum Wunschzettel hinzuf\u00fcgen<\/span>\t\t<\/a>\r\n\t<a href=\"#\" class=\"button yith-wcqv-button\" data-product_id=\"16790\">Vue Rapide<\/a><a href=\"https:\/\/delices.lu\/de\/produit\/ovale-servierplatte\/\" class=\"woocommerce-LoopProduct-link es-woo-product-link woocommerce-loop-product__link\"><span class=\"es-product-link\"><i class=\"fa fa-link\"><\/i><\/span> Details<\/a><\/div><!-- .es-product-buttons-wrap --><\/div><!-- .es-product-thumb-wrapper --><div class=\"es-product-title-wrap\"><a href=\"https:\/\/delices.lu\/de\/produit\/ovale-servierplatte\/\"><h2 class=\"woocommerce-loop-product__title\">Ovale Servierplatte<\/h2> <\/a>\n\t<span class=\"price\"><span class=\"woocommerce-Price-amount amount\"><bdi><span class=\"woocommerce-Price-currencySymbol\">&euro;<\/span>59.90<\/bdi><\/span><\/span>\n<\/div><!-- .es-product-title-wrap --><\/li>\n<li class=\"product type-product post-16980 status-publish instock product_cat-art-de-la-table-de product_cat-dekoration product_cat-teller-de product_cat-teller product_cat-villeroy-boch-de product_cat-weihnachten product_tag-teller-de product_tag-weihnachtsbaum product_tag-weihnachtsdekorationen has-post-thumbnail shipping-taxable purchasable product-type-simple\">\n\t<div class=\"es-product-thumb-wrapper\"><a href=\"https:\/\/delices.lu\/de\/produit\/runde-kuchenplatte\/\" class=\"woocommerce-LoopProduct-link woocommerce-loop-product__link\"><img loading=\"lazy\" decoding=\"async\" width=\"300\" height=\"300\" src=\"https:\/\/i0.wp.com\/delices.lu\/wp-content\/uploads\/2024\/06\/1485852200.jpg?resize=300%2C300&amp;quality=89&amp;ssl=1\" class=\"attachment-woocommerce_thumbnail size-woocommerce_thumbnail\" alt=\"Runde Kuchenplatte\" srcset=\"https:\/\/i0.wp.com\/delices.lu\/wp-content\/uploads\/2024\/06\/1485852200.jpg?w=620&amp;quality=89&amp;ssl=1 620w, https:\/\/i0.wp.com\/delices.lu\/wp-content\/uploads\/2024\/06\/1485852200.jpg?resize=300%2C300&amp;quality=89&amp;ssl=1 300w, https:\/\/i0.wp.com\/delices.lu\/wp-content\/uploads\/2024\/06\/1485852200.jpg?resize=150%2C150&amp;quality=89&amp;ssl=1 150w, https:\/\/i0.wp.com\/delices.lu\/wp-content\/uploads\/2024\/06\/1485852200.jpg?resize=600%2C600&amp;quality=89&amp;ssl=1 600w, https:\/\/i0.wp.com\/delices.lu\/wp-content\/uploads\/2024\/06\/1485852200.jpg?resize=100%2C100&amp;quality=89&amp;ssl=1 100w\" sizes=\"auto, (max-width: 300px) 100vw, 300px\" \/><\/a><div class=\"es-product-buttons-wrap\"><a href=\"\/de\/wp-json\/wp\/v2\/pages\/16520?add-to-cart=16980\" data-quantity=\"1\" class=\"button product_type_simple add_to_cart_button ajax_add_to_cart\" data-product_id=\"16980\" data-product_sku=\"1485852200\" aria-label=\"In den Warenkorb legen: \u201eRunde Kuchenplatte\u201c\" rel=\"nofollow\"><span class=\"es-cart-btn\">Zum Warenkorb hinzuf\u00fcgen<\/span><\/a><a href=\"#\" id=\"sp-wqv-view-button\" class=\"button sp-wqv-view-button after_add_to_cart\" data-id=\"16980\" data-effect=\"mfp-zoom-in\" data-wqv='{\"close_button\": 1, \"ajax_cart\": 1, \"image_title\" : false, \"lightbox\": 0,\"preloader\": 1,\"preloader_label\": \"Loading...\" } '>Quick View<\/a>\t<span id=\"woocommerce_loop_add_to_cart_link_describedby_16980\" class=\"screen-reader-text\">\n\t\t\t<\/span>\n\t\t<a href=\"\/de\/wp-json\/wp\/v2\/pages\/16520?add_to_wishlist=16980\" rel=\"nofollow\" data-product-id=\"16980\" data-product-type=\"simple\" class=\"add_to_wishlist\" >\r\n\t\t\t<span class=\"es-wish-btn\">Zum Wunschzettel hinzuf\u00fcgen<\/span>\t\t<\/a>\r\n\t<a href=\"#\" class=\"button yith-wcqv-button\" data-product_id=\"16980\">Vue Rapide<\/a><a href=\"https:\/\/delices.lu\/de\/produit\/runde-kuchenplatte\/\" class=\"woocommerce-LoopProduct-link es-woo-product-link woocommerce-loop-product__link\"><span class=\"es-product-link\"><i class=\"fa fa-link\"><\/i><\/span> Details<\/a><\/div><!-- .es-product-buttons-wrap --><\/div><!-- .es-product-thumb-wrapper --><div class=\"es-product-title-wrap\"><a href=\"https:\/\/delices.lu\/de\/produit\/runde-kuchenplatte\/\"><h2 class=\"woocommerce-loop-product__title\">Runde Kuchenplatte<\/h2> <\/a>\n\t<span class=\"price\"><span class=\"woocommerce-Price-amount amount\"><bdi><span class=\"woocommerce-Price-currencySymbol\">&euro;<\/span>64.90<\/bdi><\/span><\/span>\n<\/div><!-- .es-product-title-wrap --><\/li>\n<li class=\"product type-product post-17034 status-publish instock product_cat-art-de-la-table-de product_cat-teller-de product_cat-villeroy-boch-de product_cat-weihnachten product_cat-winter product_tag-rechteckige-platte product_tag-weihnachtsrelief product_tag-weis has-post-thumbnail shipping-taxable purchasable product-type-simple\">\n\t<div class=\"es-product-thumb-wrapper\"><a href=\"https:\/\/delices.lu\/de\/produit\/toys-delight-royal-classic-kuchenplatte-40-x-16-cm\/\" class=\"woocommerce-LoopProduct-link woocommerce-loop-product__link\"><img loading=\"lazy\" decoding=\"async\" width=\"300\" height=\"300\" src=\"https:\/\/i0.wp.com\/delices.lu\/wp-content\/uploads\/2024\/06\/1486582220_on_use-1.jpg?resize=300%2C300&amp;quality=89&amp;ssl=1\" class=\"attachment-woocommerce_thumbnail size-woocommerce_thumbnail\" alt=\"Toy&#039;s Delight Royal Classic - Kuchenplatte, 40 x 16 cm\" srcset=\"https:\/\/i0.wp.com\/delices.lu\/wp-content\/uploads\/2024\/06\/1486582220_on_use-1.jpg?w=400&amp;quality=89&amp;ssl=1 400w, https:\/\/i0.wp.com\/delices.lu\/wp-content\/uploads\/2024\/06\/1486582220_on_use-1.jpg?resize=300%2C300&amp;quality=89&amp;ssl=1 300w, https:\/\/i0.wp.com\/delices.lu\/wp-content\/uploads\/2024\/06\/1486582220_on_use-1.jpg?resize=150%2C150&amp;quality=89&amp;ssl=1 150w, https:\/\/i0.wp.com\/delices.lu\/wp-content\/uploads\/2024\/06\/1486582220_on_use-1.jpg?resize=100%2C100&amp;quality=89&amp;ssl=1 100w\" sizes=\"auto, (max-width: 300px) 100vw, 300px\" \/><\/a><div class=\"es-product-buttons-wrap\"><a href=\"\/de\/wp-json\/wp\/v2\/pages\/16520?add-to-cart=17034\" data-quantity=\"1\" class=\"button product_type_simple add_to_cart_button ajax_add_to_cart\" data-product_id=\"17034\" data-product_sku=\"1486582220\" aria-label=\"In den Warenkorb legen: \u201eToy&#039;s Delight Royal Classic - Kuchenplatte, 40 x 16 cm\u201c\" rel=\"nofollow\"><span class=\"es-cart-btn\">Zum Warenkorb hinzuf\u00fcgen<\/span><\/a><a href=\"#\" id=\"sp-wqv-view-button\" class=\"button sp-wqv-view-button after_add_to_cart\" data-id=\"17034\" data-effect=\"mfp-zoom-in\" data-wqv='{\"close_button\": 1, \"ajax_cart\": 1, \"image_title\" : false, \"lightbox\": 0,\"preloader\": 1,\"preloader_label\": \"Loading...\" } '>Quick View<\/a>\t<span id=\"woocommerce_loop_add_to_cart_link_describedby_17034\" class=\"screen-reader-text\">\n\t\t\t<\/span>\n\t\t<a href=\"\/de\/wp-json\/wp\/v2\/pages\/16520?add_to_wishlist=17034\" rel=\"nofollow\" data-product-id=\"17034\" data-product-type=\"simple\" class=\"add_to_wishlist\" >\r\n\t\t\t<span class=\"es-wish-btn\">Zum Wunschzettel hinzuf\u00fcgen<\/span>\t\t<\/a>\r\n\t<a href=\"#\" class=\"button yith-wcqv-button\" data-product_id=\"17034\">Vue Rapide<\/a><a href=\"https:\/\/delices.lu\/de\/produit\/toys-delight-royal-classic-kuchenplatte-40-x-16-cm\/\" class=\"woocommerce-LoopProduct-link es-woo-product-link woocommerce-loop-product__link\"><span class=\"es-product-link\"><i class=\"fa fa-link\"><\/i><\/span> Details<\/a><\/div><!-- .es-product-buttons-wrap --><\/div><!-- .es-product-thumb-wrapper --><div class=\"es-product-title-wrap\"><a href=\"https:\/\/delices.lu\/de\/produit\/toys-delight-royal-classic-kuchenplatte-40-x-16-cm\/\"><h2 class=\"woocommerce-loop-product__title\">Toy&#8217;s Delight Royal Classic &#8211; Kuchenplatte, 40 x 16 cm<\/h2> <\/a>\n\t<span class=\"price\"><span class=\"woocommerce-Price-amount amount\"><bdi><span class=\"woocommerce-Price-currencySymbol\">&euro;<\/span>64.90<\/bdi><\/span><\/span>\n<\/div><!-- .es-product-title-wrap --><\/li>\n<li class=\"product type-product post-14771 status-publish last instock product_cat-dekoration product_cat-schussel product_cat-teller-de product_cat-villeroy-boch-de product_tag-decoration-de product_tag-hohle-platte product_tag-samarkand-de has-post-thumbnail shipping-taxable purchasable product-type-simple\">\n\t<div class=\"es-product-thumb-wrapper\"><a href=\"https:\/\/delices.lu\/de\/produit\/samarkand-accessories-quadratischer-schnitt\/\" class=\"woocommerce-LoopProduct-link woocommerce-loop-product__link\"><img loading=\"lazy\" decoding=\"async\" width=\"300\" height=\"300\" src=\"https:\/\/i0.wp.com\/delices.lu\/wp-content\/uploads\/2023\/07\/1047343934_A.jpg?resize=300%2C300&amp;quality=89&amp;ssl=1\" class=\"attachment-woocommerce_thumbnail size-woocommerce_thumbnail\" alt=\"Samarkand Accessories quadratischer Schnitt\" srcset=\"https:\/\/i0.wp.com\/delices.lu\/wp-content\/uploads\/2023\/07\/1047343934_A.jpg?w=620&amp;quality=89&amp;ssl=1 620w, https:\/\/i0.wp.com\/delices.lu\/wp-content\/uploads\/2023\/07\/1047343934_A.jpg?resize=300%2C300&amp;quality=89&amp;ssl=1 300w, https:\/\/i0.wp.com\/delices.lu\/wp-content\/uploads\/2023\/07\/1047343934_A.jpg?resize=150%2C150&amp;quality=89&amp;ssl=1 150w, https:\/\/i0.wp.com\/delices.lu\/wp-content\/uploads\/2023\/07\/1047343934_A.jpg?resize=600%2C600&amp;quality=89&amp;ssl=1 600w, https:\/\/i0.wp.com\/delices.lu\/wp-content\/uploads\/2023\/07\/1047343934_A.jpg?resize=100%2C100&amp;quality=89&amp;ssl=1 100w\" sizes=\"auto, (max-width: 300px) 100vw, 300px\" \/><\/a><div class=\"es-product-buttons-wrap\"><a href=\"\/de\/wp-json\/wp\/v2\/pages\/16520?add-to-cart=14771\" data-quantity=\"1\" class=\"button product_type_simple add_to_cart_button ajax_add_to_cart\" data-product_id=\"14771\" data-product_sku=\"1047343934\" aria-label=\"In den Warenkorb legen: \u201eSamarkand Accessories quadratischer Schnitt\u201c\" rel=\"nofollow\"><span class=\"es-cart-btn\">Zum Warenkorb hinzuf\u00fcgen<\/span><\/a><a href=\"#\" id=\"sp-wqv-view-button\" class=\"button sp-wqv-view-button after_add_to_cart\" data-id=\"14771\" data-effect=\"mfp-zoom-in\" data-wqv='{\"close_button\": 1, \"ajax_cart\": 1, \"image_title\" : false, \"lightbox\": 0,\"preloader\": 1,\"preloader_label\": \"Loading...\" } '>Quick View<\/a>\t<span id=\"woocommerce_loop_add_to_cart_link_describedby_14771\" class=\"screen-reader-text\">\n\t\t\t<\/span>\n\t\t<a href=\"\/de\/wp-json\/wp\/v2\/pages\/16520?add_to_wishlist=14771\" rel=\"nofollow\" data-product-id=\"14771\" data-product-type=\"simple\" class=\"add_to_wishlist\" >\r\n\t\t\t<span class=\"es-wish-btn\">Zum Wunschzettel hinzuf\u00fcgen<\/span>\t\t<\/a>\r\n\t<a href=\"#\" class=\"button yith-wcqv-button\" data-product_id=\"14771\">Vue Rapide<\/a><a href=\"https:\/\/delices.lu\/de\/produit\/samarkand-accessories-quadratischer-schnitt\/\" class=\"woocommerce-LoopProduct-link es-woo-product-link woocommerce-loop-product__link\"><span class=\"es-product-link\"><i class=\"fa fa-link\"><\/i><\/span> Details<\/a><\/div><!-- .es-product-buttons-wrap --><\/div><!-- .es-product-thumb-wrapper --><div class=\"es-product-title-wrap\"><a href=\"https:\/\/delices.lu\/de\/produit\/samarkand-accessories-quadratischer-schnitt\/\"><h2 class=\"woocommerce-loop-product__title\">Samarkand Accessories quadratischer Schnitt<\/h2> <\/a>\n\t<span class=\"price\"><span class=\"woocommerce-Price-amount amount\"><bdi><span class=\"woocommerce-Price-currencySymbol\">&euro;<\/span>74.90<\/bdi><\/span><\/span>\n<\/div><!-- .es-product-title-wrap --><\/li>\n<li class=\"product type-product post-15946 status-publish first instock product_cat-art-de-la-table-de product_cat-dekoration product_cat-teller-de product_cat-villeroy-boch-de product_cat-weihnachten product_tag-decoration-de product_tag-rechteckig product_tag-teller-de product_tag-weihnachtsdekorationen has-post-thumbnail shipping-taxable purchasable product-type-simple\">\n\t<div class=\"es-product-thumb-wrapper\"><a href=\"https:\/\/delices.lu\/de\/produit\/rechteckige-kuchenplatte\/\" class=\"woocommerce-LoopProduct-link woocommerce-loop-product__link\"><img loading=\"lazy\" decoding=\"async\" width=\"300\" height=\"300\" src=\"https:\/\/i0.wp.com\/delices.lu\/wp-content\/uploads\/2024\/06\/1483322211_on_mil-1.jpg?resize=300%2C300&amp;quality=89&amp;ssl=1\" class=\"attachment-woocommerce_thumbnail size-woocommerce_thumbnail\" alt=\"Rechteckige Kuchenplatte\" srcset=\"https:\/\/i0.wp.com\/delices.lu\/wp-content\/uploads\/2024\/06\/1483322211_on_mil-1.jpg?w=620&amp;quality=89&amp;ssl=1 620w, https:\/\/i0.wp.com\/delices.lu\/wp-content\/uploads\/2024\/06\/1483322211_on_mil-1.jpg?resize=300%2C300&amp;quality=89&amp;ssl=1 300w, https:\/\/i0.wp.com\/delices.lu\/wp-content\/uploads\/2024\/06\/1483322211_on_mil-1.jpg?resize=150%2C150&amp;quality=89&amp;ssl=1 150w, https:\/\/i0.wp.com\/delices.lu\/wp-content\/uploads\/2024\/06\/1483322211_on_mil-1.jpg?resize=600%2C600&amp;quality=89&amp;ssl=1 600w, https:\/\/i0.wp.com\/delices.lu\/wp-content\/uploads\/2024\/06\/1483322211_on_mil-1.jpg?resize=100%2C100&amp;quality=89&amp;ssl=1 100w\" sizes=\"auto, (max-width: 300px) 100vw, 300px\" \/><\/a><div class=\"es-product-buttons-wrap\"><a href=\"\/de\/wp-json\/wp\/v2\/pages\/16520?add-to-cart=15946\" data-quantity=\"1\" class=\"button product_type_simple add_to_cart_button ajax_add_to_cart\" data-product_id=\"15946\" data-product_sku=\"1483322212\" aria-label=\"In den Warenkorb legen: \u201eRechteckige Kuchenplatte\u201c\" rel=\"nofollow\"><span class=\"es-cart-btn\">Zum Warenkorb hinzuf\u00fcgen<\/span><\/a><a href=\"#\" id=\"sp-wqv-view-button\" class=\"button sp-wqv-view-button after_add_to_cart\" data-id=\"15946\" data-effect=\"mfp-zoom-in\" data-wqv='{\"close_button\": 1, \"ajax_cart\": 1, \"image_title\" : false, \"lightbox\": 0,\"preloader\": 1,\"preloader_label\": \"Loading...\" } '>Quick View<\/a>\t<span id=\"woocommerce_loop_add_to_cart_link_describedby_15946\" class=\"screen-reader-text\">\n\t\t\t<\/span>\n\t\t<a href=\"\/de\/wp-json\/wp\/v2\/pages\/16520?add_to_wishlist=15946\" rel=\"nofollow\" data-product-id=\"15946\" data-product-type=\"simple\" class=\"add_to_wishlist\" >\r\n\t\t\t<span class=\"es-wish-btn\">Zum Wunschzettel hinzuf\u00fcgen<\/span>\t\t<\/a>\r\n\t<a href=\"#\" class=\"button yith-wcqv-button\" data-product_id=\"15946\">Vue Rapide<\/a><a href=\"https:\/\/delices.lu\/de\/produit\/rechteckige-kuchenplatte\/\" class=\"woocommerce-LoopProduct-link es-woo-product-link woocommerce-loop-product__link\"><span class=\"es-product-link\"><i class=\"fa fa-link\"><\/i><\/span> Details<\/a><\/div><!-- .es-product-buttons-wrap --><\/div><!-- .es-product-thumb-wrapper --><div class=\"es-product-title-wrap\"><a href=\"https:\/\/delices.lu\/de\/produit\/rechteckige-kuchenplatte\/\"><h2 class=\"woocommerce-loop-product__title\">Rechteckige Kuchenplatte<\/h2> <\/a>\n\t<span class=\"price\"><span class=\"woocommerce-Price-amount amount\"><bdi><span class=\"woocommerce-Price-currencySymbol\">&euro;<\/span>74.90<\/bdi><\/span><\/span>\n<\/div><!-- .es-product-title-wrap --><\/li>\n<li class=\"product type-product post-16206 status-publish instock product_cat-art-de-la-table-de product_cat-dekoration product_cat-teller-de product_cat-villeroy-boch-de product_cat-weihnachten product_cat-winter product_tag-decoration-de product_tag-quadrat product_tag-teller-de product_tag-weihnachtsdekorationen has-post-thumbnail shipping-taxable purchasable product-type-simple\">\n\t<div class=\"es-product-thumb-wrapper\"><a href=\"https:\/\/delices.lu\/de\/produit\/toys-fantasy-rechteckige-schale-35-x-23-x-35cm\/\" class=\"woocommerce-LoopProduct-link woocommerce-loop-product__link\"><img loading=\"lazy\" decoding=\"async\" width=\"300\" height=\"300\" src=\"https:\/\/i0.wp.com\/delices.lu\/wp-content\/uploads\/2024\/06\/1483322211_on_mil-1-1.jpg?resize=300%2C300&amp;quality=89&amp;ssl=1\" class=\"attachment-woocommerce_thumbnail size-woocommerce_thumbnail\" alt=\"Toy&#039;s Fantasy - Rechteckige Schale - 35 x 23 x 3,5cm\" srcset=\"https:\/\/i0.wp.com\/delices.lu\/wp-content\/uploads\/2024\/06\/1483322211_on_mil-1-1.jpg?w=400&amp;quality=89&amp;ssl=1 400w, https:\/\/i0.wp.com\/delices.lu\/wp-content\/uploads\/2024\/06\/1483322211_on_mil-1-1.jpg?resize=300%2C300&amp;quality=89&amp;ssl=1 300w, https:\/\/i0.wp.com\/delices.lu\/wp-content\/uploads\/2024\/06\/1483322211_on_mil-1-1.jpg?resize=150%2C150&amp;quality=89&amp;ssl=1 150w, https:\/\/i0.wp.com\/delices.lu\/wp-content\/uploads\/2024\/06\/1483322211_on_mil-1-1.jpg?resize=100%2C100&amp;quality=89&amp;ssl=1 100w\" sizes=\"auto, (max-width: 300px) 100vw, 300px\" \/><\/a><div class=\"es-product-buttons-wrap\"><a href=\"\/de\/wp-json\/wp\/v2\/pages\/16520?add-to-cart=16206\" data-quantity=\"1\" class=\"button product_type_simple add_to_cart_button ajax_add_to_cart\" data-product_id=\"16206\" data-product_sku=\"1483322211\" aria-label=\"In den Warenkorb legen: \u201eToy&#039;s Fantasy - Rechteckige Schale - 35 x 23 x 3,5cm\u201c\" rel=\"nofollow\"><span class=\"es-cart-btn\">Zum Warenkorb hinzuf\u00fcgen<\/span><\/a><a href=\"#\" id=\"sp-wqv-view-button\" class=\"button sp-wqv-view-button after_add_to_cart\" data-id=\"16206\" data-effect=\"mfp-zoom-in\" data-wqv='{\"close_button\": 1, \"ajax_cart\": 1, \"image_title\" : false, \"lightbox\": 0,\"preloader\": 1,\"preloader_label\": \"Loading...\" } '>Quick View<\/a>\t<span id=\"woocommerce_loop_add_to_cart_link_describedby_16206\" class=\"screen-reader-text\">\n\t\t\t<\/span>\n\t\t<a href=\"\/de\/wp-json\/wp\/v2\/pages\/16520?add_to_wishlist=16206\" rel=\"nofollow\" data-product-id=\"16206\" data-product-type=\"simple\" class=\"add_to_wishlist\" >\r\n\t\t\t<span class=\"es-wish-btn\">Zum Wunschzettel hinzuf\u00fcgen<\/span>\t\t<\/a>\r\n\t<a href=\"#\" class=\"button yith-wcqv-button\" data-product_id=\"16206\">Vue Rapide<\/a><a href=\"https:\/\/delices.lu\/de\/produit\/toys-fantasy-rechteckige-schale-35-x-23-x-35cm\/\" class=\"woocommerce-LoopProduct-link es-woo-product-link woocommerce-loop-product__link\"><span class=\"es-product-link\"><i class=\"fa fa-link\"><\/i><\/span> Details<\/a><\/div><!-- .es-product-buttons-wrap --><\/div><!-- .es-product-thumb-wrapper --><div class=\"es-product-title-wrap\"><a href=\"https:\/\/delices.lu\/de\/produit\/toys-fantasy-rechteckige-schale-35-x-23-x-35cm\/\"><h2 class=\"woocommerce-loop-product__title\">Toy&#8217;s Fantasy &#8211; Rechteckige Schale &#8211; 35 x 23 x 3,5cm<\/h2> <\/a>\n\t<span class=\"price\"><span class=\"woocommerce-Price-amount amount\"><bdi><span class=\"woocommerce-Price-currencySymbol\">&euro;<\/span>74.90<\/bdi><\/span><\/span>\n<\/div><!-- .es-product-title-wrap --><\/li>\n<li class=\"product type-product post-14727 status-publish instock product_cat-art-de-la-table-de product_cat-teller-de product_cat-villeroy-boch-de product_tag-alte product_tag-luxemburg product_tag-oval product_tag-teller-de has-post-thumbnail shipping-taxable purchasable product-type-simple\">\n\t<div class=\"es-product-thumb-wrapper\"><a href=\"https:\/\/delices.lu\/de\/produit\/vieux-luxembourg-ovale-platte-36-cm\/\" class=\"woocommerce-LoopProduct-link woocommerce-loop-product__link\"><img loading=\"lazy\" decoding=\"async\" width=\"300\" height=\"300\" src=\"https:\/\/i0.wp.com\/delices.lu\/wp-content\/uploads\/2023\/06\/1023412910_on_fs-1.jpg?resize=300%2C300&amp;quality=89&amp;ssl=1\" class=\"attachment-woocommerce_thumbnail size-woocommerce_thumbnail\" alt=\"Vieux Luxembourg ovale Platte 36 cm\" srcset=\"https:\/\/i0.wp.com\/delices.lu\/wp-content\/uploads\/2023\/06\/1023412910_on_fs-1.jpg?w=620&amp;quality=89&amp;ssl=1 620w, https:\/\/i0.wp.com\/delices.lu\/wp-content\/uploads\/2023\/06\/1023412910_on_fs-1.jpg?resize=300%2C300&amp;quality=89&amp;ssl=1 300w, https:\/\/i0.wp.com\/delices.lu\/wp-content\/uploads\/2023\/06\/1023412910_on_fs-1.jpg?resize=150%2C150&amp;quality=89&amp;ssl=1 150w, https:\/\/i0.wp.com\/delices.lu\/wp-content\/uploads\/2023\/06\/1023412910_on_fs-1.jpg?resize=600%2C600&amp;quality=89&amp;ssl=1 600w, https:\/\/i0.wp.com\/delices.lu\/wp-content\/uploads\/2023\/06\/1023412910_on_fs-1.jpg?resize=100%2C100&amp;quality=89&amp;ssl=1 100w\" sizes=\"auto, (max-width: 300px) 100vw, 300px\" \/><\/a><div class=\"es-product-buttons-wrap\"><a href=\"\/de\/wp-json\/wp\/v2\/pages\/16520?add-to-cart=14727\" data-quantity=\"1\" class=\"button product_type_simple add_to_cart_button ajax_add_to_cart\" data-product_id=\"14727\" data-product_sku=\"1023412920\" aria-label=\"In den Warenkorb legen: \u201eVieux Luxembourg ovale Platte 36 cm\u201c\" rel=\"nofollow\"><span class=\"es-cart-btn\">Zum Warenkorb hinzuf\u00fcgen<\/span><\/a><a href=\"#\" id=\"sp-wqv-view-button\" class=\"button sp-wqv-view-button after_add_to_cart\" data-id=\"14727\" data-effect=\"mfp-zoom-in\" data-wqv='{\"close_button\": 1, \"ajax_cart\": 1, \"image_title\" : false, \"lightbox\": 0,\"preloader\": 1,\"preloader_label\": \"Loading...\" } '>Quick View<\/a>\t<span id=\"woocommerce_loop_add_to_cart_link_describedby_14727\" class=\"screen-reader-text\">\n\t\t\t<\/span>\n\t\t<a href=\"\/de\/wp-json\/wp\/v2\/pages\/16520?add_to_wishlist=14727\" rel=\"nofollow\" data-product-id=\"14727\" data-product-type=\"simple\" class=\"add_to_wishlist\" >\r\n\t\t\t<span class=\"es-wish-btn\">Zum Wunschzettel hinzuf\u00fcgen<\/span>\t\t<\/a>\r\n\t<a href=\"#\" class=\"button yith-wcqv-button\" data-product_id=\"14727\">Vue Rapide<\/a><a href=\"https:\/\/delices.lu\/de\/produit\/vieux-luxembourg-ovale-platte-36-cm\/\" class=\"woocommerce-LoopProduct-link es-woo-product-link woocommerce-loop-product__link\"><span class=\"es-product-link\"><i class=\"fa fa-link\"><\/i><\/span> Details<\/a><\/div><!-- .es-product-buttons-wrap --><\/div><!-- .es-product-thumb-wrapper --><div class=\"es-product-title-wrap\"><a href=\"https:\/\/delices.lu\/de\/produit\/vieux-luxembourg-ovale-platte-36-cm\/\"><h2 class=\"woocommerce-loop-product__title\">Vieux Luxembourg ovale Platte 36 cm<\/h2> <\/a>\n\t<span class=\"price\"><span class=\"woocommerce-Price-amount amount\"><bdi><span class=\"woocommerce-Price-currencySymbol\">&euro;<\/span>79.90<\/bdi><\/span><\/span>\n<\/div><!-- .es-product-title-wrap --><\/li>\n<li class=\"product type-product post-15677 status-publish last instock product_cat-coupe-de product_cat-dekoration product_cat-teller-de product_cat-villeroy-boch-de product_cat-weihnachten product_cat-winter product_tag-coupe-de product_tag-dekorativer-schnitt product_tag-fus product_tag-stern has-post-thumbnail shipping-taxable purchasable product-type-simple\">\n\t<div class=\"es-product-thumb-wrapper\"><a href=\"https:\/\/delices.lu\/de\/produit\/winter-bakery-delight-sternfoermige-schale-auf-einem-fuss-stehend\/\" class=\"woocommerce-LoopProduct-link woocommerce-loop-product__link\"><img loading=\"lazy\" decoding=\"async\" width=\"300\" height=\"300\" src=\"https:\/\/i0.wp.com\/delices.lu\/wp-content\/uploads\/2024\/06\/1486123840_on_fs-m-1.jpg?resize=300%2C300&amp;quality=89&amp;ssl=1\" class=\"attachment-woocommerce_thumbnail size-woocommerce_thumbnail\" alt=\"Winter Bakery Delight - Sternf\u00f6rmige Schale, auf einem Fu\u00df stehend\" srcset=\"https:\/\/i0.wp.com\/delices.lu\/wp-content\/uploads\/2024\/06\/1486123840_on_fs-m-1.jpg?w=620&amp;quality=89&amp;ssl=1 620w, https:\/\/i0.wp.com\/delices.lu\/wp-content\/uploads\/2024\/06\/1486123840_on_fs-m-1.jpg?resize=300%2C300&amp;quality=89&amp;ssl=1 300w, https:\/\/i0.wp.com\/delices.lu\/wp-content\/uploads\/2024\/06\/1486123840_on_fs-m-1.jpg?resize=150%2C150&amp;quality=89&amp;ssl=1 150w, https:\/\/i0.wp.com\/delices.lu\/wp-content\/uploads\/2024\/06\/1486123840_on_fs-m-1.jpg?resize=600%2C600&amp;quality=89&amp;ssl=1 600w, https:\/\/i0.wp.com\/delices.lu\/wp-content\/uploads\/2024\/06\/1486123840_on_fs-m-1.jpg?resize=100%2C100&amp;quality=89&amp;ssl=1 100w\" sizes=\"auto, (max-width: 300px) 100vw, 300px\" \/><\/a><div class=\"es-product-buttons-wrap\"><a href=\"\/de\/wp-json\/wp\/v2\/pages\/16520?add-to-cart=15677\" data-quantity=\"1\" class=\"button product_type_simple add_to_cart_button ajax_add_to_cart\" data-product_id=\"15677\" data-product_sku=\"1486123840\" aria-label=\"In den Warenkorb legen: \u201eWinter Bakery Delight - Sternf\u00f6rmige Schale, auf einem Fu\u00df stehend\u201c\" rel=\"nofollow\"><span class=\"es-cart-btn\">Zum Warenkorb hinzuf\u00fcgen<\/span><\/a><a href=\"#\" id=\"sp-wqv-view-button\" class=\"button sp-wqv-view-button after_add_to_cart\" data-id=\"15677\" data-effect=\"mfp-zoom-in\" data-wqv='{\"close_button\": 1, \"ajax_cart\": 1, \"image_title\" : false, \"lightbox\": 0,\"preloader\": 1,\"preloader_label\": \"Loading...\" } '>Quick View<\/a>\t<span id=\"woocommerce_loop_add_to_cart_link_describedby_15677\" class=\"screen-reader-text\">\n\t\t\t<\/span>\n\t\t<a href=\"\/de\/wp-json\/wp\/v2\/pages\/16520?add_to_wishlist=15677\" rel=\"nofollow\" data-product-id=\"15677\" data-product-type=\"simple\" class=\"add_to_wishlist\" >\r\n\t\t\t<span class=\"es-wish-btn\">Zum Wunschzettel hinzuf\u00fcgen<\/span>\t\t<\/a>\r\n\t<a href=\"#\" class=\"button yith-wcqv-button\" data-product_id=\"15677\">Vue Rapide<\/a><a href=\"https:\/\/delices.lu\/de\/produit\/winter-bakery-delight-sternfoermige-schale-auf-einem-fuss-stehend\/\" class=\"woocommerce-LoopProduct-link es-woo-product-link woocommerce-loop-product__link\"><span class=\"es-product-link\"><i class=\"fa fa-link\"><\/i><\/span> Details<\/a><\/div><!-- .es-product-buttons-wrap --><\/div><!-- .es-product-thumb-wrapper --><div class=\"es-product-title-wrap\"><a href=\"https:\/\/delices.lu\/de\/produit\/winter-bakery-delight-sternfoermige-schale-auf-einem-fuss-stehend\/\"><h2 class=\"woocommerce-loop-product__title\">Winter Bakery Delight &#8211; Sternf\u00f6rmige Schale, auf einem Fu\u00df stehend<\/h2> <\/a>\n\t<span class=\"price\"><span class=\"woocommerce-Price-amount amount\"><bdi><span class=\"woocommerce-Price-currencySymbol\">&euro;<\/span>79.90<\/bdi><\/span><\/span>\n<\/div><!-- .es-product-title-wrap --><\/li>\n<li class=\"product type-product post-16244 status-publish first instock product_cat-art-de-la-table-de product_cat-fruehling product_cat-ostern product_cat-spring-awakening-de product_cat-teller-de product_cat-villeroy-boch-de product_tag-kuchen-de product_tag-teller-de has-post-thumbnail shipping-taxable purchasable product-type-simple\">\n\t<div class=\"es-product-thumb-wrapper\"><a href=\"https:\/\/delices.lu\/de\/produit\/spring-awakening-tortenplatte-auf-einem-fuss\/\" class=\"woocommerce-LoopProduct-link woocommerce-loop-product__link\"><img loading=\"lazy\" decoding=\"async\" width=\"300\" height=\"300\" src=\"https:\/\/i0.wp.com\/delices.lu\/wp-content\/uploads\/2023\/03\/1486382290_on_fs-m-1.jpg?resize=300%2C300&amp;quality=89&amp;ssl=1\" class=\"attachment-woocommerce_thumbnail size-woocommerce_thumbnail\" alt=\"Spring Awakening - Tortenplatte auf einem Fu\u00df\" srcset=\"https:\/\/i0.wp.com\/delices.lu\/wp-content\/uploads\/2023\/03\/1486382290_on_fs-m-1.jpg?w=620&amp;quality=89&amp;ssl=1 620w, https:\/\/i0.wp.com\/delices.lu\/wp-content\/uploads\/2023\/03\/1486382290_on_fs-m-1.jpg?resize=300%2C300&amp;quality=89&amp;ssl=1 300w, https:\/\/i0.wp.com\/delices.lu\/wp-content\/uploads\/2023\/03\/1486382290_on_fs-m-1.jpg?resize=150%2C150&amp;quality=89&amp;ssl=1 150w, https:\/\/i0.wp.com\/delices.lu\/wp-content\/uploads\/2023\/03\/1486382290_on_fs-m-1.jpg?resize=600%2C600&amp;quality=89&amp;ssl=1 600w, https:\/\/i0.wp.com\/delices.lu\/wp-content\/uploads\/2023\/03\/1486382290_on_fs-m-1.jpg?resize=100%2C100&amp;quality=89&amp;ssl=1 100w\" sizes=\"auto, (max-width: 300px) 100vw, 300px\" \/><\/a><div class=\"es-product-buttons-wrap\"><a href=\"\/de\/wp-json\/wp\/v2\/pages\/16520?add-to-cart=16244\" data-quantity=\"1\" class=\"button product_type_simple add_to_cart_button ajax_add_to_cart\" data-product_id=\"16244\" data-product_sku=\"1486382290\" aria-label=\"In den Warenkorb legen: \u201eSpring Awakening - Tortenplatte auf einem Fu\u00df\u201c\" rel=\"nofollow\"><span class=\"es-cart-btn\">Zum Warenkorb hinzuf\u00fcgen<\/span><\/a><a href=\"#\" id=\"sp-wqv-view-button\" class=\"button sp-wqv-view-button after_add_to_cart\" data-id=\"16244\" data-effect=\"mfp-zoom-in\" data-wqv='{\"close_button\": 1, \"ajax_cart\": 1, \"image_title\" : false, \"lightbox\": 0,\"preloader\": 1,\"preloader_label\": \"Loading...\" } '>Quick View<\/a>\t<span id=\"woocommerce_loop_add_to_cart_link_describedby_16244\" class=\"screen-reader-text\">\n\t\t\t<\/span>\n\t\t<a href=\"\/de\/wp-json\/wp\/v2\/pages\/16520?add_to_wishlist=16244\" rel=\"nofollow\" data-product-id=\"16244\" data-product-type=\"simple\" class=\"add_to_wishlist\" >\r\n\t\t\t<span class=\"es-wish-btn\">Zum Wunschzettel hinzuf\u00fcgen<\/span>\t\t<\/a>\r\n\t<a href=\"#\" class=\"button yith-wcqv-button\" data-product_id=\"16244\">Vue Rapide<\/a><a href=\"https:\/\/delices.lu\/de\/produit\/spring-awakening-tortenplatte-auf-einem-fuss\/\" class=\"woocommerce-LoopProduct-link es-woo-product-link woocommerce-loop-product__link\"><span class=\"es-product-link\"><i class=\"fa fa-link\"><\/i><\/span> Details<\/a><\/div><!-- .es-product-buttons-wrap --><\/div><!-- .es-product-thumb-wrapper --><div class=\"es-product-title-wrap\"><a href=\"https:\/\/delices.lu\/de\/produit\/spring-awakening-tortenplatte-auf-einem-fuss\/\"><h2 class=\"woocommerce-loop-product__title\">Spring Awakening &#8211; Tortenplatte auf einem Fu\u00df<\/h2> <\/a>\n\t<span class=\"price\"><span class=\"woocommerce-Price-amount amount\"><bdi><span class=\"woocommerce-Price-currencySymbol\">&euro;<\/span>79.90<\/bdi><\/span><\/span>\n<\/div><!-- .es-product-title-wrap --><\/li>\n<li class=\"product type-product post-15939 status-publish instock product_cat-art-de-la-table-de product_cat-dekoration product_cat-teller-de product_cat-teller product_cat-villeroy-boch-de product_cat-weihnachten product_tag-decoration-de product_tag-teller product_tag-teller-de product_tag-weihnachtsdekorationen has-post-thumbnail shipping-taxable purchasable product-type-simple\">\n\t<div class=\"es-product-thumb-wrapper\"><a href=\"https:\/\/delices.lu\/de\/produit\/grosser-kuchenteller\/\" class=\"woocommerce-LoopProduct-link woocommerce-loop-product__link\"><img loading=\"lazy\" decoding=\"async\" width=\"300\" height=\"300\" src=\"https:\/\/i0.wp.com\/delices.lu\/wp-content\/uploads\/2024\/06\/1483322249_A_on.jpg?resize=300%2C300&amp;quality=89&amp;ssl=1\" class=\"attachment-woocommerce_thumbnail size-woocommerce_thumbnail\" alt=\"Gro\u00dfer Kuchenteller\" srcset=\"https:\/\/i0.wp.com\/delices.lu\/wp-content\/uploads\/2024\/06\/1483322249_A_on.jpg?w=620&amp;quality=89&amp;ssl=1 620w, https:\/\/i0.wp.com\/delices.lu\/wp-content\/uploads\/2024\/06\/1483322249_A_on.jpg?resize=300%2C300&amp;quality=89&amp;ssl=1 300w, https:\/\/i0.wp.com\/delices.lu\/wp-content\/uploads\/2024\/06\/1483322249_A_on.jpg?resize=150%2C150&amp;quality=89&amp;ssl=1 150w, https:\/\/i0.wp.com\/delices.lu\/wp-content\/uploads\/2024\/06\/1483322249_A_on.jpg?resize=600%2C600&amp;quality=89&amp;ssl=1 600w, https:\/\/i0.wp.com\/delices.lu\/wp-content\/uploads\/2024\/06\/1483322249_A_on.jpg?resize=100%2C100&amp;quality=89&amp;ssl=1 100w\" sizes=\"auto, (max-width: 300px) 100vw, 300px\" \/><\/a><div class=\"es-product-buttons-wrap\"><a href=\"\/de\/wp-json\/wp\/v2\/pages\/16520?add-to-cart=15939\" data-quantity=\"1\" class=\"button product_type_simple add_to_cart_button ajax_add_to_cart\" data-product_id=\"15939\" data-product_sku=\"1483322249\" aria-label=\"In den Warenkorb legen: \u201eGro\u00dfer Kuchenteller\u201c\" rel=\"nofollow\"><span class=\"es-cart-btn\">Zum Warenkorb hinzuf\u00fcgen<\/span><\/a><a href=\"#\" id=\"sp-wqv-view-button\" class=\"button sp-wqv-view-button after_add_to_cart\" data-id=\"15939\" data-effect=\"mfp-zoom-in\" data-wqv='{\"close_button\": 1, \"ajax_cart\": 1, \"image_title\" : false, \"lightbox\": 0,\"preloader\": 1,\"preloader_label\": \"Loading...\" } '>Quick View<\/a>\t<span id=\"woocommerce_loop_add_to_cart_link_describedby_15939\" class=\"screen-reader-text\">\n\t\t\t<\/span>\n\t\t<a href=\"\/de\/wp-json\/wp\/v2\/pages\/16520?add_to_wishlist=15939\" rel=\"nofollow\" data-product-id=\"15939\" data-product-type=\"simple\" class=\"add_to_wishlist\" >\r\n\t\t\t<span class=\"es-wish-btn\">Zum Wunschzettel hinzuf\u00fcgen<\/span>\t\t<\/a>\r\n\t<a href=\"#\" class=\"button yith-wcqv-button\" data-product_id=\"15939\">Vue Rapide<\/a><a href=\"https:\/\/delices.lu\/de\/produit\/grosser-kuchenteller\/\" class=\"woocommerce-LoopProduct-link es-woo-product-link woocommerce-loop-product__link\"><span class=\"es-product-link\"><i class=\"fa fa-link\"><\/i><\/span> Details<\/a><\/div><!-- .es-product-buttons-wrap --><\/div><!-- .es-product-thumb-wrapper --><div class=\"es-product-title-wrap\"><a href=\"https:\/\/delices.lu\/de\/produit\/grosser-kuchenteller\/\"><h2 class=\"woocommerce-loop-product__title\">Gro\u00dfer Kuchenteller<\/h2> <\/a>\n\t<span class=\"price\"><span class=\"woocommerce-Price-amount amount\"><bdi><span class=\"woocommerce-Price-currencySymbol\">&euro;<\/span>89.90<\/bdi><\/span><\/span>\n<\/div><!-- .es-product-title-wrap --><\/li>\n<li class=\"product type-product post-14784 status-publish instock product_cat-art-de-la-table-de product_cat-teller product_cat-teller-de product_cat-villeroy-boch-de product_tag-amazonia-de product_tag-kolibri has-post-thumbnail shipping-taxable purchasable product-type-simple\">\n\t<div class=\"es-product-thumb-wrapper\"><a href=\"https:\/\/delices.lu\/de\/produit\/servierteller-amazonia-44-x-23-cm\/\" class=\"woocommerce-LoopProduct-link woocommerce-loop-product__link\"><img loading=\"lazy\" decoding=\"async\" width=\"300\" height=\"300\" src=\"https:\/\/i0.wp.com\/delices.lu\/wp-content\/uploads\/2023\/07\/1035142580_on_fs-m-1.jpg?resize=300%2C300&amp;quality=89&amp;ssl=1\" class=\"attachment-woocommerce_thumbnail size-woocommerce_thumbnail\" alt=\"Servierteller Amazonia 44 x 23 cm\" srcset=\"https:\/\/i0.wp.com\/delices.lu\/wp-content\/uploads\/2023\/07\/1035142580_on_fs-m-1.jpg?w=620&amp;quality=89&amp;ssl=1 620w, https:\/\/i0.wp.com\/delices.lu\/wp-content\/uploads\/2023\/07\/1035142580_on_fs-m-1.jpg?resize=300%2C300&amp;quality=89&amp;ssl=1 300w, https:\/\/i0.wp.com\/delices.lu\/wp-content\/uploads\/2023\/07\/1035142580_on_fs-m-1.jpg?resize=150%2C150&amp;quality=89&amp;ssl=1 150w, https:\/\/i0.wp.com\/delices.lu\/wp-content\/uploads\/2023\/07\/1035142580_on_fs-m-1.jpg?resize=600%2C600&amp;quality=89&amp;ssl=1 600w, https:\/\/i0.wp.com\/delices.lu\/wp-content\/uploads\/2023\/07\/1035142580_on_fs-m-1.jpg?resize=100%2C100&amp;quality=89&amp;ssl=1 100w\" sizes=\"auto, (max-width: 300px) 100vw, 300px\" \/><\/a><div class=\"es-product-buttons-wrap\"><a href=\"\/de\/wp-json\/wp\/v2\/pages\/16520?add-to-cart=14784\" data-quantity=\"1\" class=\"button product_type_simple add_to_cart_button ajax_add_to_cart\" data-product_id=\"14784\" data-product_sku=\"1035142580\" aria-label=\"In den Warenkorb legen: \u201eServierteller Amazonia 44 x 23 cm\u201c\" rel=\"nofollow\"><span class=\"es-cart-btn\">Zum Warenkorb hinzuf\u00fcgen<\/span><\/a><a href=\"#\" id=\"sp-wqv-view-button\" class=\"button sp-wqv-view-button after_add_to_cart\" data-id=\"14784\" data-effect=\"mfp-zoom-in\" data-wqv='{\"close_button\": 1, \"ajax_cart\": 1, \"image_title\" : false, \"lightbox\": 0,\"preloader\": 1,\"preloader_label\": \"Loading...\" } '>Quick View<\/a>\t<span id=\"woocommerce_loop_add_to_cart_link_describedby_14784\" class=\"screen-reader-text\">\n\t\t\t<\/span>\n\t\t<a href=\"\/de\/wp-json\/wp\/v2\/pages\/16520?add_to_wishlist=14784\" rel=\"nofollow\" data-product-id=\"14784\" data-product-type=\"simple\" class=\"add_to_wishlist\" >\r\n\t\t\t<span class=\"es-wish-btn\">Zum Wunschzettel hinzuf\u00fcgen<\/span>\t\t<\/a>\r\n\t<a href=\"#\" class=\"button yith-wcqv-button\" data-product_id=\"14784\">Vue Rapide<\/a><a href=\"https:\/\/delices.lu\/de\/produit\/servierteller-amazonia-44-x-23-cm\/\" class=\"woocommerce-LoopProduct-link es-woo-product-link woocommerce-loop-product__link\"><span class=\"es-product-link\"><i class=\"fa fa-link\"><\/i><\/span> Details<\/a><\/div><!-- .es-product-buttons-wrap --><\/div><!-- .es-product-thumb-wrapper --><div class=\"es-product-title-wrap\"><a href=\"https:\/\/delices.lu\/de\/produit\/servierteller-amazonia-44-x-23-cm\/\"><h2 class=\"woocommerce-loop-product__title\">Servierteller Amazonia 44 x 23 cm<\/h2> <\/a>\n\t<span class=\"price\"><span class=\"woocommerce-Price-amount amount\"><bdi><span class=\"woocommerce-Price-currencySymbol\">&euro;<\/span>94.90<\/bdi><\/span><\/span>\n<\/div><!-- .es-product-title-wrap --><\/li>\n<li class=\"product type-product post-14907 status-publish last instock product_cat-art-de-la-table-de product_cat-teller-de product_cat-villeroy-boch-de product_tag-alte product_tag-luxemburg product_tag-oval product_tag-teller-de has-post-thumbnail shipping-taxable purchasable product-type-simple\">\n\t<div class=\"es-product-thumb-wrapper\"><a href=\"https:\/\/delices.lu\/de\/produit\/vieux-luxembourg-ovale-platte-43-cm\/\" class=\"woocommerce-LoopProduct-link woocommerce-loop-product__link\"><img loading=\"lazy\" decoding=\"async\" width=\"300\" height=\"300\" src=\"https:\/\/i0.wp.com\/delices.lu\/wp-content\/uploads\/2023\/06\/1023412910_on_fs-1.jpg?resize=300%2C300&amp;quality=89&amp;ssl=1\" class=\"attachment-woocommerce_thumbnail size-woocommerce_thumbnail\" alt=\"Vieux Luxembourg ovale Platte 43 cm\" srcset=\"https:\/\/i0.wp.com\/delices.lu\/wp-content\/uploads\/2023\/06\/1023412910_on_fs-1.jpg?w=620&amp;quality=89&amp;ssl=1 620w, https:\/\/i0.wp.com\/delices.lu\/wp-content\/uploads\/2023\/06\/1023412910_on_fs-1.jpg?resize=300%2C300&amp;quality=89&amp;ssl=1 300w, https:\/\/i0.wp.com\/delices.lu\/wp-content\/uploads\/2023\/06\/1023412910_on_fs-1.jpg?resize=150%2C150&amp;quality=89&amp;ssl=1 150w, https:\/\/i0.wp.com\/delices.lu\/wp-content\/uploads\/2023\/06\/1023412910_on_fs-1.jpg?resize=600%2C600&amp;quality=89&amp;ssl=1 600w, https:\/\/i0.wp.com\/delices.lu\/wp-content\/uploads\/2023\/06\/1023412910_on_fs-1.jpg?resize=100%2C100&amp;quality=89&amp;ssl=1 100w\" sizes=\"auto, (max-width: 300px) 100vw, 300px\" \/><\/a><div class=\"es-product-buttons-wrap\"><a href=\"\/de\/wp-json\/wp\/v2\/pages\/16520?add-to-cart=14907\" data-quantity=\"1\" class=\"button product_type_simple add_to_cart_button ajax_add_to_cart\" data-product_id=\"14907\" data-product_sku=\"1023412910\" aria-label=\"In den Warenkorb legen: \u201eVieux Luxembourg ovale Platte 43 cm\u201c\" rel=\"nofollow\"><span class=\"es-cart-btn\">Zum Warenkorb hinzuf\u00fcgen<\/span><\/a><a href=\"#\" id=\"sp-wqv-view-button\" class=\"button sp-wqv-view-button after_add_to_cart\" data-id=\"14907\" data-effect=\"mfp-zoom-in\" data-wqv='{\"close_button\": 1, \"ajax_cart\": 1, \"image_title\" : false, \"lightbox\": 0,\"preloader\": 1,\"preloader_label\": \"Loading...\" } '>Quick View<\/a>\t<span id=\"woocommerce_loop_add_to_cart_link_describedby_14907\" class=\"screen-reader-text\">\n\t\t\t<\/span>\n\t\t<a href=\"\/de\/wp-json\/wp\/v2\/pages\/16520?add_to_wishlist=14907\" rel=\"nofollow\" data-product-id=\"14907\" data-product-type=\"simple\" class=\"add_to_wishlist\" >\r\n\t\t\t<span class=\"es-wish-btn\">Zum Wunschzettel hinzuf\u00fcgen<\/span>\t\t<\/a>\r\n\t<a href=\"#\" class=\"button yith-wcqv-button\" data-product_id=\"14907\">Vue Rapide<\/a><a href=\"https:\/\/delices.lu\/de\/produit\/vieux-luxembourg-ovale-platte-43-cm\/\" class=\"woocommerce-LoopProduct-link es-woo-product-link woocommerce-loop-product__link\"><span class=\"es-product-link\"><i class=\"fa fa-link\"><\/i><\/span> Details<\/a><\/div><!-- .es-product-buttons-wrap --><\/div><!-- .es-product-thumb-wrapper --><div class=\"es-product-title-wrap\"><a href=\"https:\/\/delices.lu\/de\/produit\/vieux-luxembourg-ovale-platte-43-cm\/\"><h2 class=\"woocommerce-loop-product__title\">Vieux Luxembourg ovale Platte 43 cm<\/h2> <\/a>\n\t<span class=\"price\"><span class=\"woocommerce-Price-amount amount\"><bdi><span class=\"woocommerce-Price-currencySymbol\">&euro;<\/span>99.90<\/bdi><\/span><\/span>\n<\/div><!-- .es-product-title-wrap --><\/li>\n<li class=\"product type-product post-17190 status-publish first instock product_cat-coupe-de product_cat-dekoration product_cat-teller-de product_cat-villeroy-boch-de product_cat-weihnachten product_cat-winter product_tag-coupe-de product_tag-decoration-de product_tag-dekorativer-schnitt product_tag-stern product_tag-teller-de has-post-thumbnail shipping-taxable purchasable product-type-simple\">\n\t<div class=\"es-product-thumb-wrapper\"><a href=\"https:\/\/delices.lu\/de\/produit\/winter-bakery-delight-schale-tannenform-l\/\" class=\"woocommerce-LoopProduct-link woocommerce-loop-product__link\"><img loading=\"lazy\" decoding=\"async\" width=\"300\" height=\"300\" src=\"https:\/\/i0.wp.com\/delices.lu\/wp-content\/uploads\/2024\/06\/1486123885_on_mil-1-1660638590.jpg?resize=300%2C300&amp;quality=89&amp;ssl=1\" class=\"attachment-woocommerce_thumbnail size-woocommerce_thumbnail\" alt=\"Winter Bakery Delight - Schale, Tannenform, L\" srcset=\"https:\/\/i0.wp.com\/delices.lu\/wp-content\/uploads\/2024\/06\/1486123885_on_mil-1-1660638590.jpg?w=400&amp;quality=89&amp;ssl=1 400w, https:\/\/i0.wp.com\/delices.lu\/wp-content\/uploads\/2024\/06\/1486123885_on_mil-1-1660638590.jpg?resize=300%2C300&amp;quality=89&amp;ssl=1 300w, https:\/\/i0.wp.com\/delices.lu\/wp-content\/uploads\/2024\/06\/1486123885_on_mil-1-1660638590.jpg?resize=150%2C150&amp;quality=89&amp;ssl=1 150w, https:\/\/i0.wp.com\/delices.lu\/wp-content\/uploads\/2024\/06\/1486123885_on_mil-1-1660638590.jpg?resize=100%2C100&amp;quality=89&amp;ssl=1 100w\" sizes=\"auto, (max-width: 300px) 100vw, 300px\" \/><\/a><div class=\"es-product-buttons-wrap\"><a href=\"\/de\/wp-json\/wp\/v2\/pages\/16520?add-to-cart=17190\" data-quantity=\"1\" class=\"button product_type_simple add_to_cart_button ajax_add_to_cart\" data-product_id=\"17190\" data-product_sku=\"1486123885\" aria-label=\"In den Warenkorb legen: \u201eWinter Bakery Delight - Schale, Tannenform, L\u201c\" rel=\"nofollow\"><span class=\"es-cart-btn\">Zum Warenkorb hinzuf\u00fcgen<\/span><\/a><a href=\"#\" id=\"sp-wqv-view-button\" class=\"button sp-wqv-view-button after_add_to_cart\" data-id=\"17190\" data-effect=\"mfp-zoom-in\" data-wqv='{\"close_button\": 1, \"ajax_cart\": 1, \"image_title\" : false, \"lightbox\": 0,\"preloader\": 1,\"preloader_label\": \"Loading...\" } '>Quick View<\/a>\t<span id=\"woocommerce_loop_add_to_cart_link_describedby_17190\" class=\"screen-reader-text\">\n\t\t\t<\/span>\n\t\t<a href=\"\/de\/wp-json\/wp\/v2\/pages\/16520?add_to_wishlist=17190\" rel=\"nofollow\" data-product-id=\"17190\" data-product-type=\"simple\" class=\"add_to_wishlist\" >\r\n\t\t\t<span class=\"es-wish-btn\">Zum Wunschzettel hinzuf\u00fcgen<\/span>\t\t<\/a>\r\n\t<a href=\"#\" class=\"button yith-wcqv-button\" data-product_id=\"17190\">Vue Rapide<\/a><a href=\"https:\/\/delices.lu\/de\/produit\/winter-bakery-delight-schale-tannenform-l\/\" class=\"woocommerce-LoopProduct-link es-woo-product-link woocommerce-loop-product__link\"><span class=\"es-product-link\"><i class=\"fa fa-link\"><\/i><\/span> Details<\/a><\/div><!-- .es-product-buttons-wrap --><\/div><!-- .es-product-thumb-wrapper --><div class=\"es-product-title-wrap\"><a href=\"https:\/\/delices.lu\/de\/produit\/winter-bakery-delight-schale-tannenform-l\/\"><h2 class=\"woocommerce-loop-product__title\">Winter Bakery Delight &#8211; Schale, Tannenform, L<\/h2> <\/a>\n\t<span class=\"price\"><span class=\"woocommerce-Price-amount amount\"><bdi><span class=\"woocommerce-Price-currencySymbol\">&euro;<\/span>109.00<\/bdi><\/span><\/span>\n<\/div><!-- .es-product-title-wrap --><\/li>\n<li class=\"product type-product post-17086 status-publish instock product_cat-art-de-la-table-de product_cat-coupe-de product_cat-teller product_cat-teller-de product_cat-villeroy-boch-de product_cat-weihnachten product_tag-groser-schnitt product_tag-servierplatte product_tag-weihnachtsbaum product_tag-weihnachtsdekorationen product_tag-weis has-post-thumbnail shipping-taxable purchasable product-type-simple\">\n\t<div class=\"es-product-thumb-wrapper\"><a href=\"https:\/\/delices.lu\/de\/produit\/runde-servierschale\/\" class=\"woocommerce-LoopProduct-link woocommerce-loop-product__link\"><img loading=\"lazy\" decoding=\"async\" width=\"300\" height=\"300\" src=\"https:\/\/i0.wp.com\/delices.lu\/wp-content\/uploads\/2024\/06\/1485853884.jpg?resize=300%2C300&amp;quality=89&amp;ssl=1\" class=\"attachment-woocommerce_thumbnail size-woocommerce_thumbnail\" alt=\"Runde Servierschale\" srcset=\"https:\/\/i0.wp.com\/delices.lu\/wp-content\/uploads\/2024\/06\/1485853884.jpg?w=620&amp;quality=89&amp;ssl=1 620w, https:\/\/i0.wp.com\/delices.lu\/wp-content\/uploads\/2024\/06\/1485853884.jpg?resize=300%2C300&amp;quality=89&amp;ssl=1 300w, https:\/\/i0.wp.com\/delices.lu\/wp-content\/uploads\/2024\/06\/1485853884.jpg?resize=150%2C150&amp;quality=89&amp;ssl=1 150w, https:\/\/i0.wp.com\/delices.lu\/wp-content\/uploads\/2024\/06\/1485853884.jpg?resize=600%2C600&amp;quality=89&amp;ssl=1 600w, https:\/\/i0.wp.com\/delices.lu\/wp-content\/uploads\/2024\/06\/1485853884.jpg?resize=100%2C100&amp;quality=89&amp;ssl=1 100w\" sizes=\"auto, (max-width: 300px) 100vw, 300px\" \/><\/a><div class=\"es-product-buttons-wrap\"><a href=\"\/de\/wp-json\/wp\/v2\/pages\/16520?add-to-cart=17086\" data-quantity=\"1\" class=\"button product_type_simple add_to_cart_button ajax_add_to_cart\" data-product_id=\"17086\" data-product_sku=\"1485853884\" aria-label=\"In den Warenkorb legen: \u201eRunde Servierschale\u201c\" rel=\"nofollow\"><span class=\"es-cart-btn\">Zum Warenkorb hinzuf\u00fcgen<\/span><\/a><a href=\"#\" id=\"sp-wqv-view-button\" class=\"button sp-wqv-view-button after_add_to_cart\" data-id=\"17086\" data-effect=\"mfp-zoom-in\" data-wqv='{\"close_button\": 1, \"ajax_cart\": 1, \"image_title\" : false, \"lightbox\": 0,\"preloader\": 1,\"preloader_label\": \"Loading...\" } '>Quick View<\/a>\t<span id=\"woocommerce_loop_add_to_cart_link_describedby_17086\" class=\"screen-reader-text\">\n\t\t\t<\/span>\n\t\t<a href=\"\/de\/wp-json\/wp\/v2\/pages\/16520?add_to_wishlist=17086\" rel=\"nofollow\" data-product-id=\"17086\" data-product-type=\"simple\" class=\"add_to_wishlist\" >\r\n\t\t\t<span class=\"es-wish-btn\">Zum Wunschzettel hinzuf\u00fcgen<\/span>\t\t<\/a>\r\n\t<a href=\"#\" class=\"button yith-wcqv-button\" data-product_id=\"17086\">Vue Rapide<\/a><a href=\"https:\/\/delices.lu\/de\/produit\/runde-servierschale\/\" class=\"woocommerce-LoopProduct-link es-woo-product-link woocommerce-loop-product__link\"><span class=\"es-product-link\"><i class=\"fa fa-link\"><\/i><\/span> Details<\/a><\/div><!-- .es-product-buttons-wrap --><\/div><!-- .es-product-thumb-wrapper --><div class=\"es-product-title-wrap\"><a href=\"https:\/\/delices.lu\/de\/produit\/runde-servierschale\/\"><h2 class=\"woocommerce-loop-product__title\">Runde Servierschale<\/h2> <\/a>\n\t<span class=\"price\"><span class=\"woocommerce-Price-amount amount\"><bdi><span class=\"woocommerce-Price-currencySymbol\">&euro;<\/span>129.00<\/bdi><\/span><\/span>\n<\/div><!-- .es-product-title-wrap --><\/li>\n<li class=\"product type-product post-16211 status-publish instock product_cat-art-de-la-table-de product_cat-teller-de product_cat-teller product_cat-villeroy-boch-de product_cat-weihnachten product_tag-groser-teller product_tag-hohle-platte product_tag-servierplatte product_tag-weihnachtsdekorationen has-post-thumbnail shipping-taxable purchasable product-type-simple\">\n\t<div class=\"es-product-thumb-wrapper\"><a href=\"https:\/\/delices.lu\/de\/produit\/servierplatte-weihnachtsmann-spielzeug\/\" class=\"woocommerce-LoopProduct-link woocommerce-loop-product__link\"><img loading=\"lazy\" decoding=\"async\" width=\"300\" height=\"300\" src=\"https:\/\/i0.wp.com\/delices.lu\/wp-content\/uploads\/2024\/06\/1485852905_on_mil-1.jpg?resize=300%2C300&amp;quality=89&amp;ssl=1\" class=\"attachment-woocommerce_thumbnail size-woocommerce_thumbnail\" alt=\"Servierplatte, Weihnachtsmann, Spielzeug\" srcset=\"https:\/\/i0.wp.com\/delices.lu\/wp-content\/uploads\/2024\/06\/1485852905_on_mil-1.jpg?w=620&amp;quality=89&amp;ssl=1 620w, https:\/\/i0.wp.com\/delices.lu\/wp-content\/uploads\/2024\/06\/1485852905_on_mil-1.jpg?resize=300%2C300&amp;quality=89&amp;ssl=1 300w, https:\/\/i0.wp.com\/delices.lu\/wp-content\/uploads\/2024\/06\/1485852905_on_mil-1.jpg?resize=150%2C150&amp;quality=89&amp;ssl=1 150w, https:\/\/i0.wp.com\/delices.lu\/wp-content\/uploads\/2024\/06\/1485852905_on_mil-1.jpg?resize=600%2C600&amp;quality=89&amp;ssl=1 600w, https:\/\/i0.wp.com\/delices.lu\/wp-content\/uploads\/2024\/06\/1485852905_on_mil-1.jpg?resize=100%2C100&amp;quality=89&amp;ssl=1 100w\" sizes=\"auto, (max-width: 300px) 100vw, 300px\" \/><\/a><div class=\"es-product-buttons-wrap\"><a href=\"\/de\/wp-json\/wp\/v2\/pages\/16520?add-to-cart=16211\" data-quantity=\"1\" class=\"button product_type_simple add_to_cart_button ajax_add_to_cart\" data-product_id=\"16211\" data-product_sku=\"1485852905\" aria-label=\"In den Warenkorb legen: \u201eServierplatte, Weihnachtsmann, Spielzeug\u201c\" rel=\"nofollow\"><span class=\"es-cart-btn\">Zum Warenkorb hinzuf\u00fcgen<\/span><\/a><a href=\"#\" id=\"sp-wqv-view-button\" class=\"button sp-wqv-view-button after_add_to_cart\" data-id=\"16211\" data-effect=\"mfp-zoom-in\" data-wqv='{\"close_button\": 1, \"ajax_cart\": 1, \"image_title\" : false, \"lightbox\": 0,\"preloader\": 1,\"preloader_label\": \"Loading...\" } '>Quick View<\/a>\t<span id=\"woocommerce_loop_add_to_cart_link_describedby_16211\" class=\"screen-reader-text\">\n\t\t\t<\/span>\n\t\t<a href=\"\/de\/wp-json\/wp\/v2\/pages\/16520?add_to_wishlist=16211\" rel=\"nofollow\" data-product-id=\"16211\" data-product-type=\"simple\" class=\"add_to_wishlist\" >\r\n\t\t\t<span class=\"es-wish-btn\">Zum Wunschzettel hinzuf\u00fcgen<\/span>\t\t<\/a>\r\n\t<a href=\"#\" class=\"button yith-wcqv-button\" data-product_id=\"16211\">Vue Rapide<\/a><a href=\"https:\/\/delices.lu\/de\/produit\/servierplatte-weihnachtsmann-spielzeug\/\" class=\"woocommerce-LoopProduct-link es-woo-product-link woocommerce-loop-product__link\"><span class=\"es-product-link\"><i class=\"fa fa-link\"><\/i><\/span> Details<\/a><\/div><!-- .es-product-buttons-wrap --><\/div><!-- .es-product-thumb-wrapper --><div class=\"es-product-title-wrap\"><a href=\"https:\/\/delices.lu\/de\/produit\/servierplatte-weihnachtsmann-spielzeug\/\"><h2 class=\"woocommerce-loop-product__title\">Servierplatte, Weihnachtsmann, Spielzeug<\/h2> <\/a>\n\t<span class=\"price\"><span class=\"woocommerce-Price-amount amount\"><bdi><span class=\"woocommerce-Price-currencySymbol\">&euro;<\/span>134.00<\/bdi><\/span><\/span>\n<\/div><!-- .es-product-title-wrap --><\/li>\n<li class=\"product type-product post-14726 status-publish last instock product_cat-art-de-la-table-de product_cat-dekoration product_cat-samarkand-de product_cat-teller product_cat-teller-de product_cat-villeroy-boch-de product_tag-groser-schnitt product_tag-himmelblau product_tag-pferd product_tag-rechteckig product_tag-samarkand-de has-post-thumbnail shipping-taxable purchasable product-type-simple\">\n\t<div class=\"es-product-thumb-wrapper\"><a href=\"https:\/\/delices.lu\/de\/produit\/samarkand-aquamarin-kelch-gross\/\" class=\"woocommerce-LoopProduct-link woocommerce-loop-product__link\"><img loading=\"lazy\" decoding=\"async\" width=\"300\" height=\"300\" src=\"https:\/\/i0.wp.com\/delices.lu\/wp-content\/uploads\/2023\/07\/1016381761.jpg?resize=300%2C300&amp;quality=89&amp;ssl=1\" class=\"attachment-woocommerce_thumbnail size-woocommerce_thumbnail\" alt=\"Samarkand Aquamarin, Kelch, gro\u00df\" srcset=\"https:\/\/i0.wp.com\/delices.lu\/wp-content\/uploads\/2023\/07\/1016381761.jpg?w=350&amp;quality=89&amp;ssl=1 350w, https:\/\/i0.wp.com\/delices.lu\/wp-content\/uploads\/2023\/07\/1016381761.jpg?resize=300%2C300&amp;quality=89&amp;ssl=1 300w, https:\/\/i0.wp.com\/delices.lu\/wp-content\/uploads\/2023\/07\/1016381761.jpg?resize=150%2C150&amp;quality=89&amp;ssl=1 150w, https:\/\/i0.wp.com\/delices.lu\/wp-content\/uploads\/2023\/07\/1016381761.jpg?resize=100%2C100&amp;quality=89&amp;ssl=1 100w\" sizes=\"auto, (max-width: 300px) 100vw, 300px\" \/><\/a><div class=\"es-product-buttons-wrap\"><a href=\"\/de\/wp-json\/wp\/v2\/pages\/16520?add-to-cart=14726\" data-quantity=\"1\" class=\"button product_type_simple add_to_cart_button ajax_add_to_cart\" data-product_id=\"14726\" data-product_sku=\"1016381761\" aria-label=\"In den Warenkorb legen: \u201eSamarkand Aquamarin, Kelch, gro\u00df\u201c\" rel=\"nofollow\"><span class=\"es-cart-btn\">Zum Warenkorb hinzuf\u00fcgen<\/span><\/a><a href=\"#\" id=\"sp-wqv-view-button\" class=\"button sp-wqv-view-button after_add_to_cart\" data-id=\"14726\" data-effect=\"mfp-zoom-in\" data-wqv='{\"close_button\": 1, \"ajax_cart\": 1, \"image_title\" : false, \"lightbox\": 0,\"preloader\": 1,\"preloader_label\": \"Loading...\" } '>Quick View<\/a>\t<span id=\"woocommerce_loop_add_to_cart_link_describedby_14726\" class=\"screen-reader-text\">\n\t\t\t<\/span>\n\t\t<a href=\"\/de\/wp-json\/wp\/v2\/pages\/16520?add_to_wishlist=14726\" rel=\"nofollow\" data-product-id=\"14726\" data-product-type=\"simple\" class=\"add_to_wishlist\" >\r\n\t\t\t<span class=\"es-wish-btn\">Zum Wunschzettel hinzuf\u00fcgen<\/span>\t\t<\/a>\r\n\t<a href=\"#\" class=\"button yith-wcqv-button\" data-product_id=\"14726\">Vue Rapide<\/a><a href=\"https:\/\/delices.lu\/de\/produit\/samarkand-aquamarin-kelch-gross\/\" class=\"woocommerce-LoopProduct-link es-woo-product-link woocommerce-loop-product__link\"><span class=\"es-product-link\"><i class=\"fa fa-link\"><\/i><\/span> Details<\/a><\/div><!-- .es-product-buttons-wrap --><\/div><!-- .es-product-thumb-wrapper --><div class=\"es-product-title-wrap\"><a href=\"https:\/\/delices.lu\/de\/produit\/samarkand-aquamarin-kelch-gross\/\"><h2 class=\"woocommerce-loop-product__title\">Samarkand Aquamarin, Kelch, gro\u00df<\/h2> <\/a>\n\t<span class=\"price\"><span class=\"woocommerce-Price-amount amount\"><bdi><span class=\"woocommerce-Price-currencySymbol\">&euro;<\/span>149.00<\/bdi><\/span><\/span>\n<\/div><!-- .es-product-title-wrap --><\/li>\n<li class=\"product type-product post-14765 status-publish first instock product_cat-dekoration product_cat-samarkand-de product_cat-schussel product_cat-teller-de product_cat-villeroy-boch-de product_tag-coupe-de product_tag-decoration-de product_tag-elefant product_tag-rechteckig product_tag-rot product_tag-samarkand-de has-post-thumbnail shipping-taxable purchasable product-type-simple\">\n\t<div class=\"es-product-thumb-wrapper\"><a href=\"https:\/\/delices.lu\/de\/produit\/samarkand-rubin-gifts-dekoschale-gross-28-x-21-cm\/\" class=\"woocommerce-LoopProduct-link woocommerce-loop-product__link\"><img loading=\"lazy\" decoding=\"async\" width=\"300\" height=\"300\" src=\"https:\/\/i0.wp.com\/delices.lu\/wp-content\/uploads\/2023\/07\/1016391761.jpg?resize=300%2C300&amp;quality=89&amp;ssl=1\" class=\"attachment-woocommerce_thumbnail size-woocommerce_thumbnail\" alt=\"Samarkand Rubin Gifts Dekoschale gro\u00df 28 x 21 cm\" srcset=\"https:\/\/i0.wp.com\/delices.lu\/wp-content\/uploads\/2023\/07\/1016391761.jpg?w=620&amp;quality=89&amp;ssl=1 620w, https:\/\/i0.wp.com\/delices.lu\/wp-content\/uploads\/2023\/07\/1016391761.jpg?resize=300%2C300&amp;quality=89&amp;ssl=1 300w, https:\/\/i0.wp.com\/delices.lu\/wp-content\/uploads\/2023\/07\/1016391761.jpg?resize=150%2C150&amp;quality=89&amp;ssl=1 150w, https:\/\/i0.wp.com\/delices.lu\/wp-content\/uploads\/2023\/07\/1016391761.jpg?resize=600%2C600&amp;quality=89&amp;ssl=1 600w, https:\/\/i0.wp.com\/delices.lu\/wp-content\/uploads\/2023\/07\/1016391761.jpg?resize=100%2C100&amp;quality=89&amp;ssl=1 100w\" sizes=\"auto, (max-width: 300px) 100vw, 300px\" \/><\/a><div class=\"es-product-buttons-wrap\"><a href=\"\/de\/wp-json\/wp\/v2\/pages\/16520?add-to-cart=14765\" data-quantity=\"1\" class=\"button product_type_simple add_to_cart_button ajax_add_to_cart\" data-product_id=\"14765\" data-product_sku=\"1016391761\" aria-label=\"In den Warenkorb legen: \u201eSamarkand Rubin Gifts Dekoschale gro\u00df 28 x 21 cm\u201c\" rel=\"nofollow\"><span class=\"es-cart-btn\">Zum Warenkorb hinzuf\u00fcgen<\/span><\/a><a href=\"#\" id=\"sp-wqv-view-button\" class=\"button sp-wqv-view-button after_add_to_cart\" data-id=\"14765\" data-effect=\"mfp-zoom-in\" data-wqv='{\"close_button\": 1, \"ajax_cart\": 1, \"image_title\" : false, \"lightbox\": 0,\"preloader\": 1,\"preloader_label\": \"Loading...\" } '>Quick View<\/a>\t<span id=\"woocommerce_loop_add_to_cart_link_describedby_14765\" class=\"screen-reader-text\">\n\t\t\t<\/span>\n\t\t<a href=\"\/de\/wp-json\/wp\/v2\/pages\/16520?add_to_wishlist=14765\" rel=\"nofollow\" data-product-id=\"14765\" data-product-type=\"simple\" class=\"add_to_wishlist\" >\r\n\t\t\t<span class=\"es-wish-btn\">Zum Wunschzettel hinzuf\u00fcgen<\/span>\t\t<\/a>\r\n\t<a href=\"#\" class=\"button yith-wcqv-button\" data-product_id=\"14765\">Vue Rapide<\/a><a href=\"https:\/\/delices.lu\/de\/produit\/samarkand-rubin-gifts-dekoschale-gross-28-x-21-cm\/\" class=\"woocommerce-LoopProduct-link es-woo-product-link woocommerce-loop-product__link\"><span class=\"es-product-link\"><i class=\"fa fa-link\"><\/i><\/span> Details<\/a><\/div><!-- .es-product-buttons-wrap --><\/div><!-- .es-product-thumb-wrapper --><div class=\"es-product-title-wrap\"><a href=\"https:\/\/delices.lu\/de\/produit\/samarkand-rubin-gifts-dekoschale-gross-28-x-21-cm\/\"><h2 class=\"woocommerce-loop-product__title\">Samarkand Rubin Gifts Dekoschale gro\u00df 28 x 21 cm<\/h2> <\/a>\n\t<span class=\"price\"><span class=\"woocommerce-Price-amount amount\"><bdi><span class=\"woocommerce-Price-currencySymbol\">&euro;<\/span>149.00<\/bdi><\/span><\/span>\n<\/div><!-- .es-product-title-wrap --><\/li>\n<li class=\"product type-product post-14768 status-publish instock product_cat-dekoration product_cat-samarkand-de product_cat-schussel product_cat-teller-de product_cat-villeroy-boch-de product_tag-coupe-de product_tag-decoration-de product_tag-kamel product_tag-orange-de product_tag-rechteckig product_tag-samarkand-de has-post-thumbnail shipping-taxable purchasable product-type-simple\">\n\t<div class=\"es-product-thumb-wrapper\"><a href=\"https:\/\/delices.lu\/de\/produit\/samarkand-mandarin-gifts-dekoschale-gross-28x21cm\/\" class=\"woocommerce-LoopProduct-link woocommerce-loop-product__link\"><img loading=\"lazy\" decoding=\"async\" width=\"300\" height=\"300\" src=\"https:\/\/i0.wp.com\/delices.lu\/wp-content\/uploads\/2023\/07\/1016481761.jpg?resize=300%2C300&amp;quality=89&amp;ssl=1\" class=\"attachment-woocommerce_thumbnail size-woocommerce_thumbnail\" alt=\"Samarkand Mandarin Gifts Dekoschale gro\u00df 28x21cm\" srcset=\"https:\/\/i0.wp.com\/delices.lu\/wp-content\/uploads\/2023\/07\/1016481761.jpg?w=620&amp;quality=89&amp;ssl=1 620w, https:\/\/i0.wp.com\/delices.lu\/wp-content\/uploads\/2023\/07\/1016481761.jpg?resize=300%2C300&amp;quality=89&amp;ssl=1 300w, https:\/\/i0.wp.com\/delices.lu\/wp-content\/uploads\/2023\/07\/1016481761.jpg?resize=150%2C150&amp;quality=89&amp;ssl=1 150w, https:\/\/i0.wp.com\/delices.lu\/wp-content\/uploads\/2023\/07\/1016481761.jpg?resize=600%2C600&amp;quality=89&amp;ssl=1 600w, https:\/\/i0.wp.com\/delices.lu\/wp-content\/uploads\/2023\/07\/1016481761.jpg?resize=100%2C100&amp;quality=89&amp;ssl=1 100w\" sizes=\"auto, (max-width: 300px) 100vw, 300px\" \/><\/a><div class=\"es-product-buttons-wrap\"><a href=\"\/de\/wp-json\/wp\/v2\/pages\/16520?add-to-cart=14768\" data-quantity=\"1\" class=\"button product_type_simple add_to_cart_button ajax_add_to_cart\" data-product_id=\"14768\" data-product_sku=\"1016481761\" aria-label=\"In den Warenkorb legen: \u201eSamarkand Mandarin Gifts Dekoschale gro\u00df 28x21cm\u201c\" rel=\"nofollow\"><span class=\"es-cart-btn\">Zum Warenkorb hinzuf\u00fcgen<\/span><\/a><a href=\"#\" id=\"sp-wqv-view-button\" class=\"button sp-wqv-view-button after_add_to_cart\" data-id=\"14768\" data-effect=\"mfp-zoom-in\" data-wqv='{\"close_button\": 1, \"ajax_cart\": 1, \"image_title\" : false, \"lightbox\": 0,\"preloader\": 1,\"preloader_label\": \"Loading...\" } '>Quick View<\/a>\t<span id=\"woocommerce_loop_add_to_cart_link_describedby_14768\" class=\"screen-reader-text\">\n\t\t\t<\/span>\n\t\t<a href=\"\/de\/wp-json\/wp\/v2\/pages\/16520?add_to_wishlist=14768\" rel=\"nofollow\" data-product-id=\"14768\" data-product-type=\"simple\" class=\"add_to_wishlist\" >\r\n\t\t\t<span class=\"es-wish-btn\">Zum Wunschzettel hinzuf\u00fcgen<\/span>\t\t<\/a>\r\n\t<a href=\"#\" class=\"button yith-wcqv-button\" data-product_id=\"14768\">Vue Rapide<\/a><a href=\"https:\/\/delices.lu\/de\/produit\/samarkand-mandarin-gifts-dekoschale-gross-28x21cm\/\" class=\"woocommerce-LoopProduct-link es-woo-product-link woocommerce-loop-product__link\"><span class=\"es-product-link\"><i class=\"fa fa-link\"><\/i><\/span> Details<\/a><\/div><!-- .es-product-buttons-wrap --><\/div><!-- .es-product-thumb-wrapper --><div class=\"es-product-title-wrap\"><a href=\"https:\/\/delices.lu\/de\/produit\/samarkand-mandarin-gifts-dekoschale-gross-28x21cm\/\"><h2 class=\"woocommerce-loop-product__title\">Samarkand Mandarin Gifts Dekoschale gro\u00df 28x21cm<\/h2> <\/a>\n\t<span class=\"price\"><span class=\"woocommerce-Price-amount amount\"><bdi><span class=\"woocommerce-Price-currencySymbol\">&euro;<\/span>149.00<\/bdi><\/span><\/span>\n<\/div><!-- .es-product-title-wrap --><\/li>\n<\/ul>\n<\/div>\n","protected":false},"excerpt":{"rendered":"","protected":false},"author":2,"featured_media":0,"parent":16492,"menu_order":0,"comment_status":"closed","ping_status":"closed","template":"","meta":{"footnotes":""},"class_list":["post-16520","page","type-page","status-publish","hentry"],"_links":{"self":[{"href":"https:\/\/delices.lu\/de\/wp-json\/wp\/v2\/pages\/16520","targetHints":{"allow":["GET"]}}],"collection":[{"href":"https:\/\/delices.lu\/de\/wp-json\/wp\/v2\/pages"}],"about":[{"href":"https:\/\/delices.lu\/de\/wp-json\/wp\/v2\/types\/page"}],"author":[{"embeddable":true,"href":"https:\/\/delices.lu\/de\/wp-json\/wp\/v2\/users\/2"}],"replies":[{"embeddable":true,"href":"https:\/\/delices.lu\/de\/wp-json\/wp\/v2\/comments?post=16520"}],"version-history":[{"count":0,"href":"https:\/\/delices.lu\/de\/wp-json\/wp\/v2\/pages\/16520\/revisions"}],"up":[{"embeddable":true,"href":"https:\/\/delices.lu\/de\/wp-json\/wp\/v2\/pages\/16492"}],"wp:attachment":[{"href":"https:\/\/delices.lu\/de\/wp-json\/wp\/v2\/media?parent=16520"}],"curies":[{"name":"wp","href":"https:\/\/api.w.org\/{rel}","templated":true}]}}