{"id":15316,"date":"2024-09-17T00:00:29","date_gmt":"2025-03-20T10:49:51","guid":{"rendered":"https:\/\/delices.lu\/produit\/perlemor-sand-grosse-salatschuessel-beige\/"},"modified":"2025-03-20T11:49:51","modified_gmt":"2025-03-20T10:49:51","slug":"perlemor-sand-grosse-salatschuessel-beige","status":"publish","type":"product","link":"https:\/\/delices.lu\/de\/produit\/perlemor-sand-grosse-salatschuessel-beige\/","title":{"rendered":"Perlemor Sand &#8211; Gro\u00dfe Salatsch\u00fcssel, beige"},"content":{"rendered":"<p><strong>Eine gro\u00dfe, vielseitige Salatsch\u00fcssel im T\u00f6pferei-Look<\/strong><br \/>\nUm Ihre frischen Salate oder Beilagen elegant zu pr\u00e4sentieren, w\u00e4hlen Sie die gro\u00dfe Salatsch\u00fcssel von Perlemor! Mit ihrem einzigartigen handwerklichen Design, den nat\u00fcrlichen Farben und der Glasur mit flie\u00dfenden Effekten bringt sie Ihre kulinarischen Zubereitungen zur Geltung. Auf dem Tisch sorgt diese tiefe Sch\u00fcssel zusammen mit den anderen trendigen Geschirrteilen der Kollektion f\u00fcr eine gesellige und entspannte Atmosph\u00e4re. Diese gro\u00dfe Salatsch\u00fcssel kann auch als Obst- oder Gem\u00fcsekorb verwendet werden. F\u00fcr Naschkatzen bietet sie Platz f\u00fcr kleine Snacks und S\u00fc\u00dfigkeiten. Sie wird schnell zu einem unverzichtbaren Bestandteil des Alltags werden! Und wenn Sie nicht mehr ohne sie leben k\u00f6nnen, verwandeln Sie die Schale in ein Dekorationsobjekt. So k\u00f6nnen Sie sich jeden Tag an seinem get\u00f6pferten Look und seinem Perlmuttglanz erfreuen. Jedes St\u00fcck ist ein Muss f\u00fcr Ihr Zuhause.        <\/p>\n<p>&nbsp;<\/p>\n","protected":false},"excerpt":{"rendered":"<p><strong>Perlemor Sand<br \/>\nGro\u00dfe Salatsch\u00fcssel, beige<br \/>\n<\/strong>MATERIAL: Premium Porcelain.<br \/>\nGR\u00d6\u00dfE: ca. 224 mm und 3010 ml<br \/>\nFARBE: beige<br \/>\nGARANTIERT SP\u00dcLMASCHINENGARANTIE: Ja<br \/>\nMIKROWELLENKOMPATIBEL: Ja<br \/>\nREF. ARTIKEL: 1951723170 <\/p>\n","protected":false},"featured_media":15318,"template":"","meta":[],"location":[959],"product_brand":[],"product_cat":[1354,2287,1309],"product_tag":[2343,2420,2307],"class_list":{"0":"post-15316","1":"product","2":"type-product","3":"status-publish","4":"has-post-thumbnail","6":"location-0-shop","7":"product_cat-art-de-la-table-de","8":"product_cat-teller-de","9":"product_cat-villeroy-boch-de","10":"product_tag-beige-de","11":"product_tag-perlemor-sand-de","12":"product_tag-salatschussel","14":"first","15":"instock","16":"shipping-taxable","17":"purchasable","18":"product-type-simple"},"supplier_id":9071,"supplier_sku":"1951723170","barcode":"4003686419056","atum_controlled":true,"out_stock_date":"2024-09-18 17:19:08","out_stock_threshold":null,"inheritable":false,"inbound_stock":0,"stock_on_hold":0,"sold_today":0,"sales_last_days":0,"reserved_stock":0,"customer_returns":0,"warehouse_damage":null,"lost_in_post":0,"other_logs":0,"out_stock_days":303,"lost_sales":0,"has_location":false,"update_date":"2025-07-19T06:26:37","atum_locations":[{"id":960,"name":"0 SHOP","slug":"0-shop"}],"atum_stock_status":"onbackorder","restock_status":false,"low_stock_amount":"","sales_update_date":"2025-07-19T06:26:37","calc_backorders":0,"locations":[],"_links":{"self":[{"href":"https:\/\/delices.lu\/de\/wp-json\/wp\/v2\/product\/15316","targetHints":{"allow":["GET"]}}],"collection":[{"href":"https:\/\/delices.lu\/de\/wp-json\/wp\/v2\/product"}],"about":[{"href":"https:\/\/delices.lu\/de\/wp-json\/wp\/v2\/types\/product"}],"wp:featuredmedia":[{"embeddable":true,"href":"https:\/\/delices.lu\/de\/wp-json\/wp\/v2\/media\/15318"}],"wp:attachment":[{"href":"https:\/\/delices.lu\/de\/wp-json\/wp\/v2\/media?parent=15316"}],"wp:term":[{"taxonomy":"location","embeddable":true,"href":"https:\/\/delices.lu\/de\/wp-json\/wp\/v2\/location?post=15316"},{"taxonomy":"product_brand","embeddable":true,"href":"https:\/\/delices.lu\/de\/wp-json\/wp\/v2\/product_brand?post=15316"},{"taxonomy":"product_cat","embeddable":true,"href":"https:\/\/delices.lu\/de\/wp-json\/wp\/v2\/product_cat?post=15316"},{"taxonomy":"product_tag","embeddable":true,"href":"https:\/\/delices.lu\/de\/wp-json\/wp\/v2\/product_tag?post=15316"}],"curies":[{"name":"wp","href":"https:\/\/api.w.org\/{rel}","templated":true}]}}